{"id":2069,"date":"2025-07-05T12:53:03","date_gmt":"2025-07-05T10:53:03","guid":{"rendered":"https:\/\/rennovabarcelona.com\/servicio\/arquitectura-i-interiorisme\/"},"modified":"2025-07-30T13:16:11","modified_gmt":"2025-07-30T11:16:11","slug":"arquitectura-i-interiorisme","status":"publish","type":"servicio","link":"https:\/\/rennovabarcelona.com\/ca\/servicio\/arquitectura-i-interiorisme\/","title":{"rendered":"Arquitectura i interiorisme"},"content":{"rendered":"<p>[et_pb_section fb_built=&#8221;1&#8243; _builder_version=&#8221;4.25.2&#8243; _module_preset=&#8221;default&#8221; background_color=&#8221;rgba(0,0,0,0.3)&#8221; background_image=&#8221;https:\/\/rennovabarcelona.com\/wp-content\/uploads\/2025\/07\/rennova-arquitectura-interiorismo.webp&#8221; background_blend=&#8221;multiply&#8221; custom_margin=&#8221;||4em||false|false&#8221; custom_padding=&#8221;6em||6em||true|false&#8221; global_colors_info=&#8221;{}&#8221;][et_pb_row _builder_version=&#8221;4.25.2&#8243; _module_preset=&#8221;default&#8221; width=&#8221;90%&#8221; global_colors_info=&#8221;{}&#8221;][et_pb_column type=&#8221;4_4&#8243; _builder_version=&#8221;4.25.2&#8243; _module_preset=&#8221;default&#8221; global_colors_info=&#8221;{}&#8221;][et_pb_text _builder_version=&#8221;4.25.2&#8243; _module_preset=&#8221;default&#8221; text_font=&#8221;|700||on|||||&#8221; text_text_color=&#8221;#FFFFFF&#8221; text_font_size=&#8221;20px&#8221; global_colors_info=&#8221;{}&#8221;]<\/p>\n<p>AMB LA GARANTIA D\u2019UNA EMPRESA L\u00cdDER<\/p>\n<p>[\/et_pb_text][et_pb_text _builder_version=&#8221;4.25.2&#8243; _module_preset=&#8221;default&#8221; text_text_color=&#8221;#FFFFFF&#8221; header_text_color=&#8221;#FFFFFF&#8221; header_font_size=&#8221;42px&#8221; header_line_height=&#8221;1.2em&#8221; header_2_text_color=&#8221;#FFFFFF&#8221; header_2_font_size=&#8221;42px&#8221; max_width=&#8221;800px&#8221; custom_margin=&#8221;||1em||false|false&#8221; header_font_size_tablet=&#8221;42px&#8221; header_font_size_phone=&#8221;30px&#8221; header_font_size_last_edited=&#8221;on|phone&#8221; global_colors_info=&#8221;{}&#8221;]<\/p>\n<h1><strong>Arquitectura i Interiorisme<\/strong><\/h1>\n<p>[\/et_pb_text][et_pb_button button_url=&#8221;@ET-DC@eyJkeW5hbWljIjp0cnVlLCJjb250ZW50IjoicG9zdF9saW5rX3VybF9wYWdlIiwic2V0dGluZ3MiOnsicG9zdF9pZCI6IjU0In19@&#8221; button_text=&#8221;Sol\u00b7licita pressupost&#8221; module_id=&#8221;btn-presupuesto&#8221; _builder_version=&#8221;4.25.2&#8243; _dynamic_attributes=&#8221;button_url&#8221; _module_preset=&#8221;default&#8221; custom_css_main_element=&#8221;width:fit-content;||text-align:center;&#8221; locked=&#8221;off&#8221; global_colors_info=&#8221;{}&#8221; custom_css_main_element_last_edited=&#8221;off|desktop&#8221; custom_css_main_element_tablet=&#8221;width:fit-content;||text-align:center;&#8221; custom_css_main_element_phone=&#8221;width:fit-content;||text-align:center;&#8221;][\/et_pb_button][\/et_pb_column][\/et_pb_row][\/et_pb_section][et_pb_section fb_built=&#8221;1&#8243; _builder_version=&#8221;4.25.2&#8243; _module_preset=&#8221;default&#8221; background_enable_color=&#8221;off&#8221; use_background_color_gradient=&#8221;on&#8221; background_color_gradient_direction=&#8221;90deg&#8221; background_color_gradient_stops=&#8221;#ffffff 70%|#6f8821 70%&#8221; custom_margin=&#8221;0px||3em||false|false&#8221; custom_padding=&#8221;0px||0px||true|false&#8221; background_last_edited=&#8221;on|tablet&#8221; use_background_color_gradient_tablet=&#8221;off&#8221; locked=&#8221;off&#8221; global_colors_info=&#8221;{}&#8221;][et_pb_row column_structure=&#8221;3_5,2_5&#8243; make_equal=&#8221;on&#8221; _builder_version=&#8221;4.25.2&#8243; _module_preset=&#8221;default&#8221; width=&#8221;90%&#8221; custom_padding=&#8221;0px||0px||true|false&#8221; global_colors_info=&#8221;{}&#8221;][et_pb_column type=&#8221;3_5&#8243; _builder_version=&#8221;4.25.2&#8243; _module_preset=&#8221;default&#8221; background_color=&#8221;#FFFFFF&#8221; global_colors_info=&#8221;{}&#8221;][et_pb_text _builder_version=&#8221;4.25.2&#8243; _module_preset=&#8221;default&#8221; text_font=&#8221;|300|||||||&#8221; text_font_size=&#8221;18px&#8221; custom_margin=&#8221;||1em||false|false&#8221; global_colors_info=&#8221;{}&#8221;]<\/p>\n<p>PROJECTES QUE ET SORPRENDRAN<\/p>\n<p>[\/et_pb_text][et_pb_text _builder_version=&#8221;4.25.2&#8243; _module_preset=&#8221;default&#8221; header_font_size=&#8221;42px&#8221; header_line_height=&#8221;1.2em&#8221; header_2_font_size=&#8221;42px&#8221; custom_margin=&#8221;||1em||false|false&#8221; header_2_font_size_tablet=&#8221;42px&#8221; header_2_font_size_phone=&#8221;30px&#8221; header_2_font_size_last_edited=&#8221;on|phone&#8221; global_colors_info=&#8221;{}&#8221;]<\/p>\n<h2>Arquitectura i interiorisme a Barcelona amb visi\u00f3 global<\/h2>\n<p>[\/et_pb_text][et_pb_text _builder_version=&#8221;4.25.2&#8243; _module_preset=&#8221;default&#8221; global_colors_info=&#8221;{}&#8221;]<\/p>\n<p>La nostra empresa ofereix un servei integral d\u2019<strong>arquitectura i interiorisme a Barcelona<\/strong>, combinant funcionalitat, est\u00e8tica i efici\u00e8ncia en cada projecte. Creiem que un bon disseny ha de respondre tant a les necessitats de l\u2019espai com a l\u2019estil de vida de qui l\u2019habita. Per aix\u00f2, treballem des d\u2019una perspectiva global, integrant el disseny arquitect\u00f2nic amb l\u2019interiorisme des de les primeres fases del projecte.<\/p>\n<p>Ens especialitzem en habitatges particulars, locals comercials, oficines i espais p\u00fablics. Des d\u2019una reforma puntual fins a un projecte complet d\u2019obra nova, abordem cada enc\u00e0rrec amb una mirada creativa i t\u00e8cnica. Estudiem l\u2019espai, analitzem les seves possibilitats i proposem solucions que optimitzen la distribuci\u00f3, milloren la il\u00b7luminaci\u00f3 natural i aprofiten al m\u00e0xim cada metre quadrat.<\/p>\n<p>Un dels nostres punts forts \u00e9s la capacitat de gestionar tot el proc\u00e9s, des dels primers esbossos fins a la direcci\u00f3 d\u2019obra i el control d\u2019acabats. Aix\u00f2 ens permet mantenir una coher\u00e8ncia est\u00e8tica i t\u00e8cnica durant tota l\u2019execuci\u00f3, evitant errors de coordinaci\u00f3 i garantint un resultat d\u2019alta qualitat. A m\u00e9s, ens ocupem de la <strong>tramitaci\u00f3 de llic\u00e8ncies<\/strong> i permisos, perqu\u00e8 el client no hagi de preocupar-se per la part administrativa.<\/p>\n<p>[\/et_pb_text][\/et_pb_column][et_pb_column type=&#8221;2_5&#8243; _builder_version=&#8221;4.25.2&#8243; _module_preset=&#8221;default&#8221; global_colors_info=&#8221;{}&#8221;][et_pb_image src=&#8221;https:\/\/rennovabarcelona.com\/wp-content\/uploads\/2025\/07\/rennova-proyectos-de-arquitectura-en-barcelona.webp&#8221; alt=&#8221;Rennova realitza projectes d\u2019arquitectura a Barcelona&#8221; title_text=&#8221;rennova-projectes-darquitectura-a-barcelona&#8221; _builder_version=&#8221;4.25.2&#8243; _module_preset=&#8221;default&#8221; global_colors_info=&#8221;{}&#8221;][\/et_pb_image][\/et_pb_column][\/et_pb_row][\/et_pb_section][et_pb_section fb_built=&#8221;1&#8243; _builder_version=&#8221;4.25.2&#8243; _module_preset=&#8221;default&#8221; background_color=&#8221;#f8f8f8&#8243; custom_padding=&#8221;4em||4em||true|false&#8221; saved_tabs=&#8221;all&#8221; locked=&#8221;off&#8221; global_colors_info=&#8221;{}&#8221;][et_pb_row column_structure=&#8221;2_3,1_3&#8243; _builder_version=&#8221;4.25.2&#8243; _module_preset=&#8221;default&#8221; width=&#8221;90%&#8221; custom_padding=&#8221;0px||0px||true|false&#8221; custom_css_main_element=&#8221;display:flex;||align-items:center;&#8221; global_colors_info=&#8221;{}&#8221; custom_css_main_element_last_edited=&#8221;on|tablet&#8221; custom_css_main_element_tablet=&#8221;display:flex;||align-items:center;||flex-flow:column;&#8221; custom_css_main_element_phone=&#8221;display:flex;||align-items:center;||flex-flow:column;&#8221;][et_pb_column type=&#8221;2_3&#8243; _builder_version=&#8221;4.25.2&#8243; _module_preset=&#8221;default&#8221; global_colors_info=&#8221;{}&#8221;][et_pb_text _builder_version=&#8221;4.25.2&#8243; _module_preset=&#8221;default&#8221; text_font=&#8221;|300|||||||&#8221; text_font_size=&#8221;18px&#8221; custom_margin=&#8221;||1em||false|false&#8221; locked=&#8221;off&#8221; global_colors_info=&#8221;{}&#8221;]<\/p>\n<p>VOL SABER QUIN \u00c9S EL COST DE LA TEVA REFORMA?<\/p>\n<p>[\/et_pb_text][et_pb_text _builder_version=&#8221;4.25.2&#8243; _module_preset=&#8221;default&#8221; header_font_size=&#8221;42px&#8221; header_line_height=&#8221;1.2em&#8221; header_3_text_color=&#8221;#000000&#8243; header_3_font_size=&#8221;34px&#8221; header_3_line_height=&#8221;1.2em&#8221; custom_margin=&#8221;||1em||false|false&#8221; header_3_font_size_tablet=&#8221;&#8221; header_3_font_size_phone=&#8221;30px&#8221; header_3_font_size_last_edited=&#8221;on|phone&#8221; global_colors_info=&#8221;{}&#8221;]<\/p>\n<h3>Utilitza la nostra <a href=\"https:\/\/rennovabarcelona.com\/ca\/calculadora\/\"><u>calculadora de pressupostos<\/u><\/a>.<\/h3>\n<p>[\/et_pb_text][\/et_pb_column][et_pb_column type=&#8221;1_3&#8243; _builder_version=&#8221;4.25.2&#8243; _module_preset=&#8221;default&#8221; global_colors_info=&#8221;{}&#8221;][et_pb_button button_url=&#8221;@ET-DC@eyJkeW5hbWljIjp0cnVlLCJjb250ZW50IjoicG9zdF9saW5rX3VybF9wYWdlIiwic2V0dGluZ3MiOnsicG9zdF9pZCI6IjYwIn19@&#8221; button_text=&#8221;Prefereixes que et truquem?&#8221; module_id=&#8221;btn-llamame&#8221; _builder_version=&#8221;4.25.2&#8243; _dynamic_attributes=&#8221;button_url&#8221; _module_preset=&#8221;default&#8221; custom_css_main_element=&#8221;width:100%;||text-align:center;&#8221; global_colors_info=&#8221;{}&#8221; custom_css_main_element_last_edited=&#8221;on|tablet&#8221; custom_css_main_element_tablet=&#8221;width:fit-content;||text-align:center;&#8221; custom_css_main_element_phone=&#8221;width:fit-content;||text-align:center;&#8221;][\/et_pb_button][\/et_pb_column][\/et_pb_row][\/et_pb_section][et_pb_section fb_built=&#8221;1&#8243; _builder_version=&#8221;4.25.2&#8243; _module_preset=&#8221;default&#8221; background_enable_color=&#8221;off&#8221; use_background_color_gradient=&#8221;on&#8221; background_color_gradient_direction=&#8221;90deg&#8221; background_color_gradient_stops=&#8221;#6f8821 30%|#ffffff 30%&#8221; custom_margin=&#8221;3em||3em||true|false&#8221; custom_padding=&#8221;0px||0px||true|false&#8221; background_last_edited=&#8221;on|tablet&#8221; use_background_color_gradient_tablet=&#8221;off&#8221; locked=&#8221;off&#8221; global_colors_info=&#8221;{}&#8221;][et_pb_row column_structure=&#8221;3_5,2_5&#8243; make_equal=&#8221;on&#8221; _builder_version=&#8221;4.25.2&#8243; _module_preset=&#8221;default&#8221; width=&#8221;90%&#8221; custom_padding=&#8221;0px||0px||true|false&#8221; global_colors_info=&#8221;{}&#8221;][et_pb_column type=&#8221;3_5&#8243; _builder_version=&#8221;4.25.2&#8243; _module_preset=&#8221;default&#8221; global_colors_info=&#8221;{}&#8221;][et_pb_image src=&#8221;https:\/\/rennovabarcelona.com\/wp-content\/uploads\/2025\/07\/rennova-empresa-de-interiorismo-en-barcelona.webp&#8221; alt=&#8221;Rennova \u00e9s una empresa de reformes i interiorisme de Barcelona&#8221; title_text=&#8221;rennova-empresa-dinteriorisme-a-barcelona&#8221; _builder_version=&#8221;4.25.2&#8243; _module_preset=&#8221;default&#8221; global_colors_info=&#8221;{}&#8221;][\/et_pb_image][\/et_pb_column][et_pb_column type=&#8221;2_5&#8243; _builder_version=&#8221;4.25.2&#8243; _module_preset=&#8221;default&#8221; background_color=&#8221;#FFFFFF&#8221; global_colors_info=&#8221;{}&#8221;][et_pb_text _builder_version=&#8221;4.25.2&#8243; _module_preset=&#8221;default&#8221; text_font=&#8221;|300|||||||&#8221; text_font_size=&#8221;18px&#8221; text_orientation=&#8221;right&#8221; custom_margin=&#8221;||1em||false|false&#8221; text_orientation_tablet=&#8221;left&#8221; text_orientation_phone=&#8221;left&#8221; text_orientation_last_edited=&#8221;on|tablet&#8221; global_colors_info=&#8221;{}&#8221;]<\/p>\n<p>CUIDEM TOTS ELS DETALLS<\/p>\n<p>[\/et_pb_text][et_pb_text _builder_version=&#8221;4.25.2&#8243; _module_preset=&#8221;default&#8221; header_text_align=&#8221;right&#8221; header_font_size=&#8221;42px&#8221; header_line_height=&#8221;1.2em&#8221; header_2_text_align=&#8221;right&#8221; header_2_font_size=&#8221;42px&#8221; header_2_line_height=&#8221;1.2em&#8221; custom_margin=&#8221;||1em||false|false&#8221; hover_enabled=&#8221;0&#8243; header_text_align_tablet=&#8221;left&#8221; header_text_align_phone=&#8221;left&#8221; header_text_align_last_edited=&#8221;on|tablet&#8221; header_2_text_align_tablet=&#8221;left&#8221; header_2_text_align_phone=&#8221;left&#8221; header_2_text_align_last_edited=&#8221;on|tablet&#8221; header_2_font_size_tablet=&#8221;42px&#8221; header_2_font_size_phone=&#8221;30px&#8221; header_2_font_size_last_edited=&#8221;on|phone&#8221; global_colors_info=&#8221;{}&#8221; sticky_enabled=&#8221;0&#8243;]<\/p>\n<h2>Disseny d\u2019interiors i reformes personalitzades<\/h2>\n<p>[\/et_pb_text][et_pb_text _builder_version=&#8221;4.25.2&#8243; _module_preset=&#8221;default&#8221; text_orientation=&#8221;right&#8221; text_orientation_tablet=&#8221;left&#8221; text_orientation_phone=&#8221;left&#8221; text_orientation_last_edited=&#8221;on|tablet&#8221; locked=&#8221;off&#8221; global_colors_info=&#8221;{}&#8221;]<\/p>\n<p data-start=\"1868\" data-end=\"2233\">Al nostre estudi <strong>d&#8217;arquitectura i interiorisme a Barcelona<\/strong>, posem una atenci\u00f3 especial en el disseny d&#8217;interiors com una eina per millorar el benestar i la funcionalitat dels espais. Treballem de forma personalitzada, adaptant-nos als gustos, necessitats i pressupost de cada client, ja sigui en una reforma parcial o en un projecte integral.<\/p>\n<p data-start=\"2235\" data-end=\"2687\">Realitzem <strong>projectes de reforma de vivendes<\/strong>, adaptant cuines, banys, salons i habitacions a un estil contemporani, c\u00e0lid o minimalista segons les prefer\u00e8ncies de cada usuari. Tamb\u00e9 intervenim en espais comercials, creant ambients \u00fanics que reforcin la identitat de marca i millorin lexperi\u00e8ncia del client. En tots dos casos, cuidem fins a l&#8217;\u00faltim detall: distribuci\u00f3, materials, il\u00b7luminaci\u00f3, mobiliari, colors i textures.<\/p>\n<p>Utilitzem eines de representaci\u00f3 3D perqu\u00e8 el client pugui visualitzar el resultat abans de comen\u00e7ar les obres. Aix\u00f2 permet ajustar el disseny amb antelaci\u00f3 i evitar sorpreses durant l&#8217;execuci\u00f3. A m\u00e9s, oferim un servei de selecci\u00f3 d&#8217;acabats i materials, assessorant sobre solucions est\u00e8tiques i sostenibles que s&#8217;ajustin a l&#8217;estil desitjat i l&#8217;\u00fas de l&#8217;espai.<\/p>\n<p>Per a nosaltres, l&#8217;interiorisme no \u00e9s nom\u00e9s una q\u00fcesti\u00f3 decorativa, sin\u00f3 que \u00e9s una part essencial de l&#8217;arquitectura. Dissenyem espais que transmeten calma, ordre i personalitat, sense renunciar a la funcionalitat. Apostem per materials nobles, il\u00b7luminaci\u00f3 eficient i mobiliari a mesura que s&#8217;adapta a l&#8217;espai i les necessitats del dia a dia.<\/p>\n<p>[\/et_pb_text][et_pb_button button_url=&#8221;@ET-DC@eyJkeW5hbWljIjp0cnVlLCJjb250ZW50IjoicG9zdF9saW5rX3VybF9wYWdlIiwic2V0dGluZ3MiOnsicG9zdF9pZCI6IjYyIn19@&#8221; button_text=&#8221;Veure projectes&#8221; button_alignment=&#8221;right&#8221; button_alignment_tablet=&#8221;left&#8221; button_alignment_phone=&#8221;left&#8221; button_alignment_last_edited=&#8221;on|tablet&#8221; module_id=&#8221;btn-presupuesto&#8221; _builder_version=&#8221;4.25.2&#8243; _dynamic_attributes=&#8221;button_url&#8221; _module_preset=&#8221;default&#8221; custom_button=&#8221;on&#8221; button_bg_color=&#8221;#2f2017&#8243; custom_css_main_element=&#8221;width:fit-content;||text-align:center;&#8221; global_colors_info=&#8221;{}&#8221; button_bg_color__hover_enabled=&#8221;on|hover&#8221; button_bg_color__hover=&#8221;#6f8821&#8243; button_bg_enable_color__hover=&#8221;on&#8221;][\/et_pb_button][\/et_pb_column][\/et_pb_row][\/et_pb_section][et_pb_section fb_built=&#8221;1&#8243; _builder_version=&#8221;4.25.2&#8243; _module_preset=&#8221;default&#8221; background_enable_color=&#8221;off&#8221; use_background_color_gradient=&#8221;on&#8221; background_color_gradient_direction=&#8221;90deg&#8221; background_color_gradient_stops=&#8221;#ffffff 70%|#6f8821 70%&#8221; custom_margin=&#8221;0px||3em||false|false&#8221; custom_padding=&#8221;0px||0px||true|false&#8221; background_last_edited=&#8221;on|tablet&#8221; use_background_color_gradient_tablet=&#8221;off&#8221; locked=&#8221;off&#8221; global_colors_info=&#8221;{}&#8221;][et_pb_row column_structure=&#8221;3_5,2_5&#8243; make_equal=&#8221;on&#8221; _builder_version=&#8221;4.25.2&#8243; _module_preset=&#8221;default&#8221; width=&#8221;90%&#8221; custom_padding=&#8221;0px||0px||true|false&#8221; global_colors_info=&#8221;{}&#8221;][et_pb_column type=&#8221;3_5&#8243; _builder_version=&#8221;4.25.2&#8243; _module_preset=&#8221;default&#8221; background_color=&#8221;#FFFFFF&#8221; global_colors_info=&#8221;{}&#8221;][et_pb_text _builder_version=&#8221;4.25.2&#8243; _module_preset=&#8221;default&#8221; text_font=&#8221;|300|||||||&#8221; text_font_size=&#8221;18px&#8221; custom_margin=&#8221;||1em||false|false&#8221; global_colors_info=&#8221;{}&#8221;]<\/p>\n<p>DESPREOCUPA\u2019T AMB UN PROVE\u00cfDOR INTEGRAL<\/p>\n<p>[\/et_pb_text][et_pb_text _builder_version=&#8221;4.25.2&#8243; _module_preset=&#8221;default&#8221; header_font_size=&#8221;42px&#8221; header_line_height=&#8221;1.2em&#8221; header_2_font_size=&#8221;42px&#8221; custom_margin=&#8221;||1em||false|false&#8221; header_2_font_size_tablet=&#8221;42px&#8221; header_2_font_size_phone=&#8221;30px&#8221; header_2_font_size_last_edited=&#8221;on|phone&#8221; global_colors_info=&#8221;{}&#8221;]<\/p>\n<h2>Projectes t\u00e8cnics i gesti\u00f3 integral d\u2019obra<\/h2>\n<p>[\/et_pb_text][et_pb_text _builder_version=&#8221;4.25.2&#8243; _module_preset=&#8221;default&#8221; global_colors_info=&#8221;{}&#8221;]<\/p>\n<p>A m\u00e9s del disseny, com a especialistes en <strong>arquitectura i interiorisme a Barcelona<\/strong>, oferim un servei complet de <strong>projectes t\u00e8cnics i direcci\u00f3 d\u2019obra<\/strong>, ideal per a qui busca transformar el seu habitatge, obrir un local comercial o rehabilitar un edifici amb garanties professionals. Ens encarreguem de coordinar tots els agents implicats \u2014industrials, t\u00e8cnics, prove\u00efdors\u2014 per assegurar que cada fase s\u2019executi amb qualitat, control de terminis i pressupost tancat.<\/p>\n<p>Redactem projectes b\u00e0sics i executius amb tots els pl\u00e0nols, mem\u00f2ries i c\u00e0lculs necessaris per a l\u2019execuci\u00f3 i la legalitzaci\u00f3 de l\u2019obra. Tamb\u00e9 tramitem les llic\u00e8ncies municipals, c\u00e8dules d\u2019habitabilitat, certificats energ\u00e8tics i qualsevol altre document t\u00e8cnic que es requereixi. La nostra experi\u00e8ncia amb l\u2019administraci\u00f3 local ens permet agilitzar els terminis i evitar errors que puguin retardar l\u2019obra.<\/p>\n<p>Durant la fase d\u2019execuci\u00f3, realitzem un seguiment continu, fent visites d\u2019obra, revisant acabats i resolent imprevistos de forma efica\u00e7. Aquest control constant garanteix que el resultat final es mantingui fidel al projecte inicial, tant en est\u00e8tica com en qualitat t\u00e8cnica.<\/p>\n<p>En definitiva, el nostre servei d\u2019<strong>arquitectura i interiorisme a Barcelona<\/strong> ofereix una soluci\u00f3 integral: disseny, t\u00e8cnica i gesti\u00f3 en un sol equip. Ja sigui per a un habitatge, una oficina o un local comercial, ens impliquem al m\u00e0xim per crear espais \u00fanics, funcionals i amb identitat pr\u00f2pia. Transformem idees en projectes reals, cuidant cada fase del proc\u00e9s.<\/p>\n<p>[\/et_pb_text][\/et_pb_column][et_pb_column type=&#8221;2_5&#8243; _builder_version=&#8221;4.25.2&#8243; _module_preset=&#8221;default&#8221; global_colors_info=&#8221;{}&#8221;][et_pb_image src=&#8221;https:\/\/rennovabarcelona.com\/wp-content\/uploads\/2025\/07\/rennova-gestion-integral-de-obra.webp&#8221; alt=&#8221;Rennova ofereix el seu servei de gesti\u00f3 integral d\u2019obres a Barcelona&#8221; title_text=&#8221;rennova-gestio-integral-dobra&#8221; _builder_version=&#8221;4.25.2&#8243; _module_preset=&#8221;default&#8221; global_colors_info=&#8221;{}&#8221;][\/et_pb_image][\/et_pb_column][\/et_pb_row][\/et_pb_section][et_pb_section fb_built=&#8221;1&#8243; admin_label=&#8221;section&#8221; _builder_version=&#8221;4.25.2&#8243; _module_preset=&#8221;default&#8221; background_color=&#8221;#f8f8f8&#8243; custom_padding=&#8221;4em||4em||true|false&#8221; saved_tabs=&#8221;all&#8221; global_colors_info=&#8221;{}&#8221;][et_pb_row column_structure=&#8221;1_3,2_3&#8243; _builder_version=&#8221;4.25.2&#8243; _module_preset=&#8221;default&#8221; width=&#8221;90%&#8221; custom_padding=&#8221;0px||0px||false|false&#8221; custom_css_main_element=&#8221;display:flex;||align-items:center;&#8221; global_colors_info=&#8221;{}&#8221; custom_css_main_element_last_edited=&#8221;on|tablet&#8221; custom_css_main_element_phone=&#8221;flex-flow:column-reverse;||display:flex;||align-content:center;||justify-content:center;&#8221; custom_css_main_element_tablet=&#8221;flex-flow:column-reverse;||display:flex;||align-content:center;||justify-content:center;&#8221;][et_pb_column type=&#8221;1_3&#8243; _builder_version=&#8221;4.25.2&#8243; _module_preset=&#8221;default&#8221; global_colors_info=&#8221;{}&#8221;][et_pb_button button_url=&#8221;\/wp-content\/uploads\/2025\/07\/guia-reforma-rennova-ca.pdf&#8221; url_new_window=&#8221;on&#8221; button_text=&#8221; Guia reforma pas a pas&#8221; _builder_version=&#8221;4.25.2&#8243; _module_preset=&#8221;default&#8221; custom_css_main_element=&#8221;width:100%;||text-align:center;&#8221; locked=&#8221;off&#8221; global_colors_info=&#8221;{}&#8221; custom_css_main_element_last_edited=&#8221;on|tablet&#8221; custom_css_main_element_tablet=&#8221;width:fit-content;||text-align:center;&#8221; custom_css_main_element_phone=&#8221;width:fit-content;||text-align:center;&#8221;][\/et_pb_button][\/et_pb_column][et_pb_column type=&#8221;2_3&#8243; _builder_version=&#8221;4.25.2&#8243; _module_preset=&#8221;default&#8221; global_colors_info=&#8221;{}&#8221;][et_pb_text _builder_version=&#8221;4.25.2&#8243; _module_preset=&#8221;default&#8221; text_font=&#8221;|300||on|||||&#8221; text_font_size=&#8221;18px&#8221; text_orientation=&#8221;right&#8221; custom_margin=&#8221;||1em||false|false&#8221; text_orientation_tablet=&#8221;left&#8221; text_orientation_phone=&#8221;left&#8221; text_orientation_last_edited=&#8221;on|phone&#8221; locked=&#8221;off&#8221; global_colors_info=&#8221;{}&#8221;]<\/p>\n<p>T\u2019ajudem a planificar la teva reforma<\/p>\n<p>[\/et_pb_text][et_pb_text _builder_version=&#8221;4.25.2&#8243; _module_preset=&#8221;default&#8221; header_font_size=&#8221;42px&#8221; header_line_height=&#8221;1.2em&#8221; header_2_text_color=&#8221;#000000&#8243; header_3_text_color=&#8221;#000000&#8243; header_3_font_size=&#8221;34px&#8221; header_3_line_height=&#8221;1.2em&#8221; text_orientation=&#8221;right&#8221; custom_margin=&#8221;||1em||false|false&#8221; header_2_font_size_tablet=&#8221;&#8221; header_2_font_size_phone=&#8221;30px&#8221; header_2_font_size_last_edited=&#8221;on|phone&#8221; text_orientation_tablet=&#8221;left&#8221; text_orientation_phone=&#8221;left&#8221; text_orientation_last_edited=&#8221;on|phone&#8221; locked=&#8221;off&#8221; global_colors_info=&#8221;{}&#8221;]<\/p>\n<h2>Descarrega la nostra guia <a href=\"\/wp-content\/uploads\/2025\/07\/guia-reforma-rennova-ca.pdf\" target=\"_blank\" rel=\"noopener\"><span style=\"text-decoration: underline;\">Reforma pas a pas<\/span><\/a><\/h2>\n<p>[\/et_pb_text][\/et_pb_column][\/et_pb_row][\/et_pb_section][et_pb_section fb_built=&#8221;1&#8243; _builder_version=&#8221;4.25.2&#8243; _module_preset=&#8221;default&#8221; background_enable_color=&#8221;off&#8221; use_background_color_gradient=&#8221;on&#8221; background_color_gradient_direction=&#8221;90deg&#8221; background_color_gradient_stops=&#8221;#ffffff 95%|#6f8821 95%&#8221; custom_margin=&#8221;3em||3em||true|false&#8221; custom_padding=&#8221;0px||0px||true|false&#8221; background_last_edited=&#8221;on|tablet&#8221; use_background_color_gradient_tablet=&#8221;off&#8221; saved_tabs=&#8221;all&#8221; locked=&#8221;off&#8221; global_colors_info=&#8221;{}&#8221;][et_pb_row column_structure=&#8221;3_5,2_5&#8243; make_equal=&#8221;on&#8221; _builder_version=&#8221;4.25.2&#8243; _module_preset=&#8221;default&#8221; background_color=&#8221;#FFFFFF&#8221; width=&#8221;90%&#8221; custom_padding=&#8221;0px||0px||true|false&#8221; global_colors_info=&#8221;{}&#8221;][et_pb_column type=&#8221;3_5&#8243; _builder_version=&#8221;4.25.2&#8243; _module_preset=&#8221;default&#8221; background_color=&#8221;#FFFFFF&#8221; global_colors_info=&#8221;{}&#8221;][et_pb_text _builder_version=&#8221;4.25.2&#8243; _module_preset=&#8221;default&#8221; text_font=&#8221;|300|||||||&#8221; text_font_size=&#8221;18px&#8221; custom_margin=&#8221;||1em||false|false&#8221; global_colors_info=&#8221;{}&#8221;]<\/p>\n<p>CONFIAN\u00c7A I TRANQUIL\u00b7LITAT<\/p>\n<p>[\/et_pb_text][et_pb_text _builder_version=&#8221;4.25.2&#8243; _module_preset=&#8221;default&#8221; text_font=&#8221;&#8211;et_global_heading_font||||||||&#8221; text_text_color=&#8221;#6f8821&#8243; text_font_size=&#8221;42px&#8221; text_line_height=&#8221;1.2em&#8221; header_font_size=&#8221;42px&#8221; header_line_height=&#8221;1.2em&#8221; header_2_font_size=&#8221;42px&#8221; header_2_line_height=&#8221;1.2em&#8221; custom_margin=&#8221;||1em||false|false&#8221; header_2_font_size_tablet=&#8221;&#8221; header_2_font_size_phone=&#8221;30px&#8221; header_2_font_size_last_edited=&#8221;on|phone&#8221; global_colors_info=&#8221;{}&#8221;]<\/p>\n<h2>Quina reforma necessites?<br \/>Descobreix els nostres serveis<\/h2>\n<p>[\/et_pb_text][\/et_pb_column][et_pb_column type=&#8221;2_5&#8243; _builder_version=&#8221;4.25.2&#8243; _module_preset=&#8221;default&#8221; global_colors_info=&#8221;{}&#8221;][\/et_pb_column][\/et_pb_row][et_pb_row module_class=&#8221;seccion-servicios&#8221; _builder_version=&#8221;4.25.2&#8243; _module_preset=&#8221;default&#8221; width=&#8221;90%&#8221; custom_css_main_element=&#8221;display:flex;||flex-flow:wrap;||&#8221; global_colors_info=&#8221;{}&#8221;][et_pb_column type=&#8221;4_4&#8243; _builder_version=&#8221;4.25.2&#8243; _module_preset=&#8221;default&#8221; custom_css_main_element=&#8221;display:flex;||flex-flow:wrap;||justify-content:space-around;&#8221; global_colors_info=&#8221;{}&#8221;][et_pb_blurb image=&#8221;https:\/\/rennovabarcelona.com\/wp-content\/uploads\/2024\/09\/icono-negro-reformas-integrales-rennova.webp&#8221; image_icon_width=&#8221;90px&#8221; _builder_version=&#8221;4.25.2&#8243; _dynamic_attributes=&#8221;link_option_url&#8221; _module_preset=&#8221;default&#8221; header_font=&#8221;&#8211;et_global_body_font|300||on|||||&#8221; header_text_align=&#8221;center&#8221; header_text_color=&#8221;#000000&#8243; header_font_size=&#8221;18px&#8221; body_font=&#8221;&#8211;et_global_body_font|300||on|||||&#8221; body_text_align=&#8221;center&#8221; body_font_size=&#8221;17px&#8221; image_icon_custom_margin=&#8221;||0px||false|false&#8221; image_icon_custom_padding=&#8221;||0px||false|false&#8221; link_option_url=&#8221;@ET-DC@eyJkeW5hbWljIjp0cnVlLCJjb250ZW50IjoicG9zdF9saW5rX3VybF9zZXJ2aWNpbyIsInNldHRpbmdzIjp7InBvc3RfaWQiOiI5MyJ9fQ==@&#8221; custom_css_main_element=&#8221;max-width:150px;&#8221; custom_css_free_form=&#8221;selector .et_pb_blurb_content:hover .et_pb_module_header{||  font-weight:bold;||}||selector .et_pb_blurb_content:hover{||  cursor:pointer;||}||selector img{||  height:80px;||}&#8221; custom_css_blurb_image=&#8221;margin-bottom:1.5em;&#8221; global_colors_info=&#8221;{}&#8221; image__hover_enabled=&#8221;on|hover&#8221; image__hover=&#8221;https:\/\/rennovabarcelona.com\/wp-content\/uploads\/2024\/09\/icono-verde-reformas-integrales-rennova.webp&#8221; custom_css_blurb_title__hover_enabled=&#8221;off|hover&#8221; custom_css_main_element__hover_enabled=&#8221;off|hover&#8221; custom_css_blurb_content__hover_enabled=&#8221;off|hover&#8221;]<\/p>\n<p>Reformes integrals<\/p>\n<p>[\/et_pb_blurb][et_pb_blurb image=&#8221;https:\/\/rennovabarcelona.com\/wp-content\/uploads\/2024\/09\/icono-negro-reformas-cocinas-rennova.webp&#8221; image_icon_width=&#8221;90px&#8221; _builder_version=&#8221;4.25.2&#8243; _dynamic_attributes=&#8221;link_option_url&#8221; _module_preset=&#8221;default&#8221; header_font=&#8221;&#8211;et_global_body_font|300||on|||||&#8221; header_text_align=&#8221;center&#8221; header_text_color=&#8221;#000000&#8243; header_font_size=&#8221;18px&#8221; body_font=&#8221;&#8211;et_global_body_font|300||on|||||&#8221; body_text_align=&#8221;center&#8221; body_font_size=&#8221;17px&#8221; image_icon_custom_margin=&#8221;||0px||false|false&#8221; image_icon_custom_padding=&#8221;||0px||false|false&#8221; link_option_url=&#8221;@ET-DC@eyJkeW5hbWljIjp0cnVlLCJjb250ZW50IjoicG9zdF9saW5rX3VybF9zZXJ2aWNpbyIsInNldHRpbmdzIjp7InBvc3RfaWQiOiIyNTAifX0=@&#8221; custom_css_main_element=&#8221;max-width:150px;&#8221; custom_css_free_form=&#8221;selector .et_pb_blurb_content:hover .et_pb_module_header{||  font-weight:bold;||}||selector .et_pb_blurb_content:hover{||  cursor:pointer;||}||selector img{||  height:80px;||}&#8221; custom_css_blurb_image=&#8221;margin-bottom:1.5em;&#8221; global_colors_info=&#8221;{}&#8221; image__hover_enabled=&#8221;on|hover&#8221; image__hover=&#8221;https:\/\/rennovabarcelona.com\/wp-content\/uploads\/2024\/09\/icono-verde-reformas-cocinas-rennova.webp&#8221; custom_css_blurb_title__hover_enabled=&#8221;off|hover&#8221; custom_css_main_element__hover_enabled=&#8221;off|hover&#8221; custom_css_blurb_content__hover_enabled=&#8221;off|hover&#8221;]<\/p>\n<p>Reformes de cuines<\/p>\n<p>[\/et_pb_blurb][et_pb_blurb image=&#8221;https:\/\/rennovabarcelona.com\/wp-content\/uploads\/2024\/09\/icono-negro-reformas-banos-rennova.webp&#8221; image_icon_width=&#8221;90px&#8221; _builder_version=&#8221;4.25.2&#8243; _dynamic_attributes=&#8221;link_option_url&#8221; _module_preset=&#8221;default&#8221; header_font=&#8221;&#8211;et_global_body_font|300||on|||||&#8221; header_text_align=&#8221;center&#8221; header_text_color=&#8221;#000000&#8243; header_font_size=&#8221;18px&#8221; body_font=&#8221;&#8211;et_global_body_font|300||on|||||&#8221; body_text_align=&#8221;center&#8221; body_font_size=&#8221;17px&#8221; image_icon_custom_margin=&#8221;||0px||false|false&#8221; image_icon_custom_padding=&#8221;||0px||false|false&#8221; link_option_url=&#8221;@ET-DC@eyJkeW5hbWljIjp0cnVlLCJjb250ZW50IjoicG9zdF9saW5rX3VybF9zZXJ2aWNpbyIsInNldHRpbmdzIjp7InBvc3RfaWQiOiIyNTEifX0=@&#8221; custom_css_main_element=&#8221;max-width:150px;&#8221; custom_css_free_form=&#8221;selector .et_pb_blurb_content:hover .et_pb_module_header{||  font-weight:bold;||}||selector .et_pb_blurb_content:hover{||  cursor:pointer;||}||selector img{||  height:80px;||}&#8221; custom_css_blurb_image=&#8221;margin-bottom:1.5em;&#8221; global_colors_info=&#8221;{}&#8221; image__hover_enabled=&#8221;on|desktop&#8221; image__hover=&#8221;https:\/\/rennovabarcelona.com\/wp-content\/uploads\/2024\/09\/icono-verde-reformas-banos-rennova.webp&#8221; custom_css_blurb_title__hover_enabled=&#8221;off|hover&#8221; custom_css_main_element__hover_enabled=&#8221;off|hover&#8221; custom_css_blurb_content__hover_enabled=&#8221;off|hover&#8221;]<\/p>\n<p>Reformes de banys<\/p>\n<p>[\/et_pb_blurb][et_pb_blurb image=&#8221;https:\/\/rennovabarcelona.com\/wp-content\/uploads\/2024\/09\/icono-negro-reformas-comunidades-rennova.webp&#8221; image_icon_width=&#8221;90px&#8221; _builder_version=&#8221;4.25.2&#8243; _dynamic_attributes=&#8221;link_option_url&#8221; _module_preset=&#8221;default&#8221; header_font=&#8221;&#8211;et_global_body_font|300||on|||||&#8221; header_text_align=&#8221;center&#8221; header_text_color=&#8221;#000000&#8243; header_font_size=&#8221;18px&#8221; body_font=&#8221;&#8211;et_global_body_font|300||on|||||&#8221; body_text_align=&#8221;center&#8221; body_font_size=&#8221;17px&#8221; image_icon_custom_margin=&#8221;||0px||false|false&#8221; image_icon_custom_padding=&#8221;||0px||false|false&#8221; link_option_url=&#8221;@ET-DC@eyJkeW5hbWljIjp0cnVlLCJjb250ZW50IjoicG9zdF9saW5rX3VybF9zZXJ2aWNpbyIsInNldHRpbmdzIjp7InBvc3RfaWQiOiIyNTIifX0=@&#8221; custom_css_main_element=&#8221;max-width:150px;&#8221; custom_css_free_form=&#8221;selector .et_pb_blurb_content:hover .et_pb_module_header{||  font-weight:bold;||}||selector .et_pb_blurb_content:hover{||  cursor:pointer;||}||selector img{||  height:80px;||}&#8221; custom_css_blurb_image=&#8221;margin-bottom:1.5em;&#8221; global_colors_info=&#8221;{}&#8221; image__hover_enabled=&#8221;on|hover&#8221; image__hover=&#8221;https:\/\/rennovabarcelona.com\/wp-content\/uploads\/2024\/09\/icono-verde-reformas-comunidades-rennova.webp&#8221; custom_css_blurb_title__hover_enabled=&#8221;off|hover&#8221; custom_css_main_element__hover_enabled=&#8221;off|hover&#8221; custom_css_blurb_content__hover_enabled=&#8221;off|hover&#8221;]<\/p>\n<p>Reformes de comunitats<\/p>\n<p>[\/et_pb_blurb][et_pb_blurb image=&#8221;https:\/\/rennovabarcelona.com\/wp-content\/uploads\/2024\/09\/icono-negro-locales-comerciales-rennova.webp&#8221; image_icon_width=&#8221;90px&#8221; _builder_version=&#8221;4.25.2&#8243; _dynamic_attributes=&#8221;link_option_url&#8221; _module_preset=&#8221;default&#8221; header_font=&#8221;&#8211;et_global_body_font|300||on|||||&#8221; header_text_align=&#8221;center&#8221; header_text_color=&#8221;#000000&#8243; header_font_size=&#8221;18px&#8221; body_font=&#8221;&#8211;et_global_body_font|300||on|||||&#8221; body_text_align=&#8221;center&#8221; body_font_size=&#8221;17px&#8221; image_icon_custom_margin=&#8221;||0px||false|false&#8221; image_icon_custom_padding=&#8221;||0px||false|false&#8221; link_option_url=&#8221;@ET-DC@eyJkeW5hbWljIjp0cnVlLCJjb250ZW50IjoicG9zdF9saW5rX3VybF9zZXJ2aWNpbyIsInNldHRpbmdzIjp7InBvc3RfaWQiOiIyNTMifX0=@&#8221; custom_css_main_element=&#8221;max-width:150px;&#8221; custom_css_free_form=&#8221;selector .et_pb_blurb_content:hover .et_pb_module_header{||  font-weight:bold;||}||selector .et_pb_blurb_content:hover{||  cursor:pointer;||}||selector img{||  height:80px;||}&#8221; custom_css_blurb_image=&#8221;margin-bottom:1.5em;&#8221; global_colors_info=&#8221;{}&#8221; image__hover_enabled=&#8221;on|hover&#8221; image__hover=&#8221;https:\/\/rennovabarcelona.com\/wp-content\/uploads\/2024\/09\/icono-verde-locales-comerciales-rennova.webp&#8221; custom_css_blurb_title__hover_enabled=&#8221;off|hover&#8221; custom_css_main_element__hover_enabled=&#8221;off|hover&#8221; custom_css_blurb_content__hover_enabled=&#8221;off|hover&#8221;]<\/p>\n<p>Locals comercials<\/p>\n<p>[\/et_pb_blurb][et_pb_blurb image=&#8221;https:\/\/rennovabarcelona.com\/wp-content\/uploads\/2024\/09\/icono-negro-rehabilitacion-edificios-rennova.webp&#8221; image_icon_width=&#8221;90px&#8221; _builder_version=&#8221;4.25.2&#8243; _dynamic_attributes=&#8221;link_option_url&#8221; _module_preset=&#8221;default&#8221; header_font=&#8221;&#8211;et_global_body_font|300||on|||||&#8221; header_text_align=&#8221;center&#8221; header_text_color=&#8221;#000000&#8243; header_font_size=&#8221;18px&#8221; body_font=&#8221;&#8211;et_global_body_font|300||on|||||&#8221; body_text_align=&#8221;center&#8221; body_font_size=&#8221;17px&#8221; image_icon_custom_margin=&#8221;||0px||false|false&#8221; image_icon_custom_padding=&#8221;||0px||false|false&#8221; link_option_url=&#8221;@ET-DC@eyJkeW5hbWljIjp0cnVlLCJjb250ZW50IjoicG9zdF9saW5rX3VybF9zZXJ2aWNpbyIsInNldHRpbmdzIjp7InBvc3RfaWQiOiIyNTQifX0=@&#8221; custom_css_main_element=&#8221;max-width:150px;&#8221; custom_css_free_form=&#8221;selector .et_pb_blurb_content:hover .et_pb_module_header{||  font-weight:bold;||}||selector .et_pb_blurb_content:hover{||  cursor:pointer;||}||selector img{||  height:80px;||}&#8221; custom_css_blurb_image=&#8221;margin-bottom:1.5em;&#8221; global_colors_info=&#8221;{}&#8221; image__hover_enabled=&#8221;on|hover&#8221; image__hover=&#8221;https:\/\/rennovabarcelona.com\/wp-content\/uploads\/2024\/09\/icono-verde-rehabilitacion-edificios-rennova.webp&#8221; custom_css_blurb_title__hover_enabled=&#8221;off|hover&#8221; custom_css_main_element__hover_enabled=&#8221;off|hover&#8221; custom_css_blurb_content__hover_enabled=&#8221;off|hover&#8221;]<\/p>\n<p>Rehabilitaci\u00f3 d\u2019edificis<\/p>\n<p>[\/et_pb_blurb][et_pb_blurb image=&#8221;https:\/\/rennovabarcelona.com\/wp-content\/uploads\/2024\/09\/icono-negro-para-alquilar-rennova.webp&#8221; image_icon_width=&#8221;90px&#8221; _builder_version=&#8221;4.25.2&#8243; _dynamic_attributes=&#8221;link_option_url&#8221; _module_preset=&#8221;default&#8221; header_font=&#8221;&#8211;et_global_body_font|300||on|||||&#8221; header_text_align=&#8221;center&#8221; header_text_color=&#8221;#000000&#8243; header_font_size=&#8221;18px&#8221; body_font=&#8221;&#8211;et_global_body_font|300||on|||||&#8221; body_text_align=&#8221;center&#8221; body_font_size=&#8221;17px&#8221; image_icon_custom_margin=&#8221;||0px||false|false&#8221; image_icon_custom_padding=&#8221;||0px||false|false&#8221; link_option_url=&#8221;@ET-DC@eyJkeW5hbWljIjp0cnVlLCJjb250ZW50IjoicG9zdF9saW5rX3VybF9zZXJ2aWNpbyIsInNldHRpbmdzIjp7InBvc3RfaWQiOiIyNTUifX0=@&#8221; custom_css_main_element=&#8221;max-width:150px;&#8221; custom_css_free_form=&#8221;selector .et_pb_blurb_content:hover .et_pb_module_header{||  font-weight:bold;||}||selector .et_pb_blurb_content:hover{||  cursor:pointer;||}||selector img{||  height:80px;||}&#8221; custom_css_blurb_image=&#8221;margin-bottom:1.5em;&#8221; global_colors_info=&#8221;{}&#8221; image__hover_enabled=&#8221;on|hover&#8221; image__hover=&#8221;https:\/\/rennovabarcelona.com\/wp-content\/uploads\/2024\/09\/icono-verde-para-alquilar-rennova.webp&#8221; custom_css_blurb_title__hover_enabled=&#8221;off|hover&#8221; custom_css_main_element__hover_enabled=&#8221;off|hover&#8221; custom_css_blurb_content__hover_enabled=&#8221;off|hover&#8221;]<\/p>\n<p>Reformes per llogar<\/p>\n<p>[\/et_pb_blurb][et_pb_blurb image=&#8221;https:\/\/rennovabarcelona.com\/wp-content\/uploads\/2025\/02\/icono-house-flipping-marron.svg&#8221; alt=&#8221;house flipping&#8221; image_icon_width=&#8221;90px&#8221; _builder_version=&#8221;4.25.2&#8243; _dynamic_attributes=&#8221;link_option_url&#8221; _module_preset=&#8221;default&#8221; header_font=&#8221;&#8211;et_global_body_font|300||on|||||&#8221; header_text_align=&#8221;center&#8221; header_text_color=&#8221;#000000&#8243; header_font_size=&#8221;18px&#8221; body_font=&#8221;&#8211;et_global_body_font|300||on|||||&#8221; body_text_align=&#8221;center&#8221; body_font_size=&#8221;17px&#8221; image_icon_custom_margin=&#8221;||0px||false|false&#8221; image_icon_custom_padding=&#8221;||0px||false|false&#8221; link_option_url=&#8221;@ET-DC@eyJkeW5hbWljIjp0cnVlLCJjb250ZW50IjoicG9zdF9saW5rX3VybF9zZXJ2aWNpbyIsInNldHRpbmdzIjp7InBvc3RfaWQiOiIyNTUifX0=@&#8221; custom_css_main_element=&#8221;max-width:150px;&#8221; custom_css_free_form=&#8221;selector .et_pb_blurb_content:hover .et_pb_module_header{||  font-weight:bold;||}||selector .et_pb_blurb_content:hover{||  cursor:pointer;||}||selector img{||  height:80px;||}&#8221; custom_css_blurb_image=&#8221;margin-bottom:1.5em;&#8221; global_colors_info=&#8221;{}&#8221; image__hover_enabled=&#8221;on|hover&#8221; image__hover=&#8221;https:\/\/rennovabarcelona.com\/wp-content\/uploads\/2025\/02\/icono-house-flipping-verde.svg&#8221; custom_css_blurb_title__hover_enabled=&#8221;off|hover&#8221; custom_css_main_element__hover_enabled=&#8221;off|hover&#8221; custom_css_blurb_content__hover_enabled=&#8221;off|hover&#8221;]<\/p>\n<p>House <\/br>Flipping<\/p>\n<p>[\/et_pb_blurb][\/et_pb_column][\/et_pb_row][\/et_pb_section][et_pb_section fb_built=&#8221;1&#8243; module_id=&#8221;seccio-formulari&#8221; _builder_version=&#8221;4.25.2&#8243; _module_preset=&#8221;default&#8221; background_color=&#8221;#f8f8f8&#8243; custom_margin=&#8221;3em||0px||false|false&#8221; custom_padding=&#8221;0px||0px||true|false&#8221; background_last_edited=&#8221;off|desktop&#8221; use_background_color_gradient_tablet=&#8221;off&#8221; saved_tabs=&#8221;all&#8221; locked=&#8221;off&#8221; global_colors_info=&#8221;{}&#8221;][et_pb_row column_structure=&#8221;2_5,3_5&#8243; make_equal=&#8221;on&#8221; _builder_version=&#8221;4.25.2&#8243; _module_preset=&#8221;default&#8221; width=&#8221;90%&#8221; custom_padding=&#8221;4em||4em||true|false&#8221; global_colors_info=&#8221;{}&#8221;][et_pb_column type=&#8221;2_5&#8243; _builder_version=&#8221;4.25.2&#8243; _module_preset=&#8221;default&#8221; background_enable_color=&#8221;off&#8221; global_colors_info=&#8221;{}&#8221;][et_pb_text _builder_version=&#8221;4.25.2&#8243; _module_preset=&#8221;default&#8221; text_font=&#8221;|300|||||||&#8221; text_font_size=&#8221;18px&#8221; custom_margin=&#8221;||1em||false|false&#8221; global_colors_info=&#8221;{}&#8221;]<\/p>\n<p>VOLS COMENTAR EL TEU PROJECTE DE REFORMA?<\/p>\n<p>[\/et_pb_text][et_pb_text _builder_version=&#8221;4.25.2&#8243; _module_preset=&#8221;default&#8221; header_text_color=&#8221;#000000&#8243; header_font_size=&#8221;42px&#8221; header_line_height=&#8221;1.2em&#8221; header_2_text_color=&#8221;#000000&#8243; header_2_font_size=&#8221;42px&#8221; header_2_line_height=&#8221;1.2em&#8221; custom_margin=&#8221;||1em||false|false&#8221; header_2_font_size_tablet=&#8221;&#8221; header_2_font_size_phone=&#8221;30px&#8221; header_2_font_size_last_edited=&#8221;on|phone&#8221; global_colors_info=&#8221;{}&#8221;]<\/p>\n<h2>Posa\u2019t en contacte<br \/>amb nosaltres<\/h2>\n<p>[\/et_pb_text][et_pb_text _builder_version=&#8221;4.25.2&#8243; _module_preset=&#8221;default&#8221; global_colors_info=&#8221;{}&#8221;]<\/p>\n<p>Omple el seg\u00fcent formulari de contacte explicant-nos el teu projecte i aix\u00ed podrem entendre quines s\u00f3n <strong>les teves<\/strong> <strong>necessitats<\/strong>.<\/p>\n<p>Un dels nostres assessors t\u00e8cnics es posar\u00e0 en contacte amb tu tan aviat com sigui possible.<\/p>\n<p>Est\u00e0s a un pas de fer realitat la reforma dels teus somnis. Confia en <strong>la nostra experi\u00e8ncia i professionalitat<\/strong> per oferir-te les opcions que millor s\u2019adaptin a les teves expectatives.<\/p>\n<p>[\/et_pb_text][\/et_pb_column][et_pb_column type=&#8221;3_5&#8243; _builder_version=&#8221;4.25.2&#8243; _module_preset=&#8221;default&#8221; global_colors_info=&#8221;{}&#8221;][et_pb_code _builder_version=&#8221;4.25.2&#8243; _module_preset=&#8221;default&#8221; global_colors_info=&#8221;{}&#8221;]\n<div class=\"wpcf7 no-js\" id=\"wpcf7-f95-o1\" lang=\"es-ES\" dir=\"ltr\" data-wpcf7-id=\"95\">\n<div class=\"screen-reader-response\"><p role=\"status\" aria-live=\"polite\" aria-atomic=\"true\"><\/p> <ul><\/ul><\/div>\n<form action=\"\/ca\/wp-json\/wp\/v2\/servicio\/2069#wpcf7-f95-o1\" method=\"post\" class=\"wpcf7-form init cf7mls-no-scroll cf7mls-auto-return-first-step cf7mls-no-moving-animation\" aria-label=\"Formulario de contacto\" novalidate=\"novalidate\" data-status=\"init\">\n<fieldset class=\"hidden-fields-container\"><input type=\"hidden\" name=\"_wpcf7\" value=\"95\" \/><input type=\"hidden\" name=\"_wpcf7_version\" value=\"6.1.5\" \/><input type=\"hidden\" name=\"_wpcf7_locale\" value=\"es_ES\" \/><input type=\"hidden\" name=\"_wpcf7_unit_tag\" value=\"wpcf7-f95-o1\" \/><input type=\"hidden\" name=\"_wpcf7_container_post\" value=\"0\" \/><input type=\"hidden\" name=\"_wpcf7_posted_data_hash\" value=\"\" \/>\n<\/fieldset>\n<div class=\"form-izq\">\n\t<p><span class=\"wpcf7-form-control-wrap\" data-name=\"your-name\"><input size=\"40\" maxlength=\"400\" class=\"wpcf7-form-control wpcf7-text wpcf7-validates-as-required\" autocomplete=\"name\" aria-required=\"true\" aria-invalid=\"false\" placeholder=\"Nombre *\" value=\"\" type=\"text\" name=\"your-name\" \/><\/span>\n\t<\/p>\n<\/div>\n<div class=\"form-dch\">\n\t<p><span class=\"wpcf7-form-control-wrap\" data-name=\"your-email\"><input size=\"40\" maxlength=\"400\" class=\"wpcf7-form-control wpcf7-email wpcf7-validates-as-required wpcf7-text wpcf7-validates-as-email\" autocomplete=\"email\" aria-required=\"true\" aria-invalid=\"false\" placeholder=\"Email *\" value=\"\" type=\"email\" name=\"your-email\" \/><\/span>\n\t<\/p>\n<\/div>\n<div class=\"form-izq\">\n\t<p><span class=\"wpcf7-form-control-wrap\" data-name=\"telefono\"><input size=\"40\" maxlength=\"400\" class=\"wpcf7-form-control wpcf7-tel wpcf7-validates-as-required wpcf7-text wpcf7-validates-as-tel\" autocomplete=\"phone\" aria-required=\"true\" aria-invalid=\"false\" placeholder=\"Tel\u00e9fono *\" value=\"\" type=\"tel\" name=\"telefono\" \/><\/span>\n\t<\/p>\n<\/div>\n<div class=\"form-dch\">\n\t<p><span class=\"wpcf7-form-control-wrap\" data-name=\"tipo-reforma\"><select class=\"wpcf7-form-control wpcf7-select wpcf7-validates-as-required\" aria-required=\"true\" aria-invalid=\"false\" name=\"tipo-reforma\"><option value=\"\">Selecciona el tipo de proyecto *<\/option><option value=\"Reforma integral\">Reforma integral<\/option><option value=\"Reforma de cocina\">Reforma de cocina<\/option><option value=\"Reforma de ba\u00f1o\">Reforma de ba\u00f1o<\/option><option value=\"Reforma de comunidad\">Reforma de comunidad<\/option><option value=\"Reforma Local\">Reforma Local<\/option><option value=\"Rehabilitaci\u00f3n de edificio\">Rehabilitaci\u00f3n de edificio<\/option><option value=\"Reformar para alquilar\">Reformar para alquilar<\/option><\/select><\/span>\n\t<\/p>\n<\/div>\n<div class=\"form-izq\">\n\t<p><span class=\"wpcf7-form-control-wrap\" data-name=\"fecha-inicio\"><input size=\"40\" maxlength=\"400\" class=\"wpcf7-form-control wpcf7-text wpcf7-validates-as-required\" id=\"fecha-inicio-reforma\" aria-required=\"true\" aria-invalid=\"false\" placeholder=\"Fecha de inicio de la reforma\" value=\"\" type=\"text\" name=\"fecha-inicio\" \/><\/span>\n\t<\/p>\n<\/div>\n<div class=\"form-dch\">\n\t<p><span class=\"wpcf7-form-control-wrap\" data-name=\"Rangodepresupuesto\"><select class=\"wpcf7-form-control wpcf7-select wpcf7-validates-as-required\" aria-required=\"true\" aria-invalid=\"false\" name=\"Rangodepresupuesto\"><option value=\"\">Rango de presupuesto<\/option><option value=\"Menos de 40.000\u20ac\">Menos de 40.000\u20ac<\/option><option value=\"Hasta 40.000\u20ac\">Hasta 40.000\u20ac<\/option><option value=\"Hasta 80.000\">Hasta 80.000<\/option><option value=\"Hasta 100.000\u20ac\">Hasta 100.000\u20ac<\/option><option value=\"Hasta 150.000\u20ac\">Hasta 150.000\u20ac<\/option><option value=\"Hasta 200.000\u20ac\">Hasta 200.000\u20ac<\/option><option value=\"M\u00e1s de 200.000\u20ac\">M\u00e1s de 200.000\u20ac<\/option><\/select><\/span>\n\t<\/p>\n<\/div>\n<div class=\"form-izq\">\n\t<p><span class=\"wpcf7-form-control-wrap\" data-name=\"localidad\"><input size=\"40\" maxlength=\"400\" class=\"wpcf7-form-control wpcf7-text wpcf7-validates-as-required\" aria-required=\"true\" aria-invalid=\"false\" placeholder=\"Localidad *\" value=\"\" type=\"text\" name=\"localidad\" \/><\/span>\n\t<\/p>\n<\/div>\n<div class=\"form-dch\">\n\t<p><span class=\"wpcf7-form-control-wrap\" data-name=\"provincia\"><input size=\"40\" maxlength=\"400\" class=\"wpcf7-form-control wpcf7-text wpcf7-validates-as-required\" aria-required=\"true\" aria-invalid=\"false\" placeholder=\"Provincia *\" value=\"\" type=\"text\" name=\"provincia\" \/><\/span>\n\t<\/p>\n<\/div>\n<div class=\"form-full\">\n\t<p><span class=\"wpcf7-form-control-wrap\" data-name=\"your-message\"><textarea cols=\"40\" rows=\"10\" maxlength=\"2000\" class=\"wpcf7-form-control wpcf7-textarea\" aria-invalid=\"false\" placeholder=\"\u00bfC\u00f3mo es tu proyecto?\" name=\"your-message\"><\/textarea><\/span>\n\t<\/p>\n<\/div>\n<div class=\"form-izq\">\n\t<div class=\"privacidad\">\n\t\t<p><label><span class=\"wpcf7-form-control-wrap\" data-name=\"privacidad\"><span class=\"wpcf7-form-control wpcf7-acceptance\"><span class=\"wpcf7-list-item\"><input type=\"checkbox\" name=\"privacidad\" value=\"1\" aria-invalid=\"false\" \/><\/span><\/span><\/span> He le\u00eddo y acepto la <a href=\"\/politica-de-privacidad\" target=\"_blank\" rel=\"noopener\">pol\u00edtica de privacidad<\/a>.<\/label>\n\t\t<\/p>\n\t<\/div>\n<\/div>\n<div class=\"form-izq\">\n\t<p><span id=\"wpcf7-69f28f930eefc-wrapper\" class=\"wpcf7-form-control-wrap email-wrap\" style=\"display:none !important; visibility:hidden !important;\"><label for=\"wpcf7-69f28f930eefc-field\" class=\"hp-message\">Por favor, deja este campo vac\u00edo.<\/label><input id=\"wpcf7-69f28f930eefc-field\"  class=\"wpcf7-form-control wpcf7-text\" type=\"text\" name=\"email\" value=\"\" size=\"40\" tabindex=\"-1\" autocomplete=\"new-password\" \/><\/span><br \/>\n<input class=\"wpcf7-form-control wpcf7-submit has-spinner\" type=\"submit\" value=\"Enviar\" \/>\n\t<\/p>\n<\/div><div class=\"wpcf7-response-output\" aria-hidden=\"true\"><\/div>\n<\/form>\n<\/div>\n[\/et_pb_code][\/et_pb_column][\/et_pb_row][\/et_pb_section]<\/p>\n","protected":false},"author":1,"featured_media":0,"parent":0,"menu_order":0,"template":"","meta":{"_acf_changed":false,"_et_pb_use_builder":"on","_et_pb_old_content":"","_et_gb_content_width":"","inline_featured_image":false},"class_list":["post-2069","servicio","type-servicio","status-publish","hentry"],"acf":[],"yoast_head":"<!-- This site is optimized with the Yoast SEO plugin v27.5 - https:\/\/yoast.com\/product\/yoast-seo-wordpress\/ -->\n<title>Serveis d\u2019Arquitectura i Interiorisme a Barcelona \u2013 Rennova<\/title>\n<meta name=\"description\" content=\"A Rennova t\u2019oferim la nostra experi\u00e8ncia en el desenvolupament de projectes d\u2019Arquitectura i Interiorisme a Barcelona. Informa\u2019t!\" \/>\n<meta name=\"robots\" content=\"index, follow, max-snippet:-1, max-image-preview:large, max-video-preview:-1\" \/>\n<link rel=\"canonical\" href=\"https:\/\/rennovabarcelona.com\/servicio\/arquitectura-e-interiorismo\/\" \/>\n<meta property=\"og:locale\" content=\"ca_ES\" \/>\n<meta property=\"og:type\" content=\"article\" \/>\n<meta property=\"og:title\" content=\"Serveis d\u2019Arquitectura i Interiorisme a Barcelona \u2013 Rennova\" \/>\n<meta property=\"og:description\" content=\"A Rennova t\u2019oferim la nostra experi\u00e8ncia en el desenvolupament de projectes d\u2019Arquitectura i Interiorisme a Barcelona. Informa\u2019t!\" \/>\n<meta property=\"og:url\" content=\"https:\/\/rennovabarcelona.com\/servicio\/arquitectura-e-interiorismo\/\" \/>\n<meta property=\"og:site_name\" content=\"Rennova\" \/>\n<meta property=\"article:modified_time\" content=\"2025-07-30T11:16:11+00:00\" \/>\n<meta name=\"twitter:card\" content=\"summary_large_image\" \/>\n<meta name=\"twitter:label1\" content=\"Temps estimat de lectura\" \/>\n\t<meta name=\"twitter:data1\" content=\"23 minuts\" \/>\n<script type=\"application\/ld+json\" class=\"yoast-schema-graph\">{\"@context\":\"https:\\\/\\\/schema.org\",\"@graph\":[{\"@type\":\"WebPage\",\"@id\":\"https:\\\/\\\/rennovabarcelona.com\\\/servicio\\\/arquitectura-e-interiorismo\\\/\",\"url\":\"https:\\\/\\\/rennovabarcelona.com\\\/servicio\\\/arquitectura-e-interiorismo\\\/\",\"name\":\"Serveis d\u2019Arquitectura i Interiorisme a Barcelona \u2013 Rennova\",\"isPartOf\":{\"@id\":\"https:\\\/\\\/rennovabarcelona.com\\\/#website\"},\"datePublished\":\"2025-07-05T10:53:03+00:00\",\"dateModified\":\"2025-07-30T11:16:11+00:00\",\"description\":\"A Rennova t\u2019oferim la nostra experi\u00e8ncia en el desenvolupament de projectes d\u2019Arquitectura i Interiorisme a Barcelona. Informa\u2019t!\",\"breadcrumb\":{\"@id\":\"https:\\\/\\\/rennovabarcelona.com\\\/servicio\\\/arquitectura-e-interiorismo\\\/#breadcrumb\"},\"inLanguage\":\"ca\",\"potentialAction\":[{\"@type\":\"ReadAction\",\"target\":[\"https:\\\/\\\/rennovabarcelona.com\\\/servicio\\\/arquitectura-e-interiorismo\\\/\"]}]},{\"@type\":\"BreadcrumbList\",\"@id\":\"https:\\\/\\\/rennovabarcelona.com\\\/servicio\\\/arquitectura-e-interiorismo\\\/#breadcrumb\",\"itemListElement\":[{\"@type\":\"ListItem\",\"position\":1,\"name\":\"Home\",\"item\":\"https:\\\/\\\/rennovabarcelona.com\\\/\"},{\"@type\":\"ListItem\",\"position\":2,\"name\":\"Arquitectura i interiorisme\"}]},{\"@type\":\"WebSite\",\"@id\":\"https:\\\/\\\/rennovabarcelona.com\\\/#website\",\"url\":\"https:\\\/\\\/rennovabarcelona.com\\\/\",\"name\":\"Rennova\",\"description\":\"\",\"potentialAction\":[{\"@type\":\"SearchAction\",\"target\":{\"@type\":\"EntryPoint\",\"urlTemplate\":\"https:\\\/\\\/rennovabarcelona.com\\\/?s={search_term_string}\"},\"query-input\":{\"@type\":\"PropertyValueSpecification\",\"valueRequired\":true,\"valueName\":\"search_term_string\"}}],\"inLanguage\":\"ca\"}]}<\/script>\n<!-- \/ Yoast SEO plugin. -->","yoast_head_json":{"title":"Serveis d\u2019Arquitectura i Interiorisme a Barcelona \u2013 Rennova","description":"A Rennova t\u2019oferim la nostra experi\u00e8ncia en el desenvolupament de projectes d\u2019Arquitectura i Interiorisme a Barcelona. Informa\u2019t!","robots":{"index":"index","follow":"follow","max-snippet":"max-snippet:-1","max-image-preview":"max-image-preview:large","max-video-preview":"max-video-preview:-1"},"canonical":"https:\/\/rennovabarcelona.com\/servicio\/arquitectura-e-interiorismo\/","og_locale":"ca_ES","og_type":"article","og_title":"Serveis d\u2019Arquitectura i Interiorisme a Barcelona \u2013 Rennova","og_description":"A Rennova t\u2019oferim la nostra experi\u00e8ncia en el desenvolupament de projectes d\u2019Arquitectura i Interiorisme a Barcelona. Informa\u2019t!","og_url":"https:\/\/rennovabarcelona.com\/servicio\/arquitectura-e-interiorismo\/","og_site_name":"Rennova","article_modified_time":"2025-07-30T11:16:11+00:00","twitter_card":"summary_large_image","twitter_misc":{"Temps estimat de lectura":"23 minuts"},"schema":{"@context":"https:\/\/schema.org","@graph":[{"@type":"WebPage","@id":"https:\/\/rennovabarcelona.com\/servicio\/arquitectura-e-interiorismo\/","url":"https:\/\/rennovabarcelona.com\/servicio\/arquitectura-e-interiorismo\/","name":"Serveis d\u2019Arquitectura i Interiorisme a Barcelona \u2013 Rennova","isPartOf":{"@id":"https:\/\/rennovabarcelona.com\/#website"},"datePublished":"2025-07-05T10:53:03+00:00","dateModified":"2025-07-30T11:16:11+00:00","description":"A Rennova t\u2019oferim la nostra experi\u00e8ncia en el desenvolupament de projectes d\u2019Arquitectura i Interiorisme a Barcelona. Informa\u2019t!","breadcrumb":{"@id":"https:\/\/rennovabarcelona.com\/servicio\/arquitectura-e-interiorismo\/#breadcrumb"},"inLanguage":"ca","potentialAction":[{"@type":"ReadAction","target":["https:\/\/rennovabarcelona.com\/servicio\/arquitectura-e-interiorismo\/"]}]},{"@type":"BreadcrumbList","@id":"https:\/\/rennovabarcelona.com\/servicio\/arquitectura-e-interiorismo\/#breadcrumb","itemListElement":[{"@type":"ListItem","position":1,"name":"Home","item":"https:\/\/rennovabarcelona.com\/"},{"@type":"ListItem","position":2,"name":"Arquitectura i interiorisme"}]},{"@type":"WebSite","@id":"https:\/\/rennovabarcelona.com\/#website","url":"https:\/\/rennovabarcelona.com\/","name":"Rennova","description":"","potentialAction":[{"@type":"SearchAction","target":{"@type":"EntryPoint","urlTemplate":"https:\/\/rennovabarcelona.com\/?s={search_term_string}"},"query-input":{"@type":"PropertyValueSpecification","valueRequired":true,"valueName":"search_term_string"}}],"inLanguage":"ca"}]}},"_links":{"self":[{"href":"https:\/\/rennovabarcelona.com\/ca\/wp-json\/wp\/v2\/servicio\/2069","targetHints":{"allow":["GET"]}}],"collection":[{"href":"https:\/\/rennovabarcelona.com\/ca\/wp-json\/wp\/v2\/servicio"}],"about":[{"href":"https:\/\/rennovabarcelona.com\/ca\/wp-json\/wp\/v2\/types\/servicio"}],"author":[{"embeddable":true,"href":"https:\/\/rennovabarcelona.com\/ca\/wp-json\/wp\/v2\/users\/1"}],"wp:attachment":[{"href":"https:\/\/rennovabarcelona.com\/ca\/wp-json\/wp\/v2\/media?parent=2069"}],"curies":[{"name":"wp","href":"https:\/\/api.w.org\/{rel}","templated":true}]}}