{"id":2071,"date":"2025-07-05T10:20:59","date_gmt":"2025-07-05T08:20:59","guid":{"rendered":"https:\/\/rennovabarcelona.com\/servicio\/tancaments-metallics\/"},"modified":"2025-07-30T12:56:15","modified_gmt":"2025-07-30T10:56:15","slug":"tancaments-metallics","status":"publish","type":"servicio","link":"https:\/\/rennovabarcelona.com\/ca\/servicio\/tancaments-metallics\/","title":{"rendered":"Tancaments met\u00e0l\u00b7lics"},"content":{"rendered":"<p>[et_pb_section fb_built=&#8221;1&#8243; _builder_version=&#8221;4.25.2&#8243; _module_preset=&#8221;default&#8221; background_image=&#8221;https:\/\/rennovabarcelona.com\/wp-content\/uploads\/2025\/07\/rennova-barcelona-cerramientos-metalicos.webp&#8221; custom_margin=&#8221;||4em||false|false&#8221; custom_padding=&#8221;6em||6em||true|false&#8221; global_colors_info=&#8221;{}&#8221;][et_pb_row _builder_version=&#8221;4.25.2&#8243; _module_preset=&#8221;default&#8221; width=&#8221;90%&#8221; global_colors_info=&#8221;{}&#8221;][et_pb_column type=&#8221;4_4&#8243; _builder_version=&#8221;4.25.2&#8243; _module_preset=&#8221;default&#8221; global_colors_info=&#8221;{}&#8221;][et_pb_text _builder_version=&#8221;4.25.2&#8243; _module_preset=&#8221;default&#8221; text_font=&#8221;|700||on|||||&#8221; text_text_color=&#8221;#FFFFFF&#8221; text_font_size=&#8221;20px&#8221; global_colors_info=&#8221;{}&#8221;]<\/p>\n<p>Portes i finestres d\u2019alumini, PVC i fusta<\/p>\n<p>[\/et_pb_text][et_pb_text _builder_version=&#8221;4.25.2&#8243; _module_preset=&#8221;default&#8221; text_text_color=&#8221;#FFFFFF&#8221; header_text_color=&#8221;#FFFFFF&#8221; header_font_size=&#8221;42px&#8221; header_line_height=&#8221;1.2em&#8221; header_2_text_color=&#8221;#FFFFFF&#8221; header_2_font_size=&#8221;42px&#8221; max_width=&#8221;800px&#8221; custom_margin=&#8221;||1em||false|false&#8221; header_font_size_tablet=&#8221;42px&#8221; header_font_size_phone=&#8221;30px&#8221; header_font_size_last_edited=&#8221;on|phone&#8221; global_colors_info=&#8221;{}&#8221;]<\/p>\n<h1><strong>Tancaments met\u00e0l\u00b7lics<\/strong><\/h1>\n<p>[\/et_pb_text][et_pb_button button_url=&#8221;@ET-DC@eyJkeW5hbWljIjp0cnVlLCJjb250ZW50IjoicG9zdF9saW5rX3VybF9wYWdlIiwic2V0dGluZ3MiOnsicG9zdF9pZCI6IjU0In19@&#8221; button_text=&#8221;Sol\u00b7licita pressupost&#8221; module_id=&#8221;btn-presupuesto&#8221; _builder_version=&#8221;4.25.2&#8243; _dynamic_attributes=&#8221;button_url&#8221; _module_preset=&#8221;default&#8221; custom_css_main_element=&#8221;width:fit-content;||text-align:center;&#8221; locked=&#8221;off&#8221; global_colors_info=&#8221;{}&#8221; custom_css_main_element_last_edited=&#8221;off|desktop&#8221; custom_css_main_element_tablet=&#8221;width:fit-content;||text-align:center;&#8221; custom_css_main_element_phone=&#8221;width:fit-content;||text-align:center;&#8221;][\/et_pb_button][\/et_pb_column][\/et_pb_row][\/et_pb_section][et_pb_section fb_built=&#8221;1&#8243; _builder_version=&#8221;4.25.2&#8243; _module_preset=&#8221;default&#8221; background_enable_color=&#8221;off&#8221; use_background_color_gradient=&#8221;on&#8221; background_color_gradient_direction=&#8221;90deg&#8221; background_color_gradient_stops=&#8221;#ffffff 70%|#6f8821 70%&#8221; custom_margin=&#8221;0px||3em||false|false&#8221; custom_padding=&#8221;0px||0px||true|false&#8221; background_last_edited=&#8221;on|tablet&#8221; use_background_color_gradient_tablet=&#8221;off&#8221; locked=&#8221;off&#8221; global_colors_info=&#8221;{}&#8221;][et_pb_row column_structure=&#8221;3_5,2_5&#8243; make_equal=&#8221;on&#8221; _builder_version=&#8221;4.25.2&#8243; _module_preset=&#8221;default&#8221; width=&#8221;90%&#8221; custom_padding=&#8221;0px||0px||true|false&#8221; global_colors_info=&#8221;{}&#8221;][et_pb_column type=&#8221;3_5&#8243; _builder_version=&#8221;4.25.2&#8243; _module_preset=&#8221;default&#8221; background_color=&#8221;#FFFFFF&#8221; global_colors_info=&#8221;{}&#8221;][et_pb_text _builder_version=&#8221;4.25.2&#8243; _module_preset=&#8221;default&#8221; text_font=&#8221;|300|||||||&#8221; text_font_size=&#8221;18px&#8221; custom_margin=&#8221;||1em||false|false&#8221; global_colors_info=&#8221;{}&#8221;]<\/p>\n<p>EXPERTS EN PORTES I FINESTRES A MIDA A BARCELONA<\/p>\n<p>[\/et_pb_text][et_pb_text _builder_version=&#8221;4.25.2&#8243; _module_preset=&#8221;default&#8221; header_font_size=&#8221;42px&#8221; header_line_height=&#8221;1.2em&#8221; header_2_font_size=&#8221;42px&#8221; custom_margin=&#8221;||1em||false|false&#8221; header_2_font_size_tablet=&#8221;42px&#8221; header_2_font_size_phone=&#8221;30px&#8221; header_2_font_size_last_edited=&#8221;on|phone&#8221; global_colors_info=&#8221;{}&#8221;]<\/p>\n<h2>Tancaments met\u00e0l\u00b7lics a mida per a tot tipus d\u2019espais<\/h2>\n<p>[\/et_pb_text][et_pb_text _builder_version=&#8221;4.25.2&#8243; _module_preset=&#8221;default&#8221; global_colors_info=&#8221;{}&#8221;]<\/p>\n<p>A la nostra empresa de reformes a Barcelona, oferim un servei especialitzat en <strong>tancaments met\u00e0l\u00b7lics per a habitatges, locals comercials i oficines<\/strong>. Ens encarreguem de dissenyar i instal\u00b7lar solucions resistents, est\u00e8tiques i funcionals que s\u2019adapten a les necessitats de cada client. Treballem amb materials d\u2019alta qualitat i comptem amb un equip professional amb \u00e0mplia experi\u00e8ncia en <strong>fusteria met\u00e0l\u00b7lica<\/strong>, cosa que ens permet oferir resultats duradors i amb un acabat impecable.<\/p>\n<p>Els tancaments met\u00e0l\u00b7lics no nom\u00e9s aporten seguretat, sin\u00f3 tamb\u00e9 <strong>a\u00efllament t\u00e8rmic i ac\u00fastic<\/strong>, factors clau per a <strong>millorar l\u2019efici\u00e8ncia energ\u00e8tica de l\u2019immoble<\/strong>. Realitzem tancaments complets de terrasses, balcons, patis interiors o galeries, combinant estructures met\u00e0l\u00b7liques amb finestres corredisses o batents d\u2019alumini o PVC. Tamb\u00e9 fabriquem tancaments per separar espais interiors, integrant elements com <strong>portes corredisses<\/strong> o <strong>divisoris envidrats<\/strong> amb perfils d\u2019acer o alumini.<\/p>\n<p>El nostre comprom\u00eds \u00e9s oferir <strong>solucions personalitzades<\/strong>. Per aix\u00f2, abans de cada instal\u00b7laci\u00f3, realitzem un estudi previ de l\u2019espai i assessorem el client sobre les millors opcions segons l\u2019\u00fas del tancament, l\u2019orientaci\u00f3, l\u2019exposici\u00f3 al clima i el disseny desitjat. Aix\u00f2 ens permet proposar alternatives eficients i est\u00e8ticament integrades en el conjunt arquitect\u00f2nic de l\u2019immoble.<\/p>\n<p>[\/et_pb_text][\/et_pb_column][et_pb_column type=&#8221;2_5&#8243; _builder_version=&#8221;4.25.2&#8243; _module_preset=&#8221;default&#8221; global_colors_info=&#8221;{}&#8221;][et_pb_image src=&#8221;https:\/\/rennovabarcelona.com\/wp-content\/uploads\/2025\/07\/rennova-barcelona-ventanas-de-pvc.webp&#8221; alt=&#8221;Finestres de PVC amb Rennova Barcelona&#8221; title_text=&#8221;rennova-barcelona-finestres-pvc&#8221; _builder_version=&#8221;4.25.2&#8243; _module_preset=&#8221;default&#8221; global_colors_info=&#8221;{}&#8221;][\/et_pb_image][\/et_pb_column][\/et_pb_row][\/et_pb_section][et_pb_section fb_built=&#8221;1&#8243; _builder_version=&#8221;4.25.2&#8243; _module_preset=&#8221;default&#8221; background_color=&#8221;#f8f8f8&#8243; custom_padding=&#8221;4em||4em||true|false&#8221; saved_tabs=&#8221;all&#8221; locked=&#8221;off&#8221; global_colors_info=&#8221;{}&#8221;][et_pb_row column_structure=&#8221;2_3,1_3&#8243; _builder_version=&#8221;4.25.2&#8243; _module_preset=&#8221;default&#8221; width=&#8221;90%&#8221; custom_padding=&#8221;0px||0px||true|false&#8221; custom_css_main_element=&#8221;display:flex;||align-items:center;&#8221; global_colors_info=&#8221;{}&#8221; custom_css_main_element_last_edited=&#8221;on|tablet&#8221; custom_css_main_element_tablet=&#8221;display:flex;||align-items:center;||flex-flow:column;&#8221; custom_css_main_element_phone=&#8221;display:flex;||align-items:center;||flex-flow:column;&#8221;][et_pb_column type=&#8221;2_3&#8243; _builder_version=&#8221;4.25.2&#8243; _module_preset=&#8221;default&#8221; global_colors_info=&#8221;{}&#8221;][et_pb_text _builder_version=&#8221;4.25.2&#8243; _module_preset=&#8221;default&#8221; text_font=&#8221;|300|||||||&#8221; text_font_size=&#8221;18px&#8221; custom_margin=&#8221;||1em||false|false&#8221; locked=&#8221;off&#8221; global_colors_info=&#8221;{}&#8221;]<\/p>\n<p>VOL SABER QUIN \u00c9S EL COST DE LA TEVA REFORMA?<\/p>\n<p>[\/et_pb_text][et_pb_text _builder_version=&#8221;4.25.2&#8243; _module_preset=&#8221;default&#8221; header_font_size=&#8221;42px&#8221; header_line_height=&#8221;1.2em&#8221; header_3_text_color=&#8221;#000000&#8243; header_3_font_size=&#8221;34px&#8221; header_3_line_height=&#8221;1.2em&#8221; custom_margin=&#8221;||1em||false|false&#8221; header_3_font_size_tablet=&#8221;&#8221; header_3_font_size_phone=&#8221;30px&#8221; header_3_font_size_last_edited=&#8221;on|phone&#8221; global_colors_info=&#8221;{}&#8221;]<\/p>\n<h3>Utilitza la nostra <a href=\"https:\/\/rennovabarcelona.com\/ca\/calculadora\/\"><u>calculadora de pressupostos<\/u><\/a>.<\/h3>\n<p>[\/et_pb_text][\/et_pb_column][et_pb_column type=&#8221;1_3&#8243; _builder_version=&#8221;4.25.2&#8243; _module_preset=&#8221;default&#8221; global_colors_info=&#8221;{}&#8221;][et_pb_button button_url=&#8221;@ET-DC@eyJkeW5hbWljIjp0cnVlLCJjb250ZW50IjoicG9zdF9saW5rX3VybF9wYWdlIiwic2V0dGluZ3MiOnsicG9zdF9pZCI6IjYwIn19@&#8221; button_text=&#8221;Prefereixes que et truquem?&#8221; module_id=&#8221;btn-llamame&#8221; _builder_version=&#8221;4.25.2&#8243; _dynamic_attributes=&#8221;button_url&#8221; _module_preset=&#8221;default&#8221; custom_css_main_element=&#8221;width:100%;||text-align:center;&#8221; global_colors_info=&#8221;{}&#8221; custom_css_main_element_last_edited=&#8221;on|tablet&#8221; custom_css_main_element_tablet=&#8221;width:fit-content;||text-align:center;&#8221; custom_css_main_element_phone=&#8221;width:fit-content;||text-align:center;&#8221;][\/et_pb_button][\/et_pb_column][\/et_pb_row][\/et_pb_section][et_pb_section fb_built=&#8221;1&#8243; _builder_version=&#8221;4.25.2&#8243; _module_preset=&#8221;default&#8221; background_enable_color=&#8221;off&#8221; use_background_color_gradient=&#8221;on&#8221; background_color_gradient_direction=&#8221;90deg&#8221; background_color_gradient_stops=&#8221;#6f8821 30%|#ffffff 30%&#8221; custom_margin=&#8221;3em||3em||true|false&#8221; custom_padding=&#8221;0px||0px||true|false&#8221; background_last_edited=&#8221;on|tablet&#8221; use_background_color_gradient_tablet=&#8221;off&#8221; locked=&#8221;off&#8221; global_colors_info=&#8221;{}&#8221;][et_pb_row column_structure=&#8221;3_5,2_5&#8243; make_equal=&#8221;on&#8221; _builder_version=&#8221;4.25.2&#8243; _module_preset=&#8221;default&#8221; width=&#8221;90%&#8221; custom_padding=&#8221;0px||0px||true|false&#8221; global_colors_info=&#8221;{}&#8221;][et_pb_column type=&#8221;3_5&#8243; _builder_version=&#8221;4.25.2&#8243; _module_preset=&#8221;default&#8221; global_colors_info=&#8221;{}&#8221;][et_pb_image src=&#8221;https:\/\/rennovabarcelona.com\/wp-content\/uploads\/2025\/07\/rennova-barcelona-ventanas-de-aluminio.webp&#8221; alt=&#8221;Finestres i tancaments d\u2019alumini a Barcelona amb Rennova&#8221; title_text=&#8221;rennova-barcelona-finestres-alumini&#8221; _builder_version=&#8221;4.25.2&#8243; _module_preset=&#8221;default&#8221; global_colors_info=&#8221;{}&#8221;][\/et_pb_image][\/et_pb_column][et_pb_column type=&#8221;2_5&#8243; _builder_version=&#8221;4.25.2&#8243; _module_preset=&#8221;default&#8221; background_color=&#8221;#FFFFFF&#8221; global_colors_info=&#8221;{}&#8221;][et_pb_text _builder_version=&#8221;4.25.2&#8243; _module_preset=&#8221;default&#8221; text_font=&#8221;|300|||||||&#8221; text_font_size=&#8221;18px&#8221; text_orientation=&#8221;right&#8221; custom_margin=&#8221;||1em||false|false&#8221; text_orientation_tablet=&#8221;left&#8221; text_orientation_phone=&#8221;left&#8221; text_orientation_last_edited=&#8221;on|tablet&#8221; global_colors_info=&#8221;{}&#8221;]<\/p>\n<p>EL MILLOR ASSESSORAMENT<\/p>\n<p>[\/et_pb_text][et_pb_text _builder_version=&#8221;4.25.2&#8243; _module_preset=&#8221;default&#8221; header_text_align=&#8221;right&#8221; header_font_size=&#8221;42px&#8221; header_line_height=&#8221;1.2em&#8221; header_2_text_align=&#8221;right&#8221; header_2_font_size=&#8221;42px&#8221; header_2_line_height=&#8221;1.2em&#8221; custom_margin=&#8221;||1em||false|false&#8221; header_text_align_tablet=&#8221;left&#8221; header_text_align_phone=&#8221;left&#8221; header_text_align_last_edited=&#8221;on|tablet&#8221; header_2_text_align_tablet=&#8221;left&#8221; header_2_text_align_phone=&#8221;left&#8221; header_2_text_align_last_edited=&#8221;on|tablet&#8221; header_2_font_size_tablet=&#8221;42px&#8221; header_2_font_size_phone=&#8221;30px&#8221; header_2_font_size_last_edited=&#8221;on|phone&#8221; global_colors_info=&#8221;{}&#8221;]<\/p>\n<h2>Varietat de materials: alumini, PVC i fusta<\/h2>\n<p>[\/et_pb_text][et_pb_text _builder_version=&#8221;4.25.2&#8243; _module_preset=&#8221;default&#8221; text_orientation=&#8221;right&#8221; text_orientation_tablet=&#8221;left&#8221; text_orientation_phone=&#8221;left&#8221; text_orientation_last_edited=&#8221;on|tablet&#8221; global_colors_info=&#8221;{}&#8221;]<\/p>\n<p>En el servei de tancaments met\u00e0l\u00b7lics que oferim a Barcelona, posem especial atenci\u00f3 a <strong>l\u2019elecci\u00f3 dels materials<\/strong>, ja que d\u2019aix\u00f2 dep\u00e8n no nom\u00e9s l\u2019est\u00e8tica, sin\u00f3 tamb\u00e9 la resist\u00e8ncia i el confort. La nostra fusteria met\u00e0l\u00b7lica treballa principalment amb alumini, PVC i fusta, o b\u00e9 amb combinacions d\u2019aquests materials <strong>segons l\u2019estil i les necessitats del projecte<\/strong>.<\/p>\n<p>L\u2019<strong>alumini<\/strong> \u00e9s un dels materials m\u00e9s demandats per la seva lleugeresa, resist\u00e8ncia a la corrosi\u00f3 i versatilitat. Ideal per fabricar portes i finestres de tot tipus, l\u2019alumini permet crear perfils fins que deixen passar m\u00e9s llum, sense renunciar a la seguretat ni a l\u2019a\u00efllament. Oferim una \u00e0mplia gamma de colors i acabats, fins i tot imitaci\u00f3 fusta, per integrar-se amb qualsevol estil decoratiu.<\/p>\n<p>El <strong>PVC<\/strong>, per la seva banda, destaca per la seva excel\u00b7lent capacitat a\u00efllant i el seu baix manteniment. \u00c9s una opci\u00f3 molt eficient per a tancaments exteriors en zones exposades al vent, la pluja o el soroll, com balcons, terrasses o patis interiors. Tamb\u00e9 \u00e9s molt utilitzat en finestres oscil\u00b7lobatents per la seva hermeticitat.<\/p>\n<p>Per a qui busca un toc m\u00e9s c\u00e0lid o r\u00fastic, la <strong>fusta<\/strong> continua sent una alternativa v\u00e0lida, sobretot en cases de camp o habitatges amb estil tradicional. Podem incorporar marcs de fusta tractada a l\u2019interior, combinats amb alumini per fora per protegir-los del clima. Aquesta opci\u00f3 h\u00edbrida ofereix el millor dels dos mons: bellesa natural per dins i resist\u00e8ncia per fora.<\/p>\n<p>[\/et_pb_text][et_pb_button button_url=&#8221;@ET-DC@eyJkeW5hbWljIjp0cnVlLCJjb250ZW50IjoicG9zdF9saW5rX3VybF9wYWdlIiwic2V0dGluZ3MiOnsicG9zdF9pZCI6IjYyIn19@&#8221; button_text=&#8221;Veure projectes&#8221; button_alignment=&#8221;right&#8221; button_alignment_tablet=&#8221;left&#8221; button_alignment_phone=&#8221;left&#8221; button_alignment_last_edited=&#8221;on|tablet&#8221; module_id=&#8221;btn-presupuesto&#8221; _builder_version=&#8221;4.25.2&#8243; _dynamic_attributes=&#8221;button_url&#8221; _module_preset=&#8221;default&#8221; custom_button=&#8221;on&#8221; button_bg_color=&#8221;#2f2017&#8243; custom_css_main_element=&#8221;width:fit-content;||text-align:center;&#8221; global_colors_info=&#8221;{}&#8221; button_bg_color__hover_enabled=&#8221;on|hover&#8221; button_bg_color__hover=&#8221;#6f8821&#8243; button_bg_enable_color__hover=&#8221;on&#8221;][\/et_pb_button][\/et_pb_column][\/et_pb_row][\/et_pb_section][et_pb_section fb_built=&#8221;1&#8243; _builder_version=&#8221;4.25.2&#8243; _module_preset=&#8221;default&#8221; background_enable_color=&#8221;off&#8221; use_background_color_gradient=&#8221;on&#8221; background_color_gradient_direction=&#8221;90deg&#8221; background_color_gradient_stops=&#8221;#ffffff 70%|#6f8821 70%&#8221; custom_margin=&#8221;0px||3em||false|false&#8221; custom_padding=&#8221;0px||0px||true|false&#8221; background_last_edited=&#8221;on|tablet&#8221; use_background_color_gradient_tablet=&#8221;off&#8221; locked=&#8221;off&#8221; global_colors_info=&#8221;{}&#8221;][et_pb_row column_structure=&#8221;3_5,2_5&#8243; make_equal=&#8221;on&#8221; _builder_version=&#8221;4.25.2&#8243; _module_preset=&#8221;default&#8221; width=&#8221;90%&#8221; custom_padding=&#8221;0px||0px||true|false&#8221; global_colors_info=&#8221;{}&#8221;][et_pb_column type=&#8221;3_5&#8243; _builder_version=&#8221;4.25.2&#8243; _module_preset=&#8221;default&#8221; background_color=&#8221;#FFFFFF&#8221; global_colors_info=&#8221;{}&#8221;][et_pb_text _builder_version=&#8221;4.25.2&#8243; _module_preset=&#8221;default&#8221; text_font=&#8221;|300|||||||&#8221; text_font_size=&#8221;18px&#8221; custom_margin=&#8221;||1em||false|false&#8221; global_colors_info=&#8221;{}&#8221;]<\/p>\n<p>GUANYAR QUALITAT DE VIDA EST\u00c0 A LES TEVES MANS<\/p>\n<p>[\/et_pb_text][et_pb_text _builder_version=&#8221;4.25.2&#8243; _module_preset=&#8221;default&#8221; header_font_size=&#8221;42px&#8221; header_line_height=&#8221;1.2em&#8221; header_2_font_size=&#8221;42px&#8221; custom_margin=&#8221;||1em||false|false&#8221; header_2_font_size_tablet=&#8221;42px&#8221; header_2_font_size_phone=&#8221;30px&#8221; header_2_font_size_last_edited=&#8221;on|phone&#8221; global_colors_info=&#8221;{}&#8221;]<\/p>\n<h2>Portes, finestres i baranes amb disseny i funcionalitat<\/h2>\n<p>[\/et_pb_text][et_pb_text _builder_version=&#8221;4.25.2&#8243; _module_preset=&#8221;default&#8221; global_colors_info=&#8221;{}&#8221;]<\/p>\n<p>A m\u00e9s dels tancaments complets, la nostra empresa a Barcelona s\u2019especialitza en la instal\u00b7laci\u00f3 de <strong>portes i finestres d\u2019alumini, PVC i fusta<\/strong>, adaptades a cada necessitat funcional i est\u00e8tica. Fabriquem i instal\u00b7lem finestres corredisses, batents i oscil\u00b7lobatents, totes amb ferratges d\u2019alta qualitat i vidres de control solar o doble vidre per millorar el confort de la llar.<\/p>\n<p>Les <strong>finestres corredisses<\/strong> s\u00f3n ideals per a espais redu\u00efts o per mantenir una vista clara cap a l\u2019exterior. Les <strong>batents<\/strong> ofereixen un major nivell d\u2019a\u00efllament, mentre que les <strong>oscil\u00b7lobatents<\/strong> combinen funcionalitat i ventilaci\u00f3 controlada, sent una de les opcions m\u00e9s vers\u00e0tils del mercat. Totes les nostres finestres es poden personalitzar en mida, color i sistema d\u2019obertura.<\/p>\n<p>Pel que fa a les <strong>portes<\/strong>, treballem des de portes d\u2019entrada d\u2019alumini amb panys de seguretat fins a portes interiors amb disseny modern o cl\u00e0ssic. Tamb\u00e9 instal\u00b7lem portes balc\u00f3 amb fulles corredisses o batents, perfectes per connectar l\u2019interior de l\u2019habitatge amb terrasses o balcons sense perdre a\u00efllament ni est\u00e8tica.<\/p>\n<p>Finalment, dissenyem i instal\u00b7lem <strong>baranes met\u00e0l\u00b7liques<\/strong> a mida, tant per a escales interiors com per a balcons i terrasses. Utilitzem acer inoxidable, ferro forjat o alumini lacat, segons l\u2019estil arquitect\u00f2nic de l\u2019immoble. Les nostres baranes combinen seguretat, resist\u00e8ncia i disseny, i poden incloure elements de vidre temperat per a una aparen\u00e7a m\u00e9s lleugera i contempor\u00e0nia.<\/p>\n<p>[\/et_pb_text][\/et_pb_column][et_pb_column type=&#8221;2_5&#8243; _builder_version=&#8221;4.25.2&#8243; _module_preset=&#8221;default&#8221; global_colors_info=&#8221;{}&#8221;][et_pb_image src=&#8221;https:\/\/rennovabarcelona.com\/wp-content\/uploads\/2025\/07\/rennova-barcelona-carpinteria-metalica.webp&#8221; alt=&#8221;Fusteria met\u00e0l\u00b7lica a Barcelona gr\u00e0cies a Rennova&#8221; title_text=&#8221;rennova-barcelona-fusteria-metallica&#8221; _builder_version=&#8221;4.25.2&#8243; _module_preset=&#8221;default&#8221; global_colors_info=&#8221;{}&#8221;][\/et_pb_image][\/et_pb_column][\/et_pb_row][\/et_pb_section][et_pb_section fb_built=&#8221;1&#8243; admin_label=&#8221;section&#8221; _builder_version=&#8221;4.25.2&#8243; _module_preset=&#8221;default&#8221; background_color=&#8221;#f8f8f8&#8243; custom_padding=&#8221;4em||4em||true|false&#8221; saved_tabs=&#8221;all&#8221; global_colors_info=&#8221;{}&#8221;][et_pb_row column_structure=&#8221;1_3,2_3&#8243; _builder_version=&#8221;4.25.2&#8243; _module_preset=&#8221;default&#8221; width=&#8221;90%&#8221; custom_padding=&#8221;0px||0px||false|false&#8221; custom_css_main_element=&#8221;display:flex;||align-items:center;&#8221; global_colors_info=&#8221;{}&#8221; custom_css_main_element_last_edited=&#8221;on|tablet&#8221; custom_css_main_element_phone=&#8221;flex-flow:column-reverse;||display:flex;||align-content:center;||justify-content:center;&#8221; custom_css_main_element_tablet=&#8221;flex-flow:column-reverse;||display:flex;||align-content:center;||justify-content:center;&#8221;][et_pb_column type=&#8221;1_3&#8243; _builder_version=&#8221;4.25.2&#8243; _module_preset=&#8221;default&#8221; global_colors_info=&#8221;{}&#8221;][et_pb_button button_url=&#8221;\/wp-content\/uploads\/2025\/07\/guia-reforma-rennova-ca.pdf&#8221; url_new_window=&#8221;on&#8221; button_text=&#8221; Guia reforma pas a pas&#8221; _builder_version=&#8221;4.25.2&#8243; _module_preset=&#8221;default&#8221; hover_enabled=&#8221;0&#8243; custom_css_main_element=&#8221;width:100%;||text-align:center;&#8221; locked=&#8221;off&#8221; global_colors_info=&#8221;{}&#8221; custom_css_main_element_last_edited=&#8221;on|tablet&#8221; custom_css_main_element_tablet=&#8221;width:fit-content;||text-align:center;&#8221; custom_css_main_element_phone=&#8221;width:fit-content;||text-align:center;&#8221; sticky_enabled=&#8221;0&#8243;][\/et_pb_button][\/et_pb_column][et_pb_column type=&#8221;2_3&#8243; _builder_version=&#8221;4.25.2&#8243; _module_preset=&#8221;default&#8221; global_colors_info=&#8221;{}&#8221;][et_pb_text _builder_version=&#8221;4.25.2&#8243; _module_preset=&#8221;default&#8221; text_font=&#8221;|300||on|||||&#8221; text_font_size=&#8221;18px&#8221; text_orientation=&#8221;right&#8221; custom_margin=&#8221;||1em||false|false&#8221; text_orientation_tablet=&#8221;left&#8221; text_orientation_phone=&#8221;left&#8221; text_orientation_last_edited=&#8221;on|phone&#8221; locked=&#8221;off&#8221; global_colors_info=&#8221;{}&#8221;]<\/p>\n<p>T\u2019ajudem a planificar la teva reforma<\/p>\n<p>[\/et_pb_text][et_pb_text _builder_version=&#8221;4.25.2&#8243; _module_preset=&#8221;default&#8221; header_font_size=&#8221;42px&#8221; header_line_height=&#8221;1.2em&#8221; header_2_text_color=&#8221;#000000&#8243; header_3_text_color=&#8221;#000000&#8243; header_3_font_size=&#8221;34px&#8221; header_3_line_height=&#8221;1.2em&#8221; text_orientation=&#8221;right&#8221; custom_margin=&#8221;||1em||false|false&#8221; hover_enabled=&#8221;0&#8243; header_2_font_size_tablet=&#8221;&#8221; header_2_font_size_phone=&#8221;30px&#8221; header_2_font_size_last_edited=&#8221;on|phone&#8221; text_orientation_tablet=&#8221;left&#8221; text_orientation_phone=&#8221;left&#8221; text_orientation_last_edited=&#8221;on|phone&#8221; locked=&#8221;off&#8221; global_colors_info=&#8221;{}&#8221; sticky_enabled=&#8221;0&#8243;]<\/p>\n<h2>Descarrega la nostra guia <a href=\"\/wp-content\/uploads\/2025\/07\/guia-reforma-rennova-ca.pdf\" target=\"_blank\" rel=\"noopener\"><span style=\"text-decoration: underline;\">Reforma pas a pas<\/span><\/a><\/h2>\n<p>[\/et_pb_text][\/et_pb_column][\/et_pb_row][\/et_pb_section][et_pb_section fb_built=&#8221;1&#8243; _builder_version=&#8221;4.25.2&#8243; _module_preset=&#8221;default&#8221; background_enable_color=&#8221;off&#8221; use_background_color_gradient=&#8221;on&#8221; background_color_gradient_direction=&#8221;90deg&#8221; background_color_gradient_stops=&#8221;#ffffff 95%|#6f8821 95%&#8221; custom_margin=&#8221;3em||3em||true|false&#8221; custom_padding=&#8221;0px||0px||true|false&#8221; background_last_edited=&#8221;on|tablet&#8221; use_background_color_gradient_tablet=&#8221;off&#8221; saved_tabs=&#8221;all&#8221; locked=&#8221;off&#8221; global_colors_info=&#8221;{}&#8221;][et_pb_row column_structure=&#8221;3_5,2_5&#8243; make_equal=&#8221;on&#8221; _builder_version=&#8221;4.25.2&#8243; _module_preset=&#8221;default&#8221; background_color=&#8221;#FFFFFF&#8221; width=&#8221;90%&#8221; custom_padding=&#8221;0px||0px||true|false&#8221; global_colors_info=&#8221;{}&#8221;][et_pb_column type=&#8221;3_5&#8243; _builder_version=&#8221;4.25.2&#8243; _module_preset=&#8221;default&#8221; background_color=&#8221;#FFFFFF&#8221; global_colors_info=&#8221;{}&#8221;][et_pb_text _builder_version=&#8221;4.25.2&#8243; _module_preset=&#8221;default&#8221; text_font=&#8221;|300|||||||&#8221; text_font_size=&#8221;18px&#8221; custom_margin=&#8221;||1em||false|false&#8221; global_colors_info=&#8221;{}&#8221;]<\/p>\n<p>CONFIAN\u00c7A I TRANQUIL\u00b7LITAT<\/p>\n<p>[\/et_pb_text][et_pb_text _builder_version=&#8221;4.25.2&#8243; _module_preset=&#8221;default&#8221; text_font=&#8221;&#8211;et_global_heading_font||||||||&#8221; text_text_color=&#8221;#6f8821&#8243; text_font_size=&#8221;42px&#8221; text_line_height=&#8221;1.2em&#8221; header_font_size=&#8221;42px&#8221; header_line_height=&#8221;1.2em&#8221; header_2_font_size=&#8221;42px&#8221; header_2_line_height=&#8221;1.2em&#8221; custom_margin=&#8221;||1em||false|false&#8221; header_2_font_size_tablet=&#8221;&#8221; header_2_font_size_phone=&#8221;30px&#8221; header_2_font_size_last_edited=&#8221;on|phone&#8221; global_colors_info=&#8221;{}&#8221;]<\/p>\n<h2>Quina reforma necessites?<br \/>Descobreix els nostres serveis<\/h2>\n<p>[\/et_pb_text][\/et_pb_column][et_pb_column type=&#8221;2_5&#8243; _builder_version=&#8221;4.25.2&#8243; _module_preset=&#8221;default&#8221; global_colors_info=&#8221;{}&#8221;][\/et_pb_column][\/et_pb_row][et_pb_row module_class=&#8221;seccion-servicios&#8221; _builder_version=&#8221;4.25.2&#8243; _module_preset=&#8221;default&#8221; width=&#8221;90%&#8221; custom_css_main_element=&#8221;display:flex;||flex-flow:wrap;||&#8221; global_colors_info=&#8221;{}&#8221;][et_pb_column type=&#8221;4_4&#8243; _builder_version=&#8221;4.25.2&#8243; _module_preset=&#8221;default&#8221; custom_css_main_element=&#8221;display:flex;||flex-flow:wrap;||justify-content:space-around;&#8221; global_colors_info=&#8221;{}&#8221;][et_pb_blurb image=&#8221;https:\/\/rennovabarcelona.com\/wp-content\/uploads\/2024\/09\/icono-negro-reformas-integrales-rennova.webp&#8221; image_icon_width=&#8221;90px&#8221; _builder_version=&#8221;4.25.2&#8243; _dynamic_attributes=&#8221;link_option_url&#8221; _module_preset=&#8221;default&#8221; header_font=&#8221;&#8211;et_global_body_font|300||on|||||&#8221; header_text_align=&#8221;center&#8221; header_text_color=&#8221;#000000&#8243; header_font_size=&#8221;18px&#8221; body_font=&#8221;&#8211;et_global_body_font|300||on|||||&#8221; body_text_align=&#8221;center&#8221; body_font_size=&#8221;17px&#8221; image_icon_custom_margin=&#8221;||0px||false|false&#8221; image_icon_custom_padding=&#8221;||0px||false|false&#8221; link_option_url=&#8221;@ET-DC@eyJkeW5hbWljIjp0cnVlLCJjb250ZW50IjoicG9zdF9saW5rX3VybF9zZXJ2aWNpbyIsInNldHRpbmdzIjp7InBvc3RfaWQiOiI5MyJ9fQ==@&#8221; custom_css_main_element=&#8221;max-width:150px;&#8221; custom_css_free_form=&#8221;selector .et_pb_blurb_content:hover .et_pb_module_header{||  font-weight:bold;||}||selector .et_pb_blurb_content:hover{||  cursor:pointer;||}||selector img{||  height:80px;||}&#8221; custom_css_blurb_image=&#8221;margin-bottom:1.5em;&#8221; global_colors_info=&#8221;{}&#8221; image__hover_enabled=&#8221;on|hover&#8221; image__hover=&#8221;https:\/\/rennovabarcelona.com\/wp-content\/uploads\/2024\/09\/icono-verde-reformas-integrales-rennova.webp&#8221; custom_css_blurb_title__hover_enabled=&#8221;off|hover&#8221; custom_css_main_element__hover_enabled=&#8221;off|hover&#8221; custom_css_blurb_content__hover_enabled=&#8221;off|hover&#8221;]<\/p>\n<p>Reformes integrals<\/p>\n<p>[\/et_pb_blurb][et_pb_blurb image=&#8221;https:\/\/rennovabarcelona.com\/wp-content\/uploads\/2024\/09\/icono-negro-reformas-cocinas-rennova.webp&#8221; image_icon_width=&#8221;90px&#8221; _builder_version=&#8221;4.25.2&#8243; _dynamic_attributes=&#8221;link_option_url&#8221; _module_preset=&#8221;default&#8221; header_font=&#8221;&#8211;et_global_body_font|300||on|||||&#8221; header_text_align=&#8221;center&#8221; header_text_color=&#8221;#000000&#8243; header_font_size=&#8221;18px&#8221; body_font=&#8221;&#8211;et_global_body_font|300||on|||||&#8221; body_text_align=&#8221;center&#8221; body_font_size=&#8221;17px&#8221; image_icon_custom_margin=&#8221;||0px||false|false&#8221; image_icon_custom_padding=&#8221;||0px||false|false&#8221; link_option_url=&#8221;@ET-DC@eyJkeW5hbWljIjp0cnVlLCJjb250ZW50IjoicG9zdF9saW5rX3VybF9zZXJ2aWNpbyIsInNldHRpbmdzIjp7InBvc3RfaWQiOiIyNTAifX0=@&#8221; custom_css_main_element=&#8221;max-width:150px;&#8221; custom_css_free_form=&#8221;selector .et_pb_blurb_content:hover .et_pb_module_header{||  font-weight:bold;||}||selector .et_pb_blurb_content:hover{||  cursor:pointer;||}||selector img{||  height:80px;||}&#8221; custom_css_blurb_image=&#8221;margin-bottom:1.5em;&#8221; global_colors_info=&#8221;{}&#8221; image__hover_enabled=&#8221;on|hover&#8221; image__hover=&#8221;https:\/\/rennovabarcelona.com\/wp-content\/uploads\/2024\/09\/icono-verde-reformas-cocinas-rennova.webp&#8221; custom_css_blurb_title__hover_enabled=&#8221;off|hover&#8221; custom_css_main_element__hover_enabled=&#8221;off|hover&#8221; custom_css_blurb_content__hover_enabled=&#8221;off|hover&#8221;]<\/p>\n<p>Reformes de cuines<\/p>\n<p>[\/et_pb_blurb][et_pb_blurb image=&#8221;https:\/\/rennovabarcelona.com\/wp-content\/uploads\/2024\/09\/icono-negro-reformas-banos-rennova.webp&#8221; image_icon_width=&#8221;90px&#8221; _builder_version=&#8221;4.25.2&#8243; _dynamic_attributes=&#8221;link_option_url&#8221; _module_preset=&#8221;default&#8221; header_font=&#8221;&#8211;et_global_body_font|300||on|||||&#8221; header_text_align=&#8221;center&#8221; header_text_color=&#8221;#000000&#8243; header_font_size=&#8221;18px&#8221; body_font=&#8221;&#8211;et_global_body_font|300||on|||||&#8221; body_text_align=&#8221;center&#8221; body_font_size=&#8221;17px&#8221; image_icon_custom_margin=&#8221;||0px||false|false&#8221; image_icon_custom_padding=&#8221;||0px||false|false&#8221; link_option_url=&#8221;@ET-DC@eyJkeW5hbWljIjp0cnVlLCJjb250ZW50IjoicG9zdF9saW5rX3VybF9zZXJ2aWNpbyIsInNldHRpbmdzIjp7InBvc3RfaWQiOiIyNTEifX0=@&#8221; custom_css_main_element=&#8221;max-width:150px;&#8221; custom_css_free_form=&#8221;selector .et_pb_blurb_content:hover .et_pb_module_header{||  font-weight:bold;||}||selector .et_pb_blurb_content:hover{||  cursor:pointer;||}||selector img{||  height:80px;||}&#8221; custom_css_blurb_image=&#8221;margin-bottom:1.5em;&#8221; global_colors_info=&#8221;{}&#8221; image__hover_enabled=&#8221;on|desktop&#8221; image__hover=&#8221;https:\/\/rennovabarcelona.com\/wp-content\/uploads\/2024\/09\/icono-verde-reformas-banos-rennova.webp&#8221; custom_css_blurb_title__hover_enabled=&#8221;off|hover&#8221; custom_css_main_element__hover_enabled=&#8221;off|hover&#8221; custom_css_blurb_content__hover_enabled=&#8221;off|hover&#8221;]<\/p>\n<p>Reformes de banys<\/p>\n<p>[\/et_pb_blurb][et_pb_blurb image=&#8221;https:\/\/rennovabarcelona.com\/wp-content\/uploads\/2024\/09\/icono-negro-reformas-comunidades-rennova.webp&#8221; image_icon_width=&#8221;90px&#8221; _builder_version=&#8221;4.25.2&#8243; _dynamic_attributes=&#8221;link_option_url&#8221; _module_preset=&#8221;default&#8221; header_font=&#8221;&#8211;et_global_body_font|300||on|||||&#8221; header_text_align=&#8221;center&#8221; header_text_color=&#8221;#000000&#8243; header_font_size=&#8221;18px&#8221; body_font=&#8221;&#8211;et_global_body_font|300||on|||||&#8221; body_text_align=&#8221;center&#8221; body_font_size=&#8221;17px&#8221; image_icon_custom_margin=&#8221;||0px||false|false&#8221; image_icon_custom_padding=&#8221;||0px||false|false&#8221; link_option_url=&#8221;@ET-DC@eyJkeW5hbWljIjp0cnVlLCJjb250ZW50IjoicG9zdF9saW5rX3VybF9zZXJ2aWNpbyIsInNldHRpbmdzIjp7InBvc3RfaWQiOiIyNTIifX0=@&#8221; custom_css_main_element=&#8221;max-width:150px;&#8221; custom_css_free_form=&#8221;selector .et_pb_blurb_content:hover .et_pb_module_header{||  font-weight:bold;||}||selector .et_pb_blurb_content:hover{||  cursor:pointer;||}||selector img{||  height:80px;||}&#8221; custom_css_blurb_image=&#8221;margin-bottom:1.5em;&#8221; global_colors_info=&#8221;{}&#8221; image__hover_enabled=&#8221;on|hover&#8221; image__hover=&#8221;https:\/\/rennovabarcelona.com\/wp-content\/uploads\/2024\/09\/icono-verde-reformas-comunidades-rennova.webp&#8221; custom_css_blurb_title__hover_enabled=&#8221;off|hover&#8221; custom_css_main_element__hover_enabled=&#8221;off|hover&#8221; custom_css_blurb_content__hover_enabled=&#8221;off|hover&#8221;]<\/p>\n<p>Reformes de comunitats<\/p>\n<p>[\/et_pb_blurb][et_pb_blurb image=&#8221;https:\/\/rennovabarcelona.com\/wp-content\/uploads\/2024\/09\/icono-negro-locales-comerciales-rennova.webp&#8221; image_icon_width=&#8221;90px&#8221; _builder_version=&#8221;4.25.2&#8243; _dynamic_attributes=&#8221;link_option_url&#8221; _module_preset=&#8221;default&#8221; header_font=&#8221;&#8211;et_global_body_font|300||on|||||&#8221; header_text_align=&#8221;center&#8221; header_text_color=&#8221;#000000&#8243; header_font_size=&#8221;18px&#8221; body_font=&#8221;&#8211;et_global_body_font|300||on|||||&#8221; body_text_align=&#8221;center&#8221; body_font_size=&#8221;17px&#8221; image_icon_custom_margin=&#8221;||0px||false|false&#8221; image_icon_custom_padding=&#8221;||0px||false|false&#8221; link_option_url=&#8221;@ET-DC@eyJkeW5hbWljIjp0cnVlLCJjb250ZW50IjoicG9zdF9saW5rX3VybF9zZXJ2aWNpbyIsInNldHRpbmdzIjp7InBvc3RfaWQiOiIyNTMifX0=@&#8221; custom_css_main_element=&#8221;max-width:150px;&#8221; custom_css_free_form=&#8221;selector .et_pb_blurb_content:hover .et_pb_module_header{||  font-weight:bold;||}||selector .et_pb_blurb_content:hover{||  cursor:pointer;||}||selector img{||  height:80px;||}&#8221; custom_css_blurb_image=&#8221;margin-bottom:1.5em;&#8221; global_colors_info=&#8221;{}&#8221; image__hover_enabled=&#8221;on|hover&#8221; image__hover=&#8221;https:\/\/rennovabarcelona.com\/wp-content\/uploads\/2024\/09\/icono-verde-locales-comerciales-rennova.webp&#8221; custom_css_blurb_title__hover_enabled=&#8221;off|hover&#8221; custom_css_main_element__hover_enabled=&#8221;off|hover&#8221; custom_css_blurb_content__hover_enabled=&#8221;off|hover&#8221;]<\/p>\n<p>Locals comercials<\/p>\n<p>[\/et_pb_blurb][et_pb_blurb image=&#8221;https:\/\/rennovabarcelona.com\/wp-content\/uploads\/2024\/09\/icono-negro-rehabilitacion-edificios-rennova.webp&#8221; image_icon_width=&#8221;90px&#8221; _builder_version=&#8221;4.25.2&#8243; _dynamic_attributes=&#8221;link_option_url&#8221; _module_preset=&#8221;default&#8221; header_font=&#8221;&#8211;et_global_body_font|300||on|||||&#8221; header_text_align=&#8221;center&#8221; header_text_color=&#8221;#000000&#8243; header_font_size=&#8221;18px&#8221; body_font=&#8221;&#8211;et_global_body_font|300||on|||||&#8221; body_text_align=&#8221;center&#8221; body_font_size=&#8221;17px&#8221; image_icon_custom_margin=&#8221;||0px||false|false&#8221; image_icon_custom_padding=&#8221;||0px||false|false&#8221; link_option_url=&#8221;@ET-DC@eyJkeW5hbWljIjp0cnVlLCJjb250ZW50IjoicG9zdF9saW5rX3VybF9zZXJ2aWNpbyIsInNldHRpbmdzIjp7InBvc3RfaWQiOiIyNTQifX0=@&#8221; custom_css_main_element=&#8221;max-width:150px;&#8221; custom_css_free_form=&#8221;selector .et_pb_blurb_content:hover .et_pb_module_header{||  font-weight:bold;||}||selector .et_pb_blurb_content:hover{||  cursor:pointer;||}||selector img{||  height:80px;||}&#8221; custom_css_blurb_image=&#8221;margin-bottom:1.5em;&#8221; global_colors_info=&#8221;{}&#8221; image__hover_enabled=&#8221;on|hover&#8221; image__hover=&#8221;https:\/\/rennovabarcelona.com\/wp-content\/uploads\/2024\/09\/icono-verde-rehabilitacion-edificios-rennova.webp&#8221; custom_css_blurb_title__hover_enabled=&#8221;off|hover&#8221; custom_css_main_element__hover_enabled=&#8221;off|hover&#8221; custom_css_blurb_content__hover_enabled=&#8221;off|hover&#8221;]<\/p>\n<p>Rehabilitaci\u00f3 d\u2019edificis<\/p>\n<p>[\/et_pb_blurb][et_pb_blurb image=&#8221;https:\/\/rennovabarcelona.com\/wp-content\/uploads\/2024\/09\/icono-negro-para-alquilar-rennova.webp&#8221; image_icon_width=&#8221;90px&#8221; _builder_version=&#8221;4.25.2&#8243; _dynamic_attributes=&#8221;link_option_url&#8221; _module_preset=&#8221;default&#8221; header_font=&#8221;&#8211;et_global_body_font|300||on|||||&#8221; header_text_align=&#8221;center&#8221; header_text_color=&#8221;#000000&#8243; header_font_size=&#8221;18px&#8221; body_font=&#8221;&#8211;et_global_body_font|300||on|||||&#8221; body_text_align=&#8221;center&#8221; body_font_size=&#8221;17px&#8221; image_icon_custom_margin=&#8221;||0px||false|false&#8221; image_icon_custom_padding=&#8221;||0px||false|false&#8221; link_option_url=&#8221;@ET-DC@eyJkeW5hbWljIjp0cnVlLCJjb250ZW50IjoicG9zdF9saW5rX3VybF9zZXJ2aWNpbyIsInNldHRpbmdzIjp7InBvc3RfaWQiOiIyNTUifX0=@&#8221; custom_css_main_element=&#8221;max-width:150px;&#8221; custom_css_free_form=&#8221;selector .et_pb_blurb_content:hover .et_pb_module_header{||  font-weight:bold;||}||selector .et_pb_blurb_content:hover{||  cursor:pointer;||}||selector img{||  height:80px;||}&#8221; custom_css_blurb_image=&#8221;margin-bottom:1.5em;&#8221; global_colors_info=&#8221;{}&#8221; image__hover_enabled=&#8221;on|hover&#8221; image__hover=&#8221;https:\/\/rennovabarcelona.com\/wp-content\/uploads\/2024\/09\/icono-verde-para-alquilar-rennova.webp&#8221; custom_css_blurb_title__hover_enabled=&#8221;off|hover&#8221; custom_css_main_element__hover_enabled=&#8221;off|hover&#8221; custom_css_blurb_content__hover_enabled=&#8221;off|hover&#8221;]<\/p>\n<p>Reformes per llogar<\/p>\n<p>[\/et_pb_blurb][et_pb_blurb image=&#8221;https:\/\/rennovabarcelona.com\/wp-content\/uploads\/2025\/02\/icono-house-flipping-marron.svg&#8221; alt=&#8221;house flipping&#8221; image_icon_width=&#8221;90px&#8221; _builder_version=&#8221;4.25.2&#8243; _dynamic_attributes=&#8221;link_option_url&#8221; _module_preset=&#8221;default&#8221; header_font=&#8221;&#8211;et_global_body_font|300||on|||||&#8221; header_text_align=&#8221;center&#8221; header_text_color=&#8221;#000000&#8243; header_font_size=&#8221;18px&#8221; body_font=&#8221;&#8211;et_global_body_font|300||on|||||&#8221; body_text_align=&#8221;center&#8221; body_font_size=&#8221;17px&#8221; image_icon_custom_margin=&#8221;||0px||false|false&#8221; image_icon_custom_padding=&#8221;||0px||false|false&#8221; link_option_url=&#8221;@ET-DC@eyJkeW5hbWljIjp0cnVlLCJjb250ZW50IjoicG9zdF9saW5rX3VybF9zZXJ2aWNpbyIsInNldHRpbmdzIjp7InBvc3RfaWQiOiIyNTUifX0=@&#8221; custom_css_main_element=&#8221;max-width:150px;&#8221; custom_css_free_form=&#8221;selector .et_pb_blurb_content:hover .et_pb_module_header{||  font-weight:bold;||}||selector .et_pb_blurb_content:hover{||  cursor:pointer;||}||selector img{||  height:80px;||}&#8221; custom_css_blurb_image=&#8221;margin-bottom:1.5em;&#8221; global_colors_info=&#8221;{}&#8221; image__hover_enabled=&#8221;on|hover&#8221; image__hover=&#8221;https:\/\/rennovabarcelona.com\/wp-content\/uploads\/2025\/02\/icono-house-flipping-verde.svg&#8221; custom_css_blurb_title__hover_enabled=&#8221;off|hover&#8221; custom_css_main_element__hover_enabled=&#8221;off|hover&#8221; custom_css_blurb_content__hover_enabled=&#8221;off|hover&#8221;]<\/p>\n<p>House <\/br>Flipping<\/p>\n<p>[\/et_pb_blurb][\/et_pb_column][\/et_pb_row][\/et_pb_section][et_pb_section fb_built=&#8221;1&#8243; module_id=&#8221;seccio-formulari&#8221; _builder_version=&#8221;4.25.2&#8243; _module_preset=&#8221;default&#8221; background_color=&#8221;#f8f8f8&#8243; custom_margin=&#8221;3em||0px||false|false&#8221; custom_padding=&#8221;0px||0px||true|false&#8221; background_last_edited=&#8221;off|desktop&#8221; use_background_color_gradient_tablet=&#8221;off&#8221; saved_tabs=&#8221;all&#8221; locked=&#8221;off&#8221; global_colors_info=&#8221;{}&#8221;][et_pb_row column_structure=&#8221;2_5,3_5&#8243; make_equal=&#8221;on&#8221; _builder_version=&#8221;4.25.2&#8243; _module_preset=&#8221;default&#8221; width=&#8221;90%&#8221; custom_padding=&#8221;4em||4em||true|false&#8221; global_colors_info=&#8221;{}&#8221;][et_pb_column type=&#8221;2_5&#8243; _builder_version=&#8221;4.25.2&#8243; _module_preset=&#8221;default&#8221; background_enable_color=&#8221;off&#8221; global_colors_info=&#8221;{}&#8221;][et_pb_text _builder_version=&#8221;4.25.2&#8243; _module_preset=&#8221;default&#8221; text_font=&#8221;|300|||||||&#8221; text_font_size=&#8221;18px&#8221; custom_margin=&#8221;||1em||false|false&#8221; global_colors_info=&#8221;{}&#8221;]<\/p>\n<p>VOLS COMENTAR EL TEU PROJECTE DE REFORMA?<\/p>\n<p>[\/et_pb_text][et_pb_text _builder_version=&#8221;4.25.2&#8243; _module_preset=&#8221;default&#8221; header_text_color=&#8221;#000000&#8243; header_font_size=&#8221;42px&#8221; header_line_height=&#8221;1.2em&#8221; header_2_text_color=&#8221;#000000&#8243; header_2_font_size=&#8221;42px&#8221; header_2_line_height=&#8221;1.2em&#8221; custom_margin=&#8221;||1em||false|false&#8221; header_2_font_size_tablet=&#8221;&#8221; header_2_font_size_phone=&#8221;30px&#8221; header_2_font_size_last_edited=&#8221;on|phone&#8221; global_colors_info=&#8221;{}&#8221;]<\/p>\n<h2>Posa\u2019t en contacte<br \/>amb nosaltres<\/h2>\n<p>[\/et_pb_text][et_pb_text _builder_version=&#8221;4.25.2&#8243; _module_preset=&#8221;default&#8221; global_colors_info=&#8221;{}&#8221;]<\/p>\n<p>Omple el seg\u00fcent formulari de contacte explicant-nos el teu projecte i aix\u00ed podrem entendre quines s\u00f3n <strong>les teves<\/strong> <strong>necessitats<\/strong>.<\/p>\n<p>Un dels nostres assessors t\u00e8cnics es posar\u00e0 en contacte amb tu tan aviat com sigui possible.<\/p>\n<p>Est\u00e0s a un pas de fer realitat la reforma dels teus somnis. Confia en <strong>la nostra experi\u00e8ncia i professionalitat<\/strong> per oferir-te les opcions que millor s\u2019adaptin a les teves expectatives.<\/p>\n<p>[\/et_pb_text][\/et_pb_column][et_pb_column type=&#8221;3_5&#8243; _builder_version=&#8221;4.25.2&#8243; _module_preset=&#8221;default&#8221; global_colors_info=&#8221;{}&#8221;][et_pb_code _builder_version=&#8221;4.25.2&#8243; _module_preset=&#8221;default&#8221; global_colors_info=&#8221;{}&#8221;]\n<div class=\"wpcf7 no-js\" id=\"wpcf7-f95-o1\" lang=\"es-ES\" dir=\"ltr\" data-wpcf7-id=\"95\">\n<div class=\"screen-reader-response\"><p role=\"status\" aria-live=\"polite\" aria-atomic=\"true\"><\/p> <ul><\/ul><\/div>\n<form action=\"\/ca\/wp-json\/wp\/v2\/servicio\/2071#wpcf7-f95-o1\" method=\"post\" class=\"wpcf7-form init cf7mls-no-scroll cf7mls-auto-return-first-step cf7mls-no-moving-animation\" aria-label=\"Formulario de contacto\" novalidate=\"novalidate\" data-status=\"init\">\n<fieldset class=\"hidden-fields-container\"><input type=\"hidden\" name=\"_wpcf7\" value=\"95\" \/><input type=\"hidden\" name=\"_wpcf7_version\" value=\"6.1.5\" \/><input type=\"hidden\" name=\"_wpcf7_locale\" value=\"es_ES\" \/><input type=\"hidden\" name=\"_wpcf7_unit_tag\" value=\"wpcf7-f95-o1\" \/><input type=\"hidden\" name=\"_wpcf7_container_post\" value=\"0\" \/><input type=\"hidden\" name=\"_wpcf7_posted_data_hash\" value=\"\" \/>\n<\/fieldset>\n<div class=\"form-izq\">\n\t<p><span class=\"wpcf7-form-control-wrap\" data-name=\"your-name\"><input size=\"40\" maxlength=\"400\" class=\"wpcf7-form-control wpcf7-text wpcf7-validates-as-required\" autocomplete=\"name\" aria-required=\"true\" aria-invalid=\"false\" placeholder=\"Nombre *\" value=\"\" type=\"text\" name=\"your-name\" \/><\/span>\n\t<\/p>\n<\/div>\n<div class=\"form-dch\">\n\t<p><span class=\"wpcf7-form-control-wrap\" data-name=\"your-email\"><input size=\"40\" maxlength=\"400\" class=\"wpcf7-form-control wpcf7-email wpcf7-validates-as-required wpcf7-text wpcf7-validates-as-email\" autocomplete=\"email\" aria-required=\"true\" aria-invalid=\"false\" placeholder=\"Email *\" value=\"\" type=\"email\" name=\"your-email\" \/><\/span>\n\t<\/p>\n<\/div>\n<div class=\"form-izq\">\n\t<p><span class=\"wpcf7-form-control-wrap\" data-name=\"telefono\"><input size=\"40\" maxlength=\"400\" class=\"wpcf7-form-control wpcf7-tel wpcf7-validates-as-required wpcf7-text wpcf7-validates-as-tel\" autocomplete=\"phone\" aria-required=\"true\" aria-invalid=\"false\" placeholder=\"Tel\u00e9fono *\" value=\"\" type=\"tel\" name=\"telefono\" \/><\/span>\n\t<\/p>\n<\/div>\n<div class=\"form-dch\">\n\t<p><span class=\"wpcf7-form-control-wrap\" data-name=\"tipo-reforma\"><select class=\"wpcf7-form-control wpcf7-select wpcf7-validates-as-required\" aria-required=\"true\" aria-invalid=\"false\" name=\"tipo-reforma\"><option value=\"\">Selecciona el tipo de proyecto *<\/option><option value=\"Reforma integral\">Reforma integral<\/option><option value=\"Reforma de cocina\">Reforma de cocina<\/option><option value=\"Reforma de ba\u00f1o\">Reforma de ba\u00f1o<\/option><option value=\"Reforma de comunidad\">Reforma de comunidad<\/option><option value=\"Reforma Local\">Reforma Local<\/option><option value=\"Rehabilitaci\u00f3n de edificio\">Rehabilitaci\u00f3n de edificio<\/option><option value=\"Reformar para alquilar\">Reformar para alquilar<\/option><\/select><\/span>\n\t<\/p>\n<\/div>\n<div class=\"form-izq\">\n\t<p><span class=\"wpcf7-form-control-wrap\" data-name=\"fecha-inicio\"><input size=\"40\" maxlength=\"400\" class=\"wpcf7-form-control wpcf7-text wpcf7-validates-as-required\" id=\"fecha-inicio-reforma\" aria-required=\"true\" aria-invalid=\"false\" placeholder=\"Fecha de inicio de la reforma\" value=\"\" type=\"text\" name=\"fecha-inicio\" \/><\/span>\n\t<\/p>\n<\/div>\n<div class=\"form-dch\">\n\t<p><span class=\"wpcf7-form-control-wrap\" data-name=\"Rangodepresupuesto\"><select class=\"wpcf7-form-control wpcf7-select wpcf7-validates-as-required\" aria-required=\"true\" aria-invalid=\"false\" name=\"Rangodepresupuesto\"><option value=\"\">Rango de presupuesto<\/option><option value=\"Menos de 40.000\u20ac\">Menos de 40.000\u20ac<\/option><option value=\"Hasta 40.000\u20ac\">Hasta 40.000\u20ac<\/option><option value=\"Hasta 80.000\">Hasta 80.000<\/option><option value=\"Hasta 100.000\u20ac\">Hasta 100.000\u20ac<\/option><option value=\"Hasta 150.000\u20ac\">Hasta 150.000\u20ac<\/option><option value=\"Hasta 200.000\u20ac\">Hasta 200.000\u20ac<\/option><option value=\"M\u00e1s de 200.000\u20ac\">M\u00e1s de 200.000\u20ac<\/option><\/select><\/span>\n\t<\/p>\n<\/div>\n<div class=\"form-izq\">\n\t<p><span class=\"wpcf7-form-control-wrap\" data-name=\"localidad\"><input size=\"40\" maxlength=\"400\" class=\"wpcf7-form-control wpcf7-text wpcf7-validates-as-required\" aria-required=\"true\" aria-invalid=\"false\" placeholder=\"Localidad *\" value=\"\" type=\"text\" name=\"localidad\" \/><\/span>\n\t<\/p>\n<\/div>\n<div class=\"form-dch\">\n\t<p><span class=\"wpcf7-form-control-wrap\" data-name=\"provincia\"><input size=\"40\" maxlength=\"400\" class=\"wpcf7-form-control wpcf7-text wpcf7-validates-as-required\" aria-required=\"true\" aria-invalid=\"false\" placeholder=\"Provincia *\" value=\"\" type=\"text\" name=\"provincia\" \/><\/span>\n\t<\/p>\n<\/div>\n<div class=\"form-full\">\n\t<p><span class=\"wpcf7-form-control-wrap\" data-name=\"your-message\"><textarea cols=\"40\" rows=\"10\" maxlength=\"2000\" class=\"wpcf7-form-control wpcf7-textarea\" aria-invalid=\"false\" placeholder=\"\u00bfC\u00f3mo es tu proyecto?\" name=\"your-message\"><\/textarea><\/span>\n\t<\/p>\n<\/div>\n<div class=\"form-izq\">\n\t<div class=\"privacidad\">\n\t\t<p><label><span class=\"wpcf7-form-control-wrap\" data-name=\"privacidad\"><span class=\"wpcf7-form-control wpcf7-acceptance\"><span class=\"wpcf7-list-item\"><input type=\"checkbox\" name=\"privacidad\" value=\"1\" aria-invalid=\"false\" \/><\/span><\/span><\/span> He le\u00eddo y acepto la <a href=\"\/politica-de-privacidad\" target=\"_blank\" rel=\"noopener\">pol\u00edtica de privacidad<\/a>.<\/label>\n\t\t<\/p>\n\t<\/div>\n<\/div>\n<div class=\"form-izq\">\n\t<p><span id=\"wpcf7-69f5c56fcae89-wrapper\" class=\"wpcf7-form-control-wrap email-wrap\" style=\"display:none !important; visibility:hidden !important;\"><label for=\"wpcf7-69f5c56fcae89-field\" class=\"hp-message\">Por favor, deja este campo vac\u00edo.<\/label><input id=\"wpcf7-69f5c56fcae89-field\"  class=\"wpcf7-form-control wpcf7-text\" type=\"text\" name=\"email\" value=\"\" size=\"40\" tabindex=\"-1\" autocomplete=\"new-password\" \/><\/span><br \/>\n<input class=\"wpcf7-form-control wpcf7-submit has-spinner\" type=\"submit\" value=\"Enviar\" \/>\n\t<\/p>\n<\/div><div class=\"wpcf7-response-output\" aria-hidden=\"true\"><\/div>\n<\/form>\n<\/div>\n[\/et_pb_code][\/et_pb_column][\/et_pb_row][\/et_pb_section]<\/p>\n","protected":false},"author":1,"featured_media":0,"parent":0,"menu_order":0,"template":"","meta":{"_acf_changed":false,"_et_pb_use_builder":"on","_et_pb_old_content":"","_et_gb_content_width":"","inline_featured_image":false},"class_list":["post-2071","servicio","type-servicio","status-publish","hentry"],"acf":[],"yoast_head":"<!-- This site is optimized with the Yoast SEO plugin v27.5 - https:\/\/yoast.com\/product\/yoast-seo-wordpress\/ -->\n<title>Tancaments met\u00e0l\u00b7lics a Barcelona \u2013 Rennova<\/title>\n<meta name=\"description\" content=\"Necessites canviar les finestres de casa teva? T\u2019oferim les opcions m\u00e9s eficients al millor preu en tancaments met\u00e0l\u00b7lics a Barcelona.\" \/>\n<meta name=\"robots\" content=\"index, follow, max-snippet:-1, max-image-preview:large, max-video-preview:-1\" \/>\n<link rel=\"canonical\" href=\"https:\/\/rennovabarcelona.com\/servicio\/cerramientos-metalicos\/\" \/>\n<meta property=\"og:locale\" content=\"ca_ES\" \/>\n<meta property=\"og:type\" content=\"article\" \/>\n<meta property=\"og:title\" content=\"Tancaments met\u00e0l\u00b7lics a Barcelona \u2013 Rennova\" \/>\n<meta property=\"og:description\" content=\"Necessites canviar les finestres de casa teva? T\u2019oferim les opcions m\u00e9s eficients al millor preu en tancaments met\u00e0l\u00b7lics a Barcelona.\" \/>\n<meta property=\"og:url\" content=\"https:\/\/rennovabarcelona.com\/servicio\/cerramientos-metalicos\/\" \/>\n<meta property=\"og:site_name\" content=\"Rennova\" \/>\n<meta property=\"article:modified_time\" content=\"2025-07-30T10:56:15+00:00\" \/>\n<meta name=\"twitter:card\" content=\"summary_large_image\" \/>\n<meta name=\"twitter:label1\" content=\"Temps estimat de lectura\" \/>\n\t<meta name=\"twitter:data1\" content=\"23 minuts\" \/>\n<script type=\"application\/ld+json\" class=\"yoast-schema-graph\">{\"@context\":\"https:\\\/\\\/schema.org\",\"@graph\":[{\"@type\":\"WebPage\",\"@id\":\"https:\\\/\\\/rennovabarcelona.com\\\/servicio\\\/cerramientos-metalicos\\\/\",\"url\":\"https:\\\/\\\/rennovabarcelona.com\\\/servicio\\\/cerramientos-metalicos\\\/\",\"name\":\"Tancaments met\u00e0l\u00b7lics a Barcelona \u2013 Rennova\",\"isPartOf\":{\"@id\":\"https:\\\/\\\/rennovabarcelona.com\\\/#website\"},\"datePublished\":\"2025-07-05T08:20:59+00:00\",\"dateModified\":\"2025-07-30T10:56:15+00:00\",\"description\":\"Necessites canviar les finestres de casa teva? T\u2019oferim les opcions m\u00e9s eficients al millor preu en tancaments met\u00e0l\u00b7lics a Barcelona.\",\"breadcrumb\":{\"@id\":\"https:\\\/\\\/rennovabarcelona.com\\\/servicio\\\/cerramientos-metalicos\\\/#breadcrumb\"},\"inLanguage\":\"ca\",\"potentialAction\":[{\"@type\":\"ReadAction\",\"target\":[\"https:\\\/\\\/rennovabarcelona.com\\\/servicio\\\/cerramientos-metalicos\\\/\"]}]},{\"@type\":\"BreadcrumbList\",\"@id\":\"https:\\\/\\\/rennovabarcelona.com\\\/servicio\\\/cerramientos-metalicos\\\/#breadcrumb\",\"itemListElement\":[{\"@type\":\"ListItem\",\"position\":1,\"name\":\"Home\",\"item\":\"https:\\\/\\\/rennovabarcelona.com\\\/ca\\\/\"},{\"@type\":\"ListItem\",\"position\":2,\"name\":\"Tancaments met\u00e0l\u00b7lics\"}]},{\"@type\":\"WebSite\",\"@id\":\"https:\\\/\\\/rennovabarcelona.com\\\/#website\",\"url\":\"https:\\\/\\\/rennovabarcelona.com\\\/\",\"name\":\"Rennova\",\"description\":\"\",\"potentialAction\":[{\"@type\":\"SearchAction\",\"target\":{\"@type\":\"EntryPoint\",\"urlTemplate\":\"https:\\\/\\\/rennovabarcelona.com\\\/?s={search_term_string}\"},\"query-input\":{\"@type\":\"PropertyValueSpecification\",\"valueRequired\":true,\"valueName\":\"search_term_string\"}}],\"inLanguage\":\"ca\"}]}<\/script>\n<!-- \/ Yoast SEO plugin. -->","yoast_head_json":{"title":"Tancaments met\u00e0l\u00b7lics a Barcelona \u2013 Rennova","description":"Necessites canviar les finestres de casa teva? T\u2019oferim les opcions m\u00e9s eficients al millor preu en tancaments met\u00e0l\u00b7lics a Barcelona.","robots":{"index":"index","follow":"follow","max-snippet":"max-snippet:-1","max-image-preview":"max-image-preview:large","max-video-preview":"max-video-preview:-1"},"canonical":"https:\/\/rennovabarcelona.com\/servicio\/cerramientos-metalicos\/","og_locale":"ca_ES","og_type":"article","og_title":"Tancaments met\u00e0l\u00b7lics a Barcelona \u2013 Rennova","og_description":"Necessites canviar les finestres de casa teva? T\u2019oferim les opcions m\u00e9s eficients al millor preu en tancaments met\u00e0l\u00b7lics a Barcelona.","og_url":"https:\/\/rennovabarcelona.com\/servicio\/cerramientos-metalicos\/","og_site_name":"Rennova","article_modified_time":"2025-07-30T10:56:15+00:00","twitter_card":"summary_large_image","twitter_misc":{"Temps estimat de lectura":"23 minuts"},"schema":{"@context":"https:\/\/schema.org","@graph":[{"@type":"WebPage","@id":"https:\/\/rennovabarcelona.com\/servicio\/cerramientos-metalicos\/","url":"https:\/\/rennovabarcelona.com\/servicio\/cerramientos-metalicos\/","name":"Tancaments met\u00e0l\u00b7lics a Barcelona \u2013 Rennova","isPartOf":{"@id":"https:\/\/rennovabarcelona.com\/#website"},"datePublished":"2025-07-05T08:20:59+00:00","dateModified":"2025-07-30T10:56:15+00:00","description":"Necessites canviar les finestres de casa teva? T\u2019oferim les opcions m\u00e9s eficients al millor preu en tancaments met\u00e0l\u00b7lics a Barcelona.","breadcrumb":{"@id":"https:\/\/rennovabarcelona.com\/servicio\/cerramientos-metalicos\/#breadcrumb"},"inLanguage":"ca","potentialAction":[{"@type":"ReadAction","target":["https:\/\/rennovabarcelona.com\/servicio\/cerramientos-metalicos\/"]}]},{"@type":"BreadcrumbList","@id":"https:\/\/rennovabarcelona.com\/servicio\/cerramientos-metalicos\/#breadcrumb","itemListElement":[{"@type":"ListItem","position":1,"name":"Home","item":"https:\/\/rennovabarcelona.com\/ca\/"},{"@type":"ListItem","position":2,"name":"Tancaments met\u00e0l\u00b7lics"}]},{"@type":"WebSite","@id":"https:\/\/rennovabarcelona.com\/#website","url":"https:\/\/rennovabarcelona.com\/","name":"Rennova","description":"","potentialAction":[{"@type":"SearchAction","target":{"@type":"EntryPoint","urlTemplate":"https:\/\/rennovabarcelona.com\/?s={search_term_string}"},"query-input":{"@type":"PropertyValueSpecification","valueRequired":true,"valueName":"search_term_string"}}],"inLanguage":"ca"}]}},"_links":{"self":[{"href":"https:\/\/rennovabarcelona.com\/ca\/wp-json\/wp\/v2\/servicio\/2071","targetHints":{"allow":["GET"]}}],"collection":[{"href":"https:\/\/rennovabarcelona.com\/ca\/wp-json\/wp\/v2\/servicio"}],"about":[{"href":"https:\/\/rennovabarcelona.com\/ca\/wp-json\/wp\/v2\/types\/servicio"}],"author":[{"embeddable":true,"href":"https:\/\/rennovabarcelona.com\/ca\/wp-json\/wp\/v2\/users\/1"}],"wp:attachment":[{"href":"https:\/\/rennovabarcelona.com\/ca\/wp-json\/wp\/v2\/media?parent=2071"}],"curies":[{"name":"wp","href":"https:\/\/api.w.org\/{rel}","templated":true}]}}