{"id":2073,"date":"2025-07-05T11:11:12","date_gmt":"2025-07-05T09:11:12","guid":{"rendered":"https:\/\/rennovabarcelona.com\/servicio\/climatitzacio\/"},"modified":"2025-07-30T12:57:38","modified_gmt":"2025-07-30T10:57:38","slug":"climatitzacio","status":"publish","type":"servicio","link":"https:\/\/rennovabarcelona.com\/ca\/servicio\/climatitzacio\/","title":{"rendered":"Climatitzaci\u00f3"},"content":{"rendered":"<p>[et_pb_section fb_built=&#8221;1&#8243; _builder_version=&#8221;4.25.2&#8243; _module_preset=&#8221;default&#8221; background_image=&#8221;https:\/\/rennovabarcelona.com\/wp-content\/uploads\/2025\/07\/rennova-aire-acondicionado-calefaccion.webp&#8221; custom_margin=&#8221;||4em||false|false&#8221; custom_padding=&#8221;6em||6em||true|false&#8221; global_colors_info=&#8221;{}&#8221;][et_pb_row _builder_version=&#8221;4.25.2&#8243; _module_preset=&#8221;default&#8221; width=&#8221;90%&#8221; global_colors_info=&#8221;{}&#8221;][et_pb_column type=&#8221;4_4&#8243; _builder_version=&#8221;4.25.2&#8243; _module_preset=&#8221;default&#8221; global_colors_info=&#8221;{}&#8221;][et_pb_text _builder_version=&#8221;4.25.2&#8243; _module_preset=&#8221;default&#8221; text_font=&#8221;|700||on|||||&#8221; text_text_color=&#8221;#FFFFFF&#8221; text_font_size=&#8221;20px&#8221; global_colors_info=&#8221;{}&#8221;]<\/p>\n<p>Aire condicionat i calefacci\u00f3<\/p>\n<p>[\/et_pb_text][et_pb_text _builder_version=&#8221;4.25.2&#8243; _module_preset=&#8221;default&#8221; text_text_color=&#8221;#FFFFFF&#8221; header_text_color=&#8221;#FFFFFF&#8221; header_font_size=&#8221;42px&#8221; header_line_height=&#8221;1.2em&#8221; header_2_text_color=&#8221;#FFFFFF&#8221; header_2_font_size=&#8221;42px&#8221; max_width=&#8221;800px&#8221; custom_margin=&#8221;||1em||false|false&#8221; header_font_size_tablet=&#8221;42px&#8221; header_font_size_phone=&#8221;30px&#8221; header_font_size_last_edited=&#8221;on|phone&#8221; global_colors_info=&#8221;{}&#8221;]<\/p>\n<h1><strong>Climatitzaci\u00f3<\/strong><\/h1>\n<p>[\/et_pb_text][et_pb_button button_url=&#8221;@ET-DC@eyJkeW5hbWljIjp0cnVlLCJjb250ZW50IjoicG9zdF9saW5rX3VybF9wYWdlIiwic2V0dGluZ3MiOnsicG9zdF9pZCI6IjU0In19@&#8221; button_text=&#8221;Sol\u00b7licita pressupost&#8221; module_id=&#8221;btn-presupuesto&#8221; _builder_version=&#8221;4.25.2&#8243; _dynamic_attributes=&#8221;button_url&#8221; _module_preset=&#8221;default&#8221; custom_css_main_element=&#8221;width:fit-content;||text-align:center;&#8221; locked=&#8221;off&#8221; global_colors_info=&#8221;{}&#8221; custom_css_main_element_last_edited=&#8221;off|desktop&#8221; custom_css_main_element_tablet=&#8221;width:fit-content;||text-align:center;&#8221; custom_css_main_element_phone=&#8221;width:fit-content;||text-align:center;&#8221;][\/et_pb_button][\/et_pb_column][\/et_pb_row][\/et_pb_section][et_pb_section fb_built=&#8221;1&#8243; _builder_version=&#8221;4.25.2&#8243; _module_preset=&#8221;default&#8221; background_enable_color=&#8221;off&#8221; use_background_color_gradient=&#8221;on&#8221; background_color_gradient_direction=&#8221;90deg&#8221; background_color_gradient_stops=&#8221;#ffffff 70%|#6f8821 70%&#8221; custom_margin=&#8221;0px||3em||false|false&#8221; custom_padding=&#8221;0px||0px||true|false&#8221; background_last_edited=&#8221;on|tablet&#8221; use_background_color_gradient_tablet=&#8221;off&#8221; locked=&#8221;off&#8221; global_colors_info=&#8221;{}&#8221;][et_pb_row column_structure=&#8221;3_5,2_5&#8243; make_equal=&#8221;on&#8221; _builder_version=&#8221;4.25.2&#8243; _module_preset=&#8221;default&#8221; width=&#8221;90%&#8221; custom_padding=&#8221;0px||0px||true|false&#8221; global_colors_info=&#8221;{}&#8221;][et_pb_column type=&#8221;3_5&#8243; _builder_version=&#8221;4.25.2&#8243; _module_preset=&#8221;default&#8221; background_color=&#8221;#FFFFFF&#8221; global_colors_info=&#8221;{}&#8221;][et_pb_text _builder_version=&#8221;4.25.2&#8243; _module_preset=&#8221;default&#8221; text_font=&#8221;|300|||||||&#8221; text_font_size=&#8221;18px&#8221; custom_margin=&#8221;||1em||false|false&#8221; hover_enabled=&#8221;0&#8243; global_colors_info=&#8221;{}&#8221; sticky_enabled=&#8221;0&#8243;]<\/p>\n<p>T&#8217;OFERIM LES MILLORS OPCIONS PER AL TEU ESTALVI<\/p>\n<p>[\/et_pb_text][et_pb_text _builder_version=&#8221;4.25.2&#8243; _module_preset=&#8221;default&#8221; header_font_size=&#8221;42px&#8221; header_line_height=&#8221;1.2em&#8221; header_2_font_size=&#8221;42px&#8221; custom_margin=&#8221;||1em||false|false&#8221; header_2_font_size_tablet=&#8221;42px&#8221; header_2_font_size_phone=&#8221;30px&#8221; header_2_font_size_last_edited=&#8221;on|phone&#8221; global_colors_info=&#8221;{}&#8221;]<\/p>\n<h2>Empresa de climatitzaci\u00f3 a Barcelona amb solucions integrals<\/h2>\n<p>[\/et_pb_text][et_pb_text _builder_version=&#8221;4.25.2&#8243; _module_preset=&#8221;default&#8221; global_colors_info=&#8221;{}&#8221;]<\/p>\n<p>Com a <strong>empresa de climatitzaci\u00f3 a Barcelona<\/strong>, ens especialitzem en oferir solucions completes per a la instal\u00b7laci\u00f3, reparaci\u00f3 i manteniment de sistemes de climatitzaci\u00f3 en habitatges, oficines, locals comercials i comunitats. Comptem amb un equip t\u00e8cnic altament qualificat i amb anys d\u2019experi\u00e8ncia al sector, capa\u00e7 d\u2019adaptar-se a les necessitats espec\u00edfiques de cada espai i client.<\/p>\n<p>El nostre objectiu \u00e9s garantir el confort t\u00e8rmic durant tot l\u2019any, ja sigui amb <strong>equips d\u2019aire condicionat, bombes de calor o sistemes per conductes<\/strong>. Analitzem cada projecte de forma personalitzada, tenint en compte factors com la superf\u00edcie, l\u2019orientaci\u00f3, l\u2019a\u00efllament de l\u2019immoble i el pressupost disponible. D\u2019aquesta manera, podem recomanar l\u2019opci\u00f3 m\u00e9s eficient i duradora, tant a nivell t\u00e8cnic com energ\u00e8tic.<\/p>\n<p>A m\u00e9s de la instal\u00b7laci\u00f3 de sistemes nous, tamb\u00e9 oferim serveis de <strong>manteniment preventiu i correctiu<\/strong>, cosa que allarga la vida \u00fatil dels equips i garanteix el seu funcionament \u00f2ptim en els moments de m\u00e9s exig\u00e8ncia. Una climatitzaci\u00f3 ben mantinguda no nom\u00e9s millora el confort, sin\u00f3 que tamb\u00e9 redueix el consum el\u00e8ctric i evita avaries costoses.<\/p>\n<p>[\/et_pb_text][\/et_pb_column][et_pb_column type=&#8221;2_5&#8243; _builder_version=&#8221;4.25.2&#8243; _module_preset=&#8221;default&#8221; global_colors_info=&#8221;{}&#8221;][et_pb_image src=&#8221;https:\/\/rennovabarcelona.com\/wp-content\/uploads\/2025\/07\/rennova-soluciones-climatizacion.webp&#8221; alt=&#8221;Solucions de climatitzaci\u00f3 a Barcelona amb Rennova&#8221; title_text=&#8221;rennova-solucions-climatitzaci\u00f3&#8221; _builder_version=&#8221;4.25.2&#8243; _module_preset=&#8221;default&#8221; global_colors_info=&#8221;{}&#8221;][\/et_pb_image][\/et_pb_column][\/et_pb_row][\/et_pb_section][et_pb_section fb_built=&#8221;1&#8243; _builder_version=&#8221;4.25.2&#8243; _module_preset=&#8221;default&#8221; background_color=&#8221;#f8f8f8&#8243; custom_padding=&#8221;4em||4em||true|false&#8221; saved_tabs=&#8221;all&#8221; locked=&#8221;off&#8221; global_colors_info=&#8221;{}&#8221;][et_pb_row column_structure=&#8221;2_3,1_3&#8243; _builder_version=&#8221;4.25.2&#8243; _module_preset=&#8221;default&#8221; width=&#8221;90%&#8221; custom_padding=&#8221;0px||0px||true|false&#8221; custom_css_main_element=&#8221;display:flex;||align-items:center;&#8221; global_colors_info=&#8221;{}&#8221; custom_css_main_element_last_edited=&#8221;on|tablet&#8221; custom_css_main_element_tablet=&#8221;display:flex;||align-items:center;||flex-flow:column;&#8221; custom_css_main_element_phone=&#8221;display:flex;||align-items:center;||flex-flow:column;&#8221;][et_pb_column type=&#8221;2_3&#8243; _builder_version=&#8221;4.25.2&#8243; _module_preset=&#8221;default&#8221; global_colors_info=&#8221;{}&#8221;][et_pb_text _builder_version=&#8221;4.25.2&#8243; _module_preset=&#8221;default&#8221; text_font=&#8221;|300|||||||&#8221; text_font_size=&#8221;18px&#8221; custom_margin=&#8221;||1em||false|false&#8221; locked=&#8221;off&#8221; global_colors_info=&#8221;{}&#8221;]<\/p>\n<p>VOL SABER QUIN \u00c9S EL COST DE LA TEVA REFORMA?<\/p>\n<p>[\/et_pb_text][et_pb_text _builder_version=&#8221;4.25.2&#8243; _module_preset=&#8221;default&#8221; header_font_size=&#8221;42px&#8221; header_line_height=&#8221;1.2em&#8221; header_3_text_color=&#8221;#000000&#8243; header_3_font_size=&#8221;34px&#8221; header_3_line_height=&#8221;1.2em&#8221; custom_margin=&#8221;||1em||false|false&#8221; header_3_font_size_tablet=&#8221;&#8221; header_3_font_size_phone=&#8221;30px&#8221; header_3_font_size_last_edited=&#8221;on|phone&#8221; global_colors_info=&#8221;{}&#8221;]<\/p>\n<h3>Utilitza la nostra <a href=\"https:\/\/rennovabarcelona.com\/ca\/calculadora\/\"><u>calculadora de pressupostos<\/u><\/a>.<\/h3>\n<p>[\/et_pb_text][\/et_pb_column][et_pb_column type=&#8221;1_3&#8243; _builder_version=&#8221;4.25.2&#8243; _module_preset=&#8221;default&#8221; global_colors_info=&#8221;{}&#8221;][et_pb_button button_url=&#8221;@ET-DC@eyJkeW5hbWljIjp0cnVlLCJjb250ZW50IjoicG9zdF9saW5rX3VybF9wYWdlIiwic2V0dGluZ3MiOnsicG9zdF9pZCI6IjYwIn19@&#8221; button_text=&#8221;Prefereixes que et truquem?&#8221; module_id=&#8221;btn-llamame&#8221; _builder_version=&#8221;4.25.2&#8243; _dynamic_attributes=&#8221;button_url&#8221; _module_preset=&#8221;default&#8221; custom_css_main_element=&#8221;width:100%;||text-align:center;&#8221; global_colors_info=&#8221;{}&#8221; custom_css_main_element_last_edited=&#8221;on|tablet&#8221; custom_css_main_element_tablet=&#8221;width:fit-content;||text-align:center;&#8221; custom_css_main_element_phone=&#8221;width:fit-content;||text-align:center;&#8221;][\/et_pb_button][\/et_pb_column][\/et_pb_row][\/et_pb_section][et_pb_section fb_built=&#8221;1&#8243; _builder_version=&#8221;4.25.2&#8243; _module_preset=&#8221;default&#8221; background_enable_color=&#8221;off&#8221; use_background_color_gradient=&#8221;on&#8221; background_color_gradient_direction=&#8221;90deg&#8221; background_color_gradient_stops=&#8221;#6f8821 30%|#ffffff 30%&#8221; custom_margin=&#8221;3em||3em||true|false&#8221; custom_padding=&#8221;0px||0px||true|false&#8221; background_last_edited=&#8221;on|tablet&#8221; use_background_color_gradient_tablet=&#8221;off&#8221; locked=&#8221;off&#8221; global_colors_info=&#8221;{}&#8221;][et_pb_row column_structure=&#8221;3_5,2_5&#8243; make_equal=&#8221;on&#8221; _builder_version=&#8221;4.25.2&#8243; _module_preset=&#8221;default&#8221; width=&#8221;90%&#8221; custom_padding=&#8221;0px||0px||true|false&#8221; global_colors_info=&#8221;{}&#8221;][et_pb_column type=&#8221;3_5&#8243; _builder_version=&#8221;4.25.2&#8243; _module_preset=&#8221;default&#8221; global_colors_info=&#8221;{}&#8221;][et_pb_image src=&#8221;https:\/\/rennovabarcelona.com\/wp-content\/uploads\/2025\/07\/rennova-aire-acondicionado-split.webp&#8221; alt=&#8221;T\u2019oferim una \u00e0mplia varietat de splits per a casa teva&#8221; title_text=&#8221;rennova-aire-condicionat-split&#8221; _builder_version=&#8221;4.25.2&#8243; _module_preset=&#8221;default&#8221; global_colors_info=&#8221;{}&#8221;][\/et_pb_image][\/et_pb_column][et_pb_column type=&#8221;2_5&#8243; _builder_version=&#8221;4.25.2&#8243; _module_preset=&#8221;default&#8221; background_color=&#8221;#FFFFFF&#8221; global_colors_info=&#8221;{}&#8221;][et_pb_text _builder_version=&#8221;4.25.2&#8243; _module_preset=&#8221;default&#8221; text_font=&#8221;|300|||||||&#8221; text_font_size=&#8221;18px&#8221; text_orientation=&#8221;right&#8221; custom_margin=&#8221;||1em||false|false&#8221; text_orientation_tablet=&#8221;left&#8221; text_orientation_phone=&#8221;left&#8221; text_orientation_last_edited=&#8221;on|tablet&#8221; global_colors_info=&#8221;{}&#8221;]<\/p>\n<p>SOL\u00b7LICITA EL TEU PRESSUPOST<\/p>\n<p>[\/et_pb_text][et_pb_text _builder_version=&#8221;4.25.2&#8243; _module_preset=&#8221;default&#8221; header_text_align=&#8221;right&#8221; header_font_size=&#8221;42px&#8221; header_line_height=&#8221;1.2em&#8221; header_2_text_align=&#8221;right&#8221; header_2_font_size=&#8221;42px&#8221; header_2_line_height=&#8221;1.2em&#8221; custom_margin=&#8221;||1em||false|false&#8221; header_text_align_tablet=&#8221;left&#8221; header_text_align_phone=&#8221;left&#8221; header_text_align_last_edited=&#8221;on|tablet&#8221; header_2_text_align_tablet=&#8221;left&#8221; header_2_text_align_phone=&#8221;left&#8221; header_2_text_align_last_edited=&#8221;on|tablet&#8221; header_2_font_size_tablet=&#8221;42px&#8221; header_2_font_size_phone=&#8221;30px&#8221; header_2_font_size_last_edited=&#8221;on|phone&#8221; global_colors_info=&#8221;{}&#8221;]<\/p>\n<h2>Instal\u00b7laci\u00f3 d\u2019aire condicionat, bombes de calor i sistemes per conductes<\/h2>\n<p>[\/et_pb_text][et_pb_text _builder_version=&#8221;4.25.2&#8243; _module_preset=&#8221;default&#8221; text_orientation=&#8221;right&#8221; text_orientation_tablet=&#8221;left&#8221; text_orientation_phone=&#8221;left&#8221; text_orientation_last_edited=&#8221;on|tablet&#8221; global_colors_info=&#8221;{}&#8221;]<\/p>\n<p>A la nostra <strong>empresa de climatitzaci\u00f3 a Barcelona<\/strong>, treballem amb les millors marques del mercat i oferim una \u00e0mplia gamma d\u2019equips que s\u2019adapten a tot tipus d\u2019espais i necessitats. Realitzem instal\u00b7lacions d\u2019<strong>aires condicionats tipus split<\/strong>, sistemes multisplit, bombes de calor aire-aire i aire-aigua, aix\u00ed com sistemes centralitzats per conductes per a una climatitzaci\u00f3 m\u00e9s uniforme i discreta.<\/p>\n<p>Els <strong>equips split<\/strong> s\u00f3n ideals per a habitatges petites o per climatitzar estances concretes com salons, dormitoris o despatxos. Els models actuals, a m\u00e9s de ser silenciosos, incorporen tecnologia inverter, cosa que millora el seu rendiment i redueix el consum energ\u00e8tic. Tamb\u00e9 oferim <strong>sistemes multisplit<\/strong>, que permeten connectar diverses unitats interiors a una sola unitat exterior, mantenint una est\u00e8tica m\u00e9s neta a la fa\u00e7ana.<\/p>\n<p>Per a qui busca efici\u00e8ncia tant a l\u2019hivern com a l\u2019estiu, recomanem les <strong>bombes de calor<\/strong> com a sistema de climatitzaci\u00f3 complet. S\u00f3n altament eficients i sostenibles, ja que permeten escalfar o refredar l\u2019ambient utilitzant una font d\u2019energia renovable. A m\u00e9s, moltes d\u2019elles s\u00f3n compatibles amb sistemes d\u2019aerot\u00e8rmia i es poden connectar a radiadors, s\u00f2l radiant o fancoils.<\/p>\n<p>Finalment, instal\u00b7lem <strong>sistemes per conductes<\/strong> que permeten una distribuci\u00f3 homog\u00e8nia de l\u2019aire a tota la vivenda o local. Aquesta soluci\u00f3 \u00e9s ideal per a obres noves o reformes integrals, ja que els conductes queden amagats al fals sostre, oferint una climatitzaci\u00f3 invisible i elegant.<\/p>\n<p>[\/et_pb_text][et_pb_button button_url=&#8221;@ET-DC@eyJkeW5hbWljIjp0cnVlLCJjb250ZW50IjoicG9zdF9saW5rX3VybF9wYWdlIiwic2V0dGluZ3MiOnsicG9zdF9pZCI6IjYyIn19@&#8221; button_text=&#8221;Veure projectes&#8221; button_alignment=&#8221;right&#8221; button_alignment_tablet=&#8221;left&#8221; button_alignment_phone=&#8221;left&#8221; button_alignment_last_edited=&#8221;on|tablet&#8221; module_id=&#8221;btn-presupuesto&#8221; _builder_version=&#8221;4.25.2&#8243; _dynamic_attributes=&#8221;button_url&#8221; _module_preset=&#8221;default&#8221; custom_button=&#8221;on&#8221; button_bg_color=&#8221;#2f2017&#8243; custom_css_main_element=&#8221;width:fit-content;||text-align:center;&#8221; global_colors_info=&#8221;{}&#8221; button_bg_color__hover_enabled=&#8221;on|hover&#8221; button_bg_color__hover=&#8221;#6f8821&#8243; button_bg_enable_color__hover=&#8221;on&#8221;][\/et_pb_button][\/et_pb_column][\/et_pb_row][\/et_pb_section][et_pb_section fb_built=&#8221;1&#8243; _builder_version=&#8221;4.25.2&#8243; _module_preset=&#8221;default&#8221; background_enable_color=&#8221;off&#8221; use_background_color_gradient=&#8221;on&#8221; background_color_gradient_direction=&#8221;90deg&#8221; background_color_gradient_stops=&#8221;#ffffff 70%|#6f8821 70%&#8221; custom_margin=&#8221;0px||3em||false|false&#8221; custom_padding=&#8221;0px||0px||true|false&#8221; background_last_edited=&#8221;on|tablet&#8221; use_background_color_gradient_tablet=&#8221;off&#8221; locked=&#8221;off&#8221; global_colors_info=&#8221;{}&#8221;][et_pb_row column_structure=&#8221;3_5,2_5&#8243; make_equal=&#8221;on&#8221; _builder_version=&#8221;4.25.2&#8243; _module_preset=&#8221;default&#8221; width=&#8221;90%&#8221; custom_padding=&#8221;0px||0px||true|false&#8221; global_colors_info=&#8221;{}&#8221;][et_pb_column type=&#8221;3_5&#8243; _builder_version=&#8221;4.25.2&#8243; _module_preset=&#8221;default&#8221; background_color=&#8221;#FFFFFF&#8221; global_colors_info=&#8221;{}&#8221;][et_pb_text _builder_version=&#8221;4.25.2&#8243; _module_preset=&#8221;default&#8221; text_font=&#8221;|300|||||||&#8221; text_font_size=&#8221;18px&#8221; custom_margin=&#8221;||1em||false|false&#8221; global_colors_info=&#8221;{}&#8221;]<\/p>\n<p>ESTEM AQU\u00cd PER AJUDAR-TE<\/p>\n<p>[\/et_pb_text][et_pb_text _builder_version=&#8221;4.25.2&#8243; _module_preset=&#8221;default&#8221; header_font_size=&#8221;42px&#8221; header_line_height=&#8221;1.2em&#8221; header_2_font_size=&#8221;42px&#8221; custom_margin=&#8221;||1em||false|false&#8221; header_2_font_size_tablet=&#8221;42px&#8221; header_2_font_size_phone=&#8221;30px&#8221; header_2_font_size_last_edited=&#8221;on|phone&#8221; global_colors_info=&#8221;{}&#8221;]<\/p>\n<h2>Assessorament personalitzat i efici\u00e8ncia energ\u00e8tica<\/h2>\n<p>[\/et_pb_text][et_pb_text _builder_version=&#8221;4.25.2&#8243; _module_preset=&#8221;default&#8221; global_colors_info=&#8221;{}&#8221;]<\/p>\n<p>Un dels pilars de la nostra <strong>empresa de climatitzaci\u00f3 a Barcelona<\/strong> \u00e9s l\u2019assessorament personalitzat. No creiem en solucions est\u00e0ndard, sin\u00f3 en estudiar cada cas per oferir l\u2019opci\u00f3 m\u00e9s adequada en termes de confort, consum i durabilitat. A m\u00e9s, sempre tenim en compte l\u2019impacte ambiental de les nostres instal\u00b7lacions, per aix\u00f2 apostem per sistemes d\u2019<strong>alta efici\u00e8ncia energ\u00e8tica<\/strong> i baix consum.<\/p>\n<p>Ajuda\u2019m als nostres clients a triar la pot\u00e8ncia adequada de l\u2019equip, a planificar una distribuci\u00f3 \u00f2ptima de l\u2019aire i a instal\u00b7lar term\u00f2stats programables o sistemes de control dom\u00f2tic que milloren el rendiment. Tamb\u00e9 informem sobre possibles <strong>subvencions o ajuts<\/strong> disponibles per a la instal\u00b7laci\u00f3 de sistemes eficients i sostenibles.<\/p>\n<p>A m\u00e9s del servei d\u2019instal\u00b7laci\u00f3, ens ocupem del <strong>manteniment regular dels equips de climatitzaci\u00f3<\/strong>, tant en habitatges particulars com en comunitats de ve\u00efns o locals comercials. Un bon manteniment no nom\u00e9s allarga la vida \u00fatil del sistema, sin\u00f3 que tamb\u00e9 garanteix un aire m\u00e9s net, lliure de bacteris, pols i al\u00b7l\u00e8rgens.<\/p>\n<p>Finalment, a la nostra empresa cuidem tots els detalls, des de l\u2019est\u00e8tica de les instal\u00b7lacions fins al compliment de la normativa vigent. Ens assegurem que cada intervenci\u00f3 estigui ben documentada i es lliuri amb tots els certificats necessaris, incloent el certificat d\u2019efici\u00e8ncia energ\u00e8tica si es requereix.<\/p>\n<p>[\/et_pb_text][\/et_pb_column][et_pb_column type=&#8221;2_5&#8243; _builder_version=&#8221;4.25.2&#8243; _module_preset=&#8221;default&#8221; global_colors_info=&#8221;{}&#8221;][et_pb_image src=&#8221;https:\/\/rennovabarcelona.com\/wp-content\/uploads\/2025\/07\/rennova-aire-acondicionado-oferta.webp&#8221; alt=&#8221;Rennova ofereix promocions en aire condicionat i calefacci\u00f3 a Barcelona&#8221; title_text=&#8221;rennova-aire-condicionat-oferta&#8221; _builder_version=&#8221;4.25.2&#8243; _module_preset=&#8221;default&#8221; global_colors_info=&#8221;{}&#8221;][\/et_pb_image][\/et_pb_column][\/et_pb_row][\/et_pb_section][et_pb_section fb_built=&#8221;1&#8243; admin_label=&#8221;section&#8221; _builder_version=&#8221;4.25.2&#8243; _module_preset=&#8221;default&#8221; background_color=&#8221;#f8f8f8&#8243; custom_padding=&#8221;4em||4em||true|false&#8221; saved_tabs=&#8221;all&#8221; global_colors_info=&#8221;{}&#8221;][et_pb_row column_structure=&#8221;1_3,2_3&#8243; _builder_version=&#8221;4.25.2&#8243; _module_preset=&#8221;default&#8221; width=&#8221;90%&#8221; custom_padding=&#8221;0px||0px||false|false&#8221; custom_css_main_element=&#8221;display:flex;||align-items:center;&#8221; global_colors_info=&#8221;{}&#8221; custom_css_main_element_last_edited=&#8221;on|tablet&#8221; custom_css_main_element_phone=&#8221;flex-flow:column-reverse;||display:flex;||align-content:center;||justify-content:center;&#8221; custom_css_main_element_tablet=&#8221;flex-flow:column-reverse;||display:flex;||align-content:center;||justify-content:center;&#8221;][et_pb_column type=&#8221;1_3&#8243; _builder_version=&#8221;4.25.2&#8243; _module_preset=&#8221;default&#8221; global_colors_info=&#8221;{}&#8221;][et_pb_button button_url=&#8221;\/wp-content\/uploads\/2025\/07\/guia-reforma-rennova-ca.pdf&#8221; url_new_window=&#8221;on&#8221; button_text=&#8221; Guia reforma pas a pas&#8221; _builder_version=&#8221;4.25.2&#8243; _module_preset=&#8221;default&#8221; hover_enabled=&#8221;0&#8243; custom_css_main_element=&#8221;width:100%;||text-align:center;&#8221; locked=&#8221;off&#8221; global_colors_info=&#8221;{}&#8221; custom_css_main_element_last_edited=&#8221;on|tablet&#8221; custom_css_main_element_tablet=&#8221;width:fit-content;||text-align:center;&#8221; custom_css_main_element_phone=&#8221;width:fit-content;||text-align:center;&#8221; sticky_enabled=&#8221;0&#8243;][\/et_pb_button][\/et_pb_column][et_pb_column type=&#8221;2_3&#8243; _builder_version=&#8221;4.25.2&#8243; _module_preset=&#8221;default&#8221; global_colors_info=&#8221;{}&#8221;][et_pb_text _builder_version=&#8221;4.25.2&#8243; _module_preset=&#8221;default&#8221; text_font=&#8221;|300||on|||||&#8221; text_font_size=&#8221;18px&#8221; text_orientation=&#8221;right&#8221; custom_margin=&#8221;||1em||false|false&#8221; text_orientation_tablet=&#8221;left&#8221; text_orientation_phone=&#8221;left&#8221; text_orientation_last_edited=&#8221;on|phone&#8221; locked=&#8221;off&#8221; global_colors_info=&#8221;{}&#8221;]<\/p>\n<p>T\u2019ajudem a planificar la teva reforma<\/p>\n<p>[\/et_pb_text][et_pb_text _builder_version=&#8221;4.25.2&#8243; _module_preset=&#8221;default&#8221; header_font_size=&#8221;42px&#8221; header_line_height=&#8221;1.2em&#8221; header_2_text_color=&#8221;#000000&#8243; header_3_text_color=&#8221;#000000&#8243; header_3_font_size=&#8221;34px&#8221; header_3_line_height=&#8221;1.2em&#8221; text_orientation=&#8221;right&#8221; custom_margin=&#8221;||1em||false|false&#8221; hover_enabled=&#8221;0&#8243; header_2_font_size_tablet=&#8221;&#8221; header_2_font_size_phone=&#8221;30px&#8221; header_2_font_size_last_edited=&#8221;on|phone&#8221; text_orientation_tablet=&#8221;left&#8221; text_orientation_phone=&#8221;left&#8221; text_orientation_last_edited=&#8221;on|phone&#8221; locked=&#8221;off&#8221; global_colors_info=&#8221;{}&#8221; sticky_enabled=&#8221;0&#8243;]<\/p>\n<h2>Descarrega la nostra guia <a href=\"\/wp-content\/uploads\/2025\/07\/guia-reforma-rennova-ca.pdf\" target=\"_blank\" rel=\"noopener\"><span style=\"text-decoration: underline;\">Reforma pas a pas<\/span><\/a><\/h2>\n<p>[\/et_pb_text][\/et_pb_column][\/et_pb_row][\/et_pb_section][et_pb_section fb_built=&#8221;1&#8243; _builder_version=&#8221;4.25.2&#8243; _module_preset=&#8221;default&#8221; background_enable_color=&#8221;off&#8221; use_background_color_gradient=&#8221;on&#8221; background_color_gradient_direction=&#8221;90deg&#8221; background_color_gradient_stops=&#8221;#ffffff 95%|#6f8821 95%&#8221; custom_margin=&#8221;3em||3em||true|false&#8221; custom_padding=&#8221;0px||0px||true|false&#8221; background_last_edited=&#8221;on|tablet&#8221; use_background_color_gradient_tablet=&#8221;off&#8221; saved_tabs=&#8221;all&#8221; locked=&#8221;off&#8221; global_colors_info=&#8221;{}&#8221;][et_pb_row column_structure=&#8221;3_5,2_5&#8243; make_equal=&#8221;on&#8221; _builder_version=&#8221;4.25.2&#8243; _module_preset=&#8221;default&#8221; background_color=&#8221;#FFFFFF&#8221; width=&#8221;90%&#8221; custom_padding=&#8221;0px||0px||true|false&#8221; global_colors_info=&#8221;{}&#8221;][et_pb_column type=&#8221;3_5&#8243; _builder_version=&#8221;4.25.2&#8243; _module_preset=&#8221;default&#8221; background_color=&#8221;#FFFFFF&#8221; global_colors_info=&#8221;{}&#8221;][et_pb_text _builder_version=&#8221;4.25.2&#8243; _module_preset=&#8221;default&#8221; text_font=&#8221;|300|||||||&#8221; text_font_size=&#8221;18px&#8221; custom_margin=&#8221;||1em||false|false&#8221; global_colors_info=&#8221;{}&#8221;]<\/p>\n<p>CONFIAN\u00c7A I TRANQUIL\u00b7LITAT<\/p>\n<p>[\/et_pb_text][et_pb_text _builder_version=&#8221;4.25.2&#8243; _module_preset=&#8221;default&#8221; text_font=&#8221;&#8211;et_global_heading_font||||||||&#8221; text_text_color=&#8221;#6f8821&#8243; text_font_size=&#8221;42px&#8221; text_line_height=&#8221;1.2em&#8221; header_font_size=&#8221;42px&#8221; header_line_height=&#8221;1.2em&#8221; header_2_font_size=&#8221;42px&#8221; header_2_line_height=&#8221;1.2em&#8221; custom_margin=&#8221;||1em||false|false&#8221; header_2_font_size_tablet=&#8221;&#8221; header_2_font_size_phone=&#8221;30px&#8221; header_2_font_size_last_edited=&#8221;on|phone&#8221; global_colors_info=&#8221;{}&#8221;]<\/p>\n<h2>Quina reforma necessites?<br \/>Descobreix els nostres serveis<\/h2>\n<p>[\/et_pb_text][\/et_pb_column][et_pb_column type=&#8221;2_5&#8243; _builder_version=&#8221;4.25.2&#8243; _module_preset=&#8221;default&#8221; global_colors_info=&#8221;{}&#8221;][\/et_pb_column][\/et_pb_row][et_pb_row module_class=&#8221;seccion-servicios&#8221; _builder_version=&#8221;4.25.2&#8243; _module_preset=&#8221;default&#8221; width=&#8221;90%&#8221; custom_css_main_element=&#8221;display:flex;||flex-flow:wrap;||&#8221; global_colors_info=&#8221;{}&#8221;][et_pb_column type=&#8221;4_4&#8243; _builder_version=&#8221;4.25.2&#8243; _module_preset=&#8221;default&#8221; custom_css_main_element=&#8221;display:flex;||flex-flow:wrap;||justify-content:space-around;&#8221; global_colors_info=&#8221;{}&#8221;][et_pb_blurb image=&#8221;https:\/\/rennovabarcelona.com\/wp-content\/uploads\/2024\/09\/icono-negro-reformas-integrales-rennova.webp&#8221; image_icon_width=&#8221;90px&#8221; _builder_version=&#8221;4.25.2&#8243; _dynamic_attributes=&#8221;link_option_url&#8221; _module_preset=&#8221;default&#8221; header_font=&#8221;&#8211;et_global_body_font|300||on|||||&#8221; header_text_align=&#8221;center&#8221; header_text_color=&#8221;#000000&#8243; header_font_size=&#8221;18px&#8221; body_font=&#8221;&#8211;et_global_body_font|300||on|||||&#8221; body_text_align=&#8221;center&#8221; body_font_size=&#8221;17px&#8221; image_icon_custom_margin=&#8221;||0px||false|false&#8221; image_icon_custom_padding=&#8221;||0px||false|false&#8221; link_option_url=&#8221;@ET-DC@eyJkeW5hbWljIjp0cnVlLCJjb250ZW50IjoicG9zdF9saW5rX3VybF9zZXJ2aWNpbyIsInNldHRpbmdzIjp7InBvc3RfaWQiOiI5MyJ9fQ==@&#8221; custom_css_main_element=&#8221;max-width:150px;&#8221; custom_css_free_form=&#8221;selector .et_pb_blurb_content:hover .et_pb_module_header{||  font-weight:bold;||}||selector .et_pb_blurb_content:hover{||  cursor:pointer;||}||selector img{||  height:80px;||}&#8221; custom_css_blurb_image=&#8221;margin-bottom:1.5em;&#8221; global_colors_info=&#8221;{}&#8221; image__hover_enabled=&#8221;on|hover&#8221; image__hover=&#8221;https:\/\/rennovabarcelona.com\/wp-content\/uploads\/2024\/09\/icono-verde-reformas-integrales-rennova.webp&#8221; custom_css_blurb_title__hover_enabled=&#8221;off|hover&#8221; custom_css_main_element__hover_enabled=&#8221;off|hover&#8221; custom_css_blurb_content__hover_enabled=&#8221;off|hover&#8221;]<\/p>\n<p>Reformes integrals<\/p>\n<p>[\/et_pb_blurb][et_pb_blurb image=&#8221;https:\/\/rennovabarcelona.com\/wp-content\/uploads\/2024\/09\/icono-negro-reformas-cocinas-rennova.webp&#8221; image_icon_width=&#8221;90px&#8221; _builder_version=&#8221;4.25.2&#8243; _dynamic_attributes=&#8221;link_option_url&#8221; _module_preset=&#8221;default&#8221; header_font=&#8221;&#8211;et_global_body_font|300||on|||||&#8221; header_text_align=&#8221;center&#8221; header_text_color=&#8221;#000000&#8243; header_font_size=&#8221;18px&#8221; body_font=&#8221;&#8211;et_global_body_font|300||on|||||&#8221; body_text_align=&#8221;center&#8221; body_font_size=&#8221;17px&#8221; image_icon_custom_margin=&#8221;||0px||false|false&#8221; image_icon_custom_padding=&#8221;||0px||false|false&#8221; link_option_url=&#8221;@ET-DC@eyJkeW5hbWljIjp0cnVlLCJjb250ZW50IjoicG9zdF9saW5rX3VybF9zZXJ2aWNpbyIsInNldHRpbmdzIjp7InBvc3RfaWQiOiIyNTAifX0=@&#8221; custom_css_main_element=&#8221;max-width:150px;&#8221; custom_css_free_form=&#8221;selector .et_pb_blurb_content:hover .et_pb_module_header{||  font-weight:bold;||}||selector .et_pb_blurb_content:hover{||  cursor:pointer;||}||selector img{||  height:80px;||}&#8221; custom_css_blurb_image=&#8221;margin-bottom:1.5em;&#8221; global_colors_info=&#8221;{}&#8221; image__hover_enabled=&#8221;on|hover&#8221; image__hover=&#8221;https:\/\/rennovabarcelona.com\/wp-content\/uploads\/2024\/09\/icono-verde-reformas-cocinas-rennova.webp&#8221; custom_css_blurb_title__hover_enabled=&#8221;off|hover&#8221; custom_css_main_element__hover_enabled=&#8221;off|hover&#8221; custom_css_blurb_content__hover_enabled=&#8221;off|hover&#8221;]<\/p>\n<p>Reformes de cuines<\/p>\n<p>[\/et_pb_blurb][et_pb_blurb image=&#8221;https:\/\/rennovabarcelona.com\/wp-content\/uploads\/2024\/09\/icono-negro-reformas-banos-rennova.webp&#8221; image_icon_width=&#8221;90px&#8221; _builder_version=&#8221;4.25.2&#8243; _dynamic_attributes=&#8221;link_option_url&#8221; _module_preset=&#8221;default&#8221; header_font=&#8221;&#8211;et_global_body_font|300||on|||||&#8221; header_text_align=&#8221;center&#8221; header_text_color=&#8221;#000000&#8243; header_font_size=&#8221;18px&#8221; body_font=&#8221;&#8211;et_global_body_font|300||on|||||&#8221; body_text_align=&#8221;center&#8221; body_font_size=&#8221;17px&#8221; image_icon_custom_margin=&#8221;||0px||false|false&#8221; image_icon_custom_padding=&#8221;||0px||false|false&#8221; link_option_url=&#8221;@ET-DC@eyJkeW5hbWljIjp0cnVlLCJjb250ZW50IjoicG9zdF9saW5rX3VybF9zZXJ2aWNpbyIsInNldHRpbmdzIjp7InBvc3RfaWQiOiIyNTEifX0=@&#8221; custom_css_main_element=&#8221;max-width:150px;&#8221; custom_css_free_form=&#8221;selector .et_pb_blurb_content:hover .et_pb_module_header{||  font-weight:bold;||}||selector .et_pb_blurb_content:hover{||  cursor:pointer;||}||selector img{||  height:80px;||}&#8221; custom_css_blurb_image=&#8221;margin-bottom:1.5em;&#8221; global_colors_info=&#8221;{}&#8221; image__hover_enabled=&#8221;on|desktop&#8221; image__hover=&#8221;https:\/\/rennovabarcelona.com\/wp-content\/uploads\/2024\/09\/icono-verde-reformas-banos-rennova.webp&#8221; custom_css_blurb_title__hover_enabled=&#8221;off|hover&#8221; custom_css_main_element__hover_enabled=&#8221;off|hover&#8221; custom_css_blurb_content__hover_enabled=&#8221;off|hover&#8221;]<\/p>\n<p>Reformes de banys<\/p>\n<p>[\/et_pb_blurb][et_pb_blurb image=&#8221;https:\/\/rennovabarcelona.com\/wp-content\/uploads\/2024\/09\/icono-negro-reformas-comunidades-rennova.webp&#8221; image_icon_width=&#8221;90px&#8221; _builder_version=&#8221;4.25.2&#8243; _dynamic_attributes=&#8221;link_option_url&#8221; _module_preset=&#8221;default&#8221; header_font=&#8221;&#8211;et_global_body_font|300||on|||||&#8221; header_text_align=&#8221;center&#8221; header_text_color=&#8221;#000000&#8243; header_font_size=&#8221;18px&#8221; body_font=&#8221;&#8211;et_global_body_font|300||on|||||&#8221; body_text_align=&#8221;center&#8221; body_font_size=&#8221;17px&#8221; image_icon_custom_margin=&#8221;||0px||false|false&#8221; image_icon_custom_padding=&#8221;||0px||false|false&#8221; link_option_url=&#8221;@ET-DC@eyJkeW5hbWljIjp0cnVlLCJjb250ZW50IjoicG9zdF9saW5rX3VybF9zZXJ2aWNpbyIsInNldHRpbmdzIjp7InBvc3RfaWQiOiIyNTIifX0=@&#8221; custom_css_main_element=&#8221;max-width:150px;&#8221; custom_css_free_form=&#8221;selector .et_pb_blurb_content:hover .et_pb_module_header{||  font-weight:bold;||}||selector .et_pb_blurb_content:hover{||  cursor:pointer;||}||selector img{||  height:80px;||}&#8221; custom_css_blurb_image=&#8221;margin-bottom:1.5em;&#8221; global_colors_info=&#8221;{}&#8221; image__hover_enabled=&#8221;on|hover&#8221; image__hover=&#8221;https:\/\/rennovabarcelona.com\/wp-content\/uploads\/2024\/09\/icono-verde-reformas-comunidades-rennova.webp&#8221; custom_css_blurb_title__hover_enabled=&#8221;off|hover&#8221; custom_css_main_element__hover_enabled=&#8221;off|hover&#8221; custom_css_blurb_content__hover_enabled=&#8221;off|hover&#8221;]<\/p>\n<p>Reformes de comunitats<\/p>\n<p>[\/et_pb_blurb][et_pb_blurb image=&#8221;https:\/\/rennovabarcelona.com\/wp-content\/uploads\/2024\/09\/icono-negro-locales-comerciales-rennova.webp&#8221; image_icon_width=&#8221;90px&#8221; _builder_version=&#8221;4.25.2&#8243; _dynamic_attributes=&#8221;link_option_url&#8221; _module_preset=&#8221;default&#8221; header_font=&#8221;&#8211;et_global_body_font|300||on|||||&#8221; header_text_align=&#8221;center&#8221; header_text_color=&#8221;#000000&#8243; header_font_size=&#8221;18px&#8221; body_font=&#8221;&#8211;et_global_body_font|300||on|||||&#8221; body_text_align=&#8221;center&#8221; body_font_size=&#8221;17px&#8221; image_icon_custom_margin=&#8221;||0px||false|false&#8221; image_icon_custom_padding=&#8221;||0px||false|false&#8221; link_option_url=&#8221;@ET-DC@eyJkeW5hbWljIjp0cnVlLCJjb250ZW50IjoicG9zdF9saW5rX3VybF9zZXJ2aWNpbyIsInNldHRpbmdzIjp7InBvc3RfaWQiOiIyNTMifX0=@&#8221; custom_css_main_element=&#8221;max-width:150px;&#8221; custom_css_free_form=&#8221;selector .et_pb_blurb_content:hover .et_pb_module_header{||  font-weight:bold;||}||selector .et_pb_blurb_content:hover{||  cursor:pointer;||}||selector img{||  height:80px;||}&#8221; custom_css_blurb_image=&#8221;margin-bottom:1.5em;&#8221; global_colors_info=&#8221;{}&#8221; image__hover_enabled=&#8221;on|hover&#8221; image__hover=&#8221;https:\/\/rennovabarcelona.com\/wp-content\/uploads\/2024\/09\/icono-verde-locales-comerciales-rennova.webp&#8221; custom_css_blurb_title__hover_enabled=&#8221;off|hover&#8221; custom_css_main_element__hover_enabled=&#8221;off|hover&#8221; custom_css_blurb_content__hover_enabled=&#8221;off|hover&#8221;]<\/p>\n<p>Locals comercials<\/p>\n<p>[\/et_pb_blurb][et_pb_blurb image=&#8221;https:\/\/rennovabarcelona.com\/wp-content\/uploads\/2024\/09\/icono-negro-rehabilitacion-edificios-rennova.webp&#8221; image_icon_width=&#8221;90px&#8221; _builder_version=&#8221;4.25.2&#8243; _dynamic_attributes=&#8221;link_option_url&#8221; _module_preset=&#8221;default&#8221; header_font=&#8221;&#8211;et_global_body_font|300||on|||||&#8221; header_text_align=&#8221;center&#8221; header_text_color=&#8221;#000000&#8243; header_font_size=&#8221;18px&#8221; body_font=&#8221;&#8211;et_global_body_font|300||on|||||&#8221; body_text_align=&#8221;center&#8221; body_font_size=&#8221;17px&#8221; image_icon_custom_margin=&#8221;||0px||false|false&#8221; image_icon_custom_padding=&#8221;||0px||false|false&#8221; link_option_url=&#8221;@ET-DC@eyJkeW5hbWljIjp0cnVlLCJjb250ZW50IjoicG9zdF9saW5rX3VybF9zZXJ2aWNpbyIsInNldHRpbmdzIjp7InBvc3RfaWQiOiIyNTQifX0=@&#8221; custom_css_main_element=&#8221;max-width:150px;&#8221; custom_css_free_form=&#8221;selector .et_pb_blurb_content:hover .et_pb_module_header{||  font-weight:bold;||}||selector .et_pb_blurb_content:hover{||  cursor:pointer;||}||selector img{||  height:80px;||}&#8221; custom_css_blurb_image=&#8221;margin-bottom:1.5em;&#8221; global_colors_info=&#8221;{}&#8221; image__hover_enabled=&#8221;on|hover&#8221; image__hover=&#8221;https:\/\/rennovabarcelona.com\/wp-content\/uploads\/2024\/09\/icono-verde-rehabilitacion-edificios-rennova.webp&#8221; custom_css_blurb_title__hover_enabled=&#8221;off|hover&#8221; custom_css_main_element__hover_enabled=&#8221;off|hover&#8221; custom_css_blurb_content__hover_enabled=&#8221;off|hover&#8221;]<\/p>\n<p>Rehabilitaci\u00f3 d\u2019edificis<\/p>\n<p>[\/et_pb_blurb][et_pb_blurb image=&#8221;https:\/\/rennovabarcelona.com\/wp-content\/uploads\/2024\/09\/icono-negro-para-alquilar-rennova.webp&#8221; image_icon_width=&#8221;90px&#8221; _builder_version=&#8221;4.25.2&#8243; _dynamic_attributes=&#8221;link_option_url&#8221; _module_preset=&#8221;default&#8221; header_font=&#8221;&#8211;et_global_body_font|300||on|||||&#8221; header_text_align=&#8221;center&#8221; header_text_color=&#8221;#000000&#8243; header_font_size=&#8221;18px&#8221; body_font=&#8221;&#8211;et_global_body_font|300||on|||||&#8221; body_text_align=&#8221;center&#8221; body_font_size=&#8221;17px&#8221; image_icon_custom_margin=&#8221;||0px||false|false&#8221; image_icon_custom_padding=&#8221;||0px||false|false&#8221; link_option_url=&#8221;@ET-DC@eyJkeW5hbWljIjp0cnVlLCJjb250ZW50IjoicG9zdF9saW5rX3VybF9zZXJ2aWNpbyIsInNldHRpbmdzIjp7InBvc3RfaWQiOiIyNTUifX0=@&#8221; custom_css_main_element=&#8221;max-width:150px;&#8221; custom_css_free_form=&#8221;selector .et_pb_blurb_content:hover .et_pb_module_header{||  font-weight:bold;||}||selector .et_pb_blurb_content:hover{||  cursor:pointer;||}||selector img{||  height:80px;||}&#8221; custom_css_blurb_image=&#8221;margin-bottom:1.5em;&#8221; global_colors_info=&#8221;{}&#8221; image__hover_enabled=&#8221;on|hover&#8221; image__hover=&#8221;https:\/\/rennovabarcelona.com\/wp-content\/uploads\/2024\/09\/icono-verde-para-alquilar-rennova.webp&#8221; custom_css_blurb_title__hover_enabled=&#8221;off|hover&#8221; custom_css_main_element__hover_enabled=&#8221;off|hover&#8221; custom_css_blurb_content__hover_enabled=&#8221;off|hover&#8221;]<\/p>\n<p>Reformes per llogar<\/p>\n<p>[\/et_pb_blurb][et_pb_blurb image=&#8221;https:\/\/rennovabarcelona.com\/wp-content\/uploads\/2025\/02\/icono-house-flipping-marron.svg&#8221; alt=&#8221;house flipping&#8221; image_icon_width=&#8221;90px&#8221; _builder_version=&#8221;4.25.2&#8243; _dynamic_attributes=&#8221;link_option_url&#8221; _module_preset=&#8221;default&#8221; header_font=&#8221;&#8211;et_global_body_font|300||on|||||&#8221; header_text_align=&#8221;center&#8221; header_text_color=&#8221;#000000&#8243; header_font_size=&#8221;18px&#8221; body_font=&#8221;&#8211;et_global_body_font|300||on|||||&#8221; body_text_align=&#8221;center&#8221; body_font_size=&#8221;17px&#8221; image_icon_custom_margin=&#8221;||0px||false|false&#8221; image_icon_custom_padding=&#8221;||0px||false|false&#8221; link_option_url=&#8221;@ET-DC@eyJkeW5hbWljIjp0cnVlLCJjb250ZW50IjoicG9zdF9saW5rX3VybF9zZXJ2aWNpbyIsInNldHRpbmdzIjp7InBvc3RfaWQiOiIyNTUifX0=@&#8221; custom_css_main_element=&#8221;max-width:150px;&#8221; custom_css_free_form=&#8221;selector .et_pb_blurb_content:hover .et_pb_module_header{||  font-weight:bold;||}||selector .et_pb_blurb_content:hover{||  cursor:pointer;||}||selector img{||  height:80px;||}&#8221; custom_css_blurb_image=&#8221;margin-bottom:1.5em;&#8221; global_colors_info=&#8221;{}&#8221; image__hover_enabled=&#8221;on|hover&#8221; image__hover=&#8221;https:\/\/rennovabarcelona.com\/wp-content\/uploads\/2025\/02\/icono-house-flipping-verde.svg&#8221; custom_css_blurb_title__hover_enabled=&#8221;off|hover&#8221; custom_css_main_element__hover_enabled=&#8221;off|hover&#8221; custom_css_blurb_content__hover_enabled=&#8221;off|hover&#8221;]<\/p>\n<p>House <\/br>Flipping<\/p>\n<p>[\/et_pb_blurb][\/et_pb_column][\/et_pb_row][\/et_pb_section][et_pb_section fb_built=&#8221;1&#8243; module_id=&#8221;seccio-formulari&#8221; _builder_version=&#8221;4.25.2&#8243; _module_preset=&#8221;default&#8221; background_color=&#8221;#f8f8f8&#8243; custom_margin=&#8221;3em||0px||false|false&#8221; custom_padding=&#8221;0px||0px||true|false&#8221; background_last_edited=&#8221;off|desktop&#8221; use_background_color_gradient_tablet=&#8221;off&#8221; saved_tabs=&#8221;all&#8221; locked=&#8221;off&#8221; global_colors_info=&#8221;{}&#8221;][et_pb_row column_structure=&#8221;2_5,3_5&#8243; make_equal=&#8221;on&#8221; _builder_version=&#8221;4.25.2&#8243; _module_preset=&#8221;default&#8221; width=&#8221;90%&#8221; custom_padding=&#8221;4em||4em||true|false&#8221; global_colors_info=&#8221;{}&#8221;][et_pb_column type=&#8221;2_5&#8243; _builder_version=&#8221;4.25.2&#8243; _module_preset=&#8221;default&#8221; background_enable_color=&#8221;off&#8221; global_colors_info=&#8221;{}&#8221;][et_pb_text _builder_version=&#8221;4.25.2&#8243; _module_preset=&#8221;default&#8221; text_font=&#8221;|300|||||||&#8221; text_font_size=&#8221;18px&#8221; custom_margin=&#8221;||1em||false|false&#8221; global_colors_info=&#8221;{}&#8221;]<\/p>\n<p>VOLS COMENTAR EL TEU PROJECTE DE REFORMA?<\/p>\n<p>[\/et_pb_text][et_pb_text _builder_version=&#8221;4.25.2&#8243; _module_preset=&#8221;default&#8221; header_text_color=&#8221;#000000&#8243; header_font_size=&#8221;42px&#8221; header_line_height=&#8221;1.2em&#8221; header_2_text_color=&#8221;#000000&#8243; header_2_font_size=&#8221;42px&#8221; header_2_line_height=&#8221;1.2em&#8221; custom_margin=&#8221;||1em||false|false&#8221; header_2_font_size_tablet=&#8221;&#8221; header_2_font_size_phone=&#8221;30px&#8221; header_2_font_size_last_edited=&#8221;on|phone&#8221; global_colors_info=&#8221;{}&#8221;]<\/p>\n<h2>Posa\u2019t en contacte<br \/>amb nosaltres<\/h2>\n<p>[\/et_pb_text][et_pb_text _builder_version=&#8221;4.25.2&#8243; _module_preset=&#8221;default&#8221; global_colors_info=&#8221;{}&#8221;]<\/p>\n<p>Omple el seg\u00fcent formulari de contacte explicant-nos el teu projecte i aix\u00ed podrem entendre quines s\u00f3n <strong>les teves<\/strong> <strong>necessitats<\/strong>.<\/p>\n<p>Un dels nostres assessors t\u00e8cnics es posar\u00e0 en contacte amb tu tan aviat com sigui possible.<\/p>\n<p>Est\u00e0s a un pas de fer realitat la reforma dels teus somnis. Confia en <strong>la nostra experi\u00e8ncia i professionalitat<\/strong> per oferir-te les opcions que millor s\u2019adaptin a les teves expectatives.<\/p>\n<p>[\/et_pb_text][\/et_pb_column][et_pb_column type=&#8221;3_5&#8243; _builder_version=&#8221;4.25.2&#8243; _module_preset=&#8221;default&#8221; global_colors_info=&#8221;{}&#8221;][et_pb_code _builder_version=&#8221;4.25.2&#8243; _module_preset=&#8221;default&#8221; global_colors_info=&#8221;{}&#8221;]\n<div class=\"wpcf7 no-js\" id=\"wpcf7-f95-o1\" lang=\"es-ES\" dir=\"ltr\" data-wpcf7-id=\"95\">\n<div class=\"screen-reader-response\"><p role=\"status\" aria-live=\"polite\" aria-atomic=\"true\"><\/p> <ul><\/ul><\/div>\n<form action=\"\/ca\/wp-json\/wp\/v2\/servicio\/2073#wpcf7-f95-o1\" method=\"post\" class=\"wpcf7-form init cf7mls-no-scroll cf7mls-auto-return-first-step cf7mls-no-moving-animation\" aria-label=\"Formulario de contacto\" novalidate=\"novalidate\" data-status=\"init\">\n<fieldset class=\"hidden-fields-container\"><input type=\"hidden\" name=\"_wpcf7\" value=\"95\" \/><input type=\"hidden\" name=\"_wpcf7_version\" value=\"6.1.5\" \/><input type=\"hidden\" name=\"_wpcf7_locale\" value=\"es_ES\" \/><input type=\"hidden\" name=\"_wpcf7_unit_tag\" value=\"wpcf7-f95-o1\" \/><input type=\"hidden\" name=\"_wpcf7_container_post\" value=\"0\" \/><input type=\"hidden\" name=\"_wpcf7_posted_data_hash\" value=\"\" \/>\n<\/fieldset>\n<div class=\"form-izq\">\n\t<p><span class=\"wpcf7-form-control-wrap\" data-name=\"your-name\"><input size=\"40\" maxlength=\"400\" class=\"wpcf7-form-control wpcf7-text wpcf7-validates-as-required\" autocomplete=\"name\" aria-required=\"true\" aria-invalid=\"false\" placeholder=\"Nombre *\" value=\"\" type=\"text\" name=\"your-name\" \/><\/span>\n\t<\/p>\n<\/div>\n<div class=\"form-dch\">\n\t<p><span class=\"wpcf7-form-control-wrap\" data-name=\"your-email\"><input size=\"40\" maxlength=\"400\" class=\"wpcf7-form-control wpcf7-email wpcf7-validates-as-required wpcf7-text wpcf7-validates-as-email\" autocomplete=\"email\" aria-required=\"true\" aria-invalid=\"false\" placeholder=\"Email *\" value=\"\" type=\"email\" name=\"your-email\" \/><\/span>\n\t<\/p>\n<\/div>\n<div class=\"form-izq\">\n\t<p><span class=\"wpcf7-form-control-wrap\" data-name=\"telefono\"><input size=\"40\" maxlength=\"400\" class=\"wpcf7-form-control wpcf7-tel wpcf7-validates-as-required wpcf7-text wpcf7-validates-as-tel\" autocomplete=\"phone\" aria-required=\"true\" aria-invalid=\"false\" placeholder=\"Tel\u00e9fono *\" value=\"\" type=\"tel\" name=\"telefono\" \/><\/span>\n\t<\/p>\n<\/div>\n<div class=\"form-dch\">\n\t<p><span class=\"wpcf7-form-control-wrap\" data-name=\"tipo-reforma\"><select class=\"wpcf7-form-control wpcf7-select wpcf7-validates-as-required\" aria-required=\"true\" aria-invalid=\"false\" name=\"tipo-reforma\"><option value=\"\">Selecciona el tipo de proyecto *<\/option><option value=\"Reforma integral\">Reforma integral<\/option><option value=\"Reforma de cocina\">Reforma de cocina<\/option><option value=\"Reforma de ba\u00f1o\">Reforma de ba\u00f1o<\/option><option value=\"Reforma de comunidad\">Reforma de comunidad<\/option><option value=\"Reforma Local\">Reforma Local<\/option><option value=\"Rehabilitaci\u00f3n de edificio\">Rehabilitaci\u00f3n de edificio<\/option><option value=\"Reformar para alquilar\">Reformar para alquilar<\/option><\/select><\/span>\n\t<\/p>\n<\/div>\n<div class=\"form-izq\">\n\t<p><span class=\"wpcf7-form-control-wrap\" data-name=\"fecha-inicio\"><input size=\"40\" maxlength=\"400\" class=\"wpcf7-form-control wpcf7-text wpcf7-validates-as-required\" id=\"fecha-inicio-reforma\" aria-required=\"true\" aria-invalid=\"false\" placeholder=\"Fecha de inicio de la reforma\" value=\"\" type=\"text\" name=\"fecha-inicio\" \/><\/span>\n\t<\/p>\n<\/div>\n<div class=\"form-dch\">\n\t<p><span class=\"wpcf7-form-control-wrap\" data-name=\"Rangodepresupuesto\"><select class=\"wpcf7-form-control wpcf7-select wpcf7-validates-as-required\" aria-required=\"true\" aria-invalid=\"false\" name=\"Rangodepresupuesto\"><option value=\"\">Rango de presupuesto<\/option><option value=\"Menos de 40.000\u20ac\">Menos de 40.000\u20ac<\/option><option value=\"Hasta 40.000\u20ac\">Hasta 40.000\u20ac<\/option><option value=\"Hasta 80.000\">Hasta 80.000<\/option><option value=\"Hasta 100.000\u20ac\">Hasta 100.000\u20ac<\/option><option value=\"Hasta 150.000\u20ac\">Hasta 150.000\u20ac<\/option><option value=\"Hasta 200.000\u20ac\">Hasta 200.000\u20ac<\/option><option value=\"M\u00e1s de 200.000\u20ac\">M\u00e1s de 200.000\u20ac<\/option><\/select><\/span>\n\t<\/p>\n<\/div>\n<div class=\"form-izq\">\n\t<p><span class=\"wpcf7-form-control-wrap\" data-name=\"localidad\"><input size=\"40\" maxlength=\"400\" class=\"wpcf7-form-control wpcf7-text wpcf7-validates-as-required\" aria-required=\"true\" aria-invalid=\"false\" placeholder=\"Localidad *\" value=\"\" type=\"text\" name=\"localidad\" \/><\/span>\n\t<\/p>\n<\/div>\n<div class=\"form-dch\">\n\t<p><span class=\"wpcf7-form-control-wrap\" data-name=\"provincia\"><input size=\"40\" maxlength=\"400\" class=\"wpcf7-form-control wpcf7-text wpcf7-validates-as-required\" aria-required=\"true\" aria-invalid=\"false\" placeholder=\"Provincia *\" value=\"\" type=\"text\" name=\"provincia\" \/><\/span>\n\t<\/p>\n<\/div>\n<div class=\"form-full\">\n\t<p><span class=\"wpcf7-form-control-wrap\" data-name=\"your-message\"><textarea cols=\"40\" rows=\"10\" maxlength=\"2000\" class=\"wpcf7-form-control wpcf7-textarea\" aria-invalid=\"false\" placeholder=\"\u00bfC\u00f3mo es tu proyecto?\" name=\"your-message\"><\/textarea><\/span>\n\t<\/p>\n<\/div>\n<div class=\"form-izq\">\n\t<div class=\"privacidad\">\n\t\t<p><label><span class=\"wpcf7-form-control-wrap\" data-name=\"privacidad\"><span class=\"wpcf7-form-control wpcf7-acceptance\"><span class=\"wpcf7-list-item\"><input type=\"checkbox\" name=\"privacidad\" value=\"1\" aria-invalid=\"false\" \/><\/span><\/span><\/span> He le\u00eddo y acepto la <a href=\"\/politica-de-privacidad\" target=\"_blank\" rel=\"noopener\">pol\u00edtica de privacidad<\/a>.<\/label>\n\t\t<\/p>\n\t<\/div>\n<\/div>\n<div class=\"form-izq\">\n\t<p><span id=\"wpcf7-69f5367aca69e-wrapper\" class=\"wpcf7-form-control-wrap email-wrap\" style=\"display:none !important; visibility:hidden !important;\"><label for=\"wpcf7-69f5367aca69e-field\" class=\"hp-message\">Por favor, deja este campo vac\u00edo.<\/label><input id=\"wpcf7-69f5367aca69e-field\"  class=\"wpcf7-form-control wpcf7-text\" type=\"text\" name=\"email\" value=\"\" size=\"40\" tabindex=\"-1\" autocomplete=\"new-password\" \/><\/span><br \/>\n<input class=\"wpcf7-form-control wpcf7-submit has-spinner\" type=\"submit\" value=\"Enviar\" \/>\n\t<\/p>\n<\/div><div class=\"wpcf7-response-output\" aria-hidden=\"true\"><\/div>\n<\/form>\n<\/div>\n[\/et_pb_code][\/et_pb_column][\/et_pb_row][\/et_pb_section]<\/p>\n","protected":false},"author":1,"featured_media":0,"parent":0,"menu_order":0,"template":"","meta":{"_acf_changed":false,"_et_pb_use_builder":"on","_et_pb_old_content":"","_et_gb_content_width":"","inline_featured_image":false},"class_list":["post-2073","servicio","type-servicio","status-publish","hentry"],"acf":[],"yoast_head":"<!-- This site is optimized with the Yoast SEO plugin v27.5 - https:\/\/yoast.com\/product\/yoast-seo-wordpress\/ -->\n<title>Empresa de climatitzaci\u00f3 a Barcelona \u2013 Rennova<\/title>\n<meta name=\"description\" content=\"Necessites solucions de climatitzaci\u00f3 per a casa teva? Som experts en aire condicionat i calefacci\u00f3 a Barcelona.\" \/>\n<meta name=\"robots\" content=\"index, follow, max-snippet:-1, max-image-preview:large, max-video-preview:-1\" \/>\n<link rel=\"canonical\" href=\"https:\/\/rennovabarcelona.com\/servicio\/climatizacion\/\" \/>\n<meta property=\"og:locale\" content=\"ca_ES\" \/>\n<meta property=\"og:type\" content=\"article\" \/>\n<meta property=\"og:title\" content=\"Empresa de climatitzaci\u00f3 a Barcelona \u2013 Rennova\" \/>\n<meta property=\"og:description\" content=\"Necessites solucions de climatitzaci\u00f3 per a casa teva? Som experts en aire condicionat i calefacci\u00f3 a Barcelona.\" \/>\n<meta property=\"og:url\" content=\"https:\/\/rennovabarcelona.com\/servicio\/climatizacion\/\" \/>\n<meta property=\"og:site_name\" content=\"Rennova\" \/>\n<meta property=\"article:modified_time\" content=\"2025-07-30T10:57:38+00:00\" \/>\n<meta name=\"twitter:card\" content=\"summary_large_image\" \/>\n<meta name=\"twitter:label1\" content=\"Temps estimat de lectura\" \/>\n\t<meta name=\"twitter:data1\" content=\"23 minuts\" \/>\n<script type=\"application\/ld+json\" class=\"yoast-schema-graph\">{\"@context\":\"https:\\\/\\\/schema.org\",\"@graph\":[{\"@type\":\"WebPage\",\"@id\":\"https:\\\/\\\/rennovabarcelona.com\\\/servicio\\\/climatizacion\\\/\",\"url\":\"https:\\\/\\\/rennovabarcelona.com\\\/servicio\\\/climatizacion\\\/\",\"name\":\"Empresa de climatitzaci\u00f3 a Barcelona \u2013 Rennova\",\"isPartOf\":{\"@id\":\"https:\\\/\\\/rennovabarcelona.com\\\/#website\"},\"datePublished\":\"2025-07-05T09:11:12+00:00\",\"dateModified\":\"2025-07-30T10:57:38+00:00\",\"description\":\"Necessites solucions de climatitzaci\u00f3 per a casa teva? Som experts en aire condicionat i calefacci\u00f3 a Barcelona.\",\"breadcrumb\":{\"@id\":\"https:\\\/\\\/rennovabarcelona.com\\\/servicio\\\/climatizacion\\\/#breadcrumb\"},\"inLanguage\":\"ca\",\"potentialAction\":[{\"@type\":\"ReadAction\",\"target\":[\"https:\\\/\\\/rennovabarcelona.com\\\/servicio\\\/climatizacion\\\/\"]}]},{\"@type\":\"BreadcrumbList\",\"@id\":\"https:\\\/\\\/rennovabarcelona.com\\\/servicio\\\/climatizacion\\\/#breadcrumb\",\"itemListElement\":[{\"@type\":\"ListItem\",\"position\":1,\"name\":\"Home\",\"item\":\"https:\\\/\\\/rennovabarcelona.com\\\/ca\\\/\"},{\"@type\":\"ListItem\",\"position\":2,\"name\":\"Climatitzaci\u00f3\"}]},{\"@type\":\"WebSite\",\"@id\":\"https:\\\/\\\/rennovabarcelona.com\\\/#website\",\"url\":\"https:\\\/\\\/rennovabarcelona.com\\\/\",\"name\":\"Rennova\",\"description\":\"\",\"potentialAction\":[{\"@type\":\"SearchAction\",\"target\":{\"@type\":\"EntryPoint\",\"urlTemplate\":\"https:\\\/\\\/rennovabarcelona.com\\\/?s={search_term_string}\"},\"query-input\":{\"@type\":\"PropertyValueSpecification\",\"valueRequired\":true,\"valueName\":\"search_term_string\"}}],\"inLanguage\":\"ca\"}]}<\/script>\n<!-- \/ Yoast SEO plugin. -->","yoast_head_json":{"title":"Empresa de climatitzaci\u00f3 a Barcelona \u2013 Rennova","description":"Necessites solucions de climatitzaci\u00f3 per a casa teva? Som experts en aire condicionat i calefacci\u00f3 a Barcelona.","robots":{"index":"index","follow":"follow","max-snippet":"max-snippet:-1","max-image-preview":"max-image-preview:large","max-video-preview":"max-video-preview:-1"},"canonical":"https:\/\/rennovabarcelona.com\/servicio\/climatizacion\/","og_locale":"ca_ES","og_type":"article","og_title":"Empresa de climatitzaci\u00f3 a Barcelona \u2013 Rennova","og_description":"Necessites solucions de climatitzaci\u00f3 per a casa teva? Som experts en aire condicionat i calefacci\u00f3 a Barcelona.","og_url":"https:\/\/rennovabarcelona.com\/servicio\/climatizacion\/","og_site_name":"Rennova","article_modified_time":"2025-07-30T10:57:38+00:00","twitter_card":"summary_large_image","twitter_misc":{"Temps estimat de lectura":"23 minuts"},"schema":{"@context":"https:\/\/schema.org","@graph":[{"@type":"WebPage","@id":"https:\/\/rennovabarcelona.com\/servicio\/climatizacion\/","url":"https:\/\/rennovabarcelona.com\/servicio\/climatizacion\/","name":"Empresa de climatitzaci\u00f3 a Barcelona \u2013 Rennova","isPartOf":{"@id":"https:\/\/rennovabarcelona.com\/#website"},"datePublished":"2025-07-05T09:11:12+00:00","dateModified":"2025-07-30T10:57:38+00:00","description":"Necessites solucions de climatitzaci\u00f3 per a casa teva? Som experts en aire condicionat i calefacci\u00f3 a Barcelona.","breadcrumb":{"@id":"https:\/\/rennovabarcelona.com\/servicio\/climatizacion\/#breadcrumb"},"inLanguage":"ca","potentialAction":[{"@type":"ReadAction","target":["https:\/\/rennovabarcelona.com\/servicio\/climatizacion\/"]}]},{"@type":"BreadcrumbList","@id":"https:\/\/rennovabarcelona.com\/servicio\/climatizacion\/#breadcrumb","itemListElement":[{"@type":"ListItem","position":1,"name":"Home","item":"https:\/\/rennovabarcelona.com\/ca\/"},{"@type":"ListItem","position":2,"name":"Climatitzaci\u00f3"}]},{"@type":"WebSite","@id":"https:\/\/rennovabarcelona.com\/#website","url":"https:\/\/rennovabarcelona.com\/","name":"Rennova","description":"","potentialAction":[{"@type":"SearchAction","target":{"@type":"EntryPoint","urlTemplate":"https:\/\/rennovabarcelona.com\/?s={search_term_string}"},"query-input":{"@type":"PropertyValueSpecification","valueRequired":true,"valueName":"search_term_string"}}],"inLanguage":"ca"}]}},"_links":{"self":[{"href":"https:\/\/rennovabarcelona.com\/ca\/wp-json\/wp\/v2\/servicio\/2073","targetHints":{"allow":["GET"]}}],"collection":[{"href":"https:\/\/rennovabarcelona.com\/ca\/wp-json\/wp\/v2\/servicio"}],"about":[{"href":"https:\/\/rennovabarcelona.com\/ca\/wp-json\/wp\/v2\/types\/servicio"}],"author":[{"embeddable":true,"href":"https:\/\/rennovabarcelona.com\/ca\/wp-json\/wp\/v2\/users\/1"}],"wp:attachment":[{"href":"https:\/\/rennovabarcelona.com\/ca\/wp-json\/wp\/v2\/media?parent=2073"}],"curies":[{"name":"wp","href":"https:\/\/api.w.org\/{rel}","templated":true}]}}